{"version":"1.0","provider_name":"Laman\u00e8re - Lloc oficial del municipi","provider_url":"https:\/\/lamanere.fr\/ca","author_name":"Mairie de Laman\u00e8re","author_url":"https:\/\/lamanere.fr\/ca\/author\/jean-paul\/","title":"RETIRADA - Laman\u00e8re - Lloc oficial del municipi","type":"rich","width":600,"height":338,"html":"<blockquote class=\"wp-embedded-content\" data-secret=\"CSCE4gMYQJ\"><a href=\"https:\/\/lamanere.fr\/ca\/evenement\/retirada\/\">RETIRADA<\/a><\/blockquote><iframe sandbox=\"allow-scripts\" security=\"restricted\" src=\"https:\/\/lamanere.fr\/ca\/evenement\/retirada\/embed\/#?secret=CSCE4gMYQJ\" width=\"600\" height=\"338\" title=\"&#8220;RETIRADA&#8221; &#8212; Laman\u00e8re - Lloc oficial del municipi\" data-secret=\"CSCE4gMYQJ\" frameborder=\"0\" marginwidth=\"0\" marginheight=\"0\" scrolling=\"no\" class=\"wp-embedded-content\"><\/iframe><script type=\"text\/javascript\">\n\/* <![CDATA[ *\/\n\/*! This file is auto-generated *\/\n!function(d,l){\"use strict\";l.querySelector&&d.addEventListener&&\"undefined\"!=typeof URL&&(d.wp=d.wp||{},d.wp.receiveEmbedMessage||(d.wp.receiveEmbedMessage=function(e){var t=e.data;if((t||t.secret||t.message||t.value)&&!\/[^a-zA-Z0-9]\/.test(t.secret)){for(var s,r,n,a=l.querySelectorAll('iframe[data-secret=\"'+t.secret+'\"]'),o=l.querySelectorAll('blockquote[data-secret=\"'+t.secret+'\"]'),c=new RegExp(\"^https?:$\",\"i\"),i=0;i<o.length;i++)o[i].style.display=\"none\";for(i=0;i<a.length;i++)s=a[i],e.source===s.contentWindow&&(s.removeAttribute(\"style\"),\"height\"===t.message?(1e3<(r=parseInt(t.value,10))?r=1e3:~~r<200&&(r=200),s.height=r):\"link\"===t.message&&(r=new URL(s.getAttribute(\"src\")),n=new URL(t.value),c.test(n.protocol))&&n.host===r.host&&l.activeElement===s&&(d.top.location.href=t.value))}},d.addEventListener(\"message\",d.wp.receiveEmbedMessage,!1),l.addEventListener(\"DOMContentLoaded\",function(){for(var e,t,s=l.querySelectorAll(\"iframe.wp-embedded-content\"),r=0;r<s.length;r++)(t=(e=s[r]).getAttribute(\"data-secret\"))||(t=Math.random().toString(36).substring(2,12),e.src+=\"#?secret=\"+t,e.setAttribute(\"data-secret\",t)),e.contentWindow.postMessage({message:\"ready\",secret:t},\"*\")},!1)))}(window,document);\n\/* ]]> *\/\n<\/script>\n","description":"Ho sentim, aquesta entrada es troba disponible \u00fanicament en Franc\u00e8s. Bonjour \u00e0 toutes et \u00e0 tous, La comm\u00e9moration de la Retirada, qui devait se d\u00e9rouler le 20 f\u00e9vrier 2021, est avanc\u00e9e au dimanche 14 f\u00e9vrier 2021. Les conditions sanitaires et&hellip; Continue Reading &rarr;"}