{"id":2643,"date":"2023-03-30T20:58:56","date_gmt":"2023-03-30T19:58:56","guid":{"rendered":"https:\/\/lamanere.fr\/?page_id=2643"},"modified":"2023-05-18T08:10:18","modified_gmt":"2023-05-18T07:10:18","slug":"lamanere-oix","status":"publish","type":"page","link":"https:\/\/lamanere.fr\/ca\/lamanere-oix\/","title":{"rendered":"Lamanera a Oix"},"content":{"rendered":"<p><\/p>\n<h1 style=\"text-align: center;\"><a href=\"https:\/\/lamanere.fr\/ca\/lamanere-oix\/#sommaire\">Versi\u00f3 Catal\u00e0<\/a><\/h1>\n<p><a href=\"https:\/\/lamanere.fr\/ca\/lamanere-oix\/#sommaire\"><img loading=\"lazy\" decoding=\"async\" class=\"wp-image-2309 size-thumbnail aligncenter\" src=\"https:\/\/lamanere.fr\/wp-content\/uploads\/2022\/04\/version-ca-150x101.jpg\" alt=\"\" width=\"150\" height=\"101\" \/><\/a><\/p>\n<h1 style=\"text-align: center;\"><a href=\"https:\/\/lamanere.fr\/fr\/lamanere-oix\/#sommaire\">Version Fran\u00e7aise<\/a><\/h1>\n<p><a href=\"https:\/\/lamanere.fr\/fr\/lamanere-oix\/#sommaire\"><img loading=\"lazy\" decoding=\"async\" class=\"wp-image-2307 size-thumbnail aligncenter\" src=\"https:\/\/lamanere.fr\/wp-content\/uploads\/2022\/04\/version-fr-150x107.jpg\" alt=\"\" width=\"150\" height=\"107\" \/><\/a><\/p>\n<h3><a id=\"sommaire\"><\/a>SUMARI<\/h3>\n<p><span style=\"font-size: 14pt;\"><a href=\"#etape0\"><strong>Poble de La Menera<\/strong><\/a><\/span><\/p>\n<p><a href=\"#etape1\"><strong><span style=\"font-size: 14pt;\">1- Capella de Santa Christina<\/span><\/strong><\/a><br \/>\n<a href=\"#etape2\"><strong><span style=\"font-size: 14pt;\">2- Torres de Cabren\u00e7<\/span><\/strong><\/a><br \/>\n<a href=\"#etape3\"><strong><span style=\"font-size: 14pt;\">3- El Coll de les Falgueres i marcador de l\u00edmit 522<\/span><\/strong><\/a><br \/>\n<a href=\"#etape4\"><strong><span style=\"font-size: 14pt;\">4- Cam\u00ed del punt m\u00e9s al sud de la Fran\u00e7a continental (puig de Coma Negra)<\/span><\/strong><\/a><br \/>\n<a href=\"#etape5\"><strong><span style=\"font-size: 14pt;\">5- Places carboneres<\/span><\/strong><\/a><br \/>\n<a href=\"#etape6\"><strong><span style=\"font-size: 14pt;\">6- Balmes d\u2019Uja<\/span><\/strong><\/a><br \/>\n<a href=\"#etape7\"><strong><span style=\"font-size: 14pt;\">7- Camp del Roc<\/span><\/strong><\/a><br \/>\n<a href=\"#etape8\"><strong><span style=\"font-size: 14pt;\">8- Sant Aniol d\u2019Aguja<\/span><\/strong><\/a><br \/>\n<a href=\"#etape9\"><strong><span style=\"font-size: 14pt;\">9- Talaix\u00e0<\/span><\/strong><\/a><br \/>\n<a href=\"#etape10\"><strong><span style=\"font-size: 14pt;\">10- Mirador Talaix\u00e0<\/span><\/strong><\/a><br \/>\n<a href=\"#etape11\"><strong><span style=\"font-size: 14pt;\">11- Mirador de l\u2019Alta Garrotxa<\/span><\/strong><\/a><br \/>\n<a href=\"#etape12\"><strong><span style=\"font-size: 14pt;\">12- Pas dels Lliberals o Grau d\u2019Escales<\/span><\/strong><\/a><br \/>\n<a href=\"#etape13\"><strong><span style=\"font-size: 14pt;\">13- Pont Rom\u00e0 o Pont d\u2019Oix<\/span><\/strong><\/a><br \/>\n<a href=\"#etape14\"><strong><span style=\"font-size: 14pt;\">14- Poble d\u2019Oix<\/span><\/strong><\/a><br \/>\n<a href=\"#etape15\"><strong><span style=\"font-size: 14pt;\">15- El Peirer<\/span><\/strong><\/a><br \/>\n<a href=\"#etape16\"><strong><span style=\"font-size: 14pt;\">16- Esgl\u00e9sia de Sant Andreu de Bestrac\u00e0 &#8211; Runes del castell de Sant Juli\u00e0<\/span><\/strong><\/a><br \/>\n<a href=\"#etape17\"><strong><span style=\"font-size: 14pt;\">17- El Riberal de Beget<\/span><\/strong><\/a><br \/>\n<a href=\"#etape18\"><strong><span style=\"font-size: 14pt;\">18- Esgl\u00e9sia de Sant Crist\u00f2fol de Beget<\/span><\/strong><\/a><br \/>\n<a href=\"#etape19\"><strong><span style=\"font-size: 14pt;\">19- Mirador del Grau<\/span><\/strong><\/a><br \/>\n<a href=\"#etape20\"><strong><span style=\"font-size: 14pt;\">20- Oratori de Can Fran\u00e7a o de Sant Antoni<\/span><\/strong><\/a><br \/>\n<a href=\"#etape21\"><strong><span style=\"font-size: 14pt;\">21- Coll de Malrem , marcador de limit 521<\/span><\/strong><\/a><br \/>\n<a href=\"#etape22\"><strong><span style=\"font-size: 14pt;\">22- Salt del Auguet<\/span><\/strong><\/a><br \/>\n<a href=\"#etape23\"><strong><span style=\"font-size: 14pt;\">23- Pla de la Coma, Retirada<\/span><\/strong><\/a><br \/>\n<a href=\"#etape24\"><strong><span style=\"font-size: 14pt;\">24- Mines de Brosser &#8211; Micromuseu \u00e0 La Menera<\/span><\/strong><\/a><br \/>\n<a href=\"#etape25\"><strong><span style=\"font-size: 14pt;\">25- Esgl\u00e9sia Sant Salvador de La Menera<\/span><\/strong><\/a><br \/>\n<a href=\"#etape26\"><strong><span style=\"font-size: 14pt;\">26- Poble de La Menera<\/span><\/strong><\/a><\/p>\n<p><span style=\"font-size: 14pt;\"><strong><a id=\"etape0\"><\/a><br \/>\nPoble de La Menera<\/strong><\/span><\/p>\n<p>La Menera \u00a0\u00e9s una poblaci\u00f3 situada al sud del departament dels Pirineus Orientals, a la regi\u00f3 d&#8217;Occit\u00e0nia.<br \/>\nT\u00e9 la particularitat de ser el municipi el m\u00e9s meridional, el m\u00e9s al sud de Fran\u00e7a continental.<\/p>\n<p><img loading=\"lazy\" decoding=\"async\" class=\" wp-image-2798 aligncenter\" src=\"https:\/\/lamanere.fr\/wp-content\/uploads\/2023\/05\/photo-Lamanere-2-2020-300x158.jpg\" alt=\"\" width=\"363\" height=\"191\" srcset=\"https:\/\/lamanere.fr\/wp-content\/uploads\/2023\/05\/photo-Lamanere-2-2020-300x158.jpg 300w, https:\/\/lamanere.fr\/wp-content\/uploads\/2023\/05\/photo-Lamanere-2-2020-1024x541.jpg 1024w, https:\/\/lamanere.fr\/wp-content\/uploads\/2023\/05\/photo-Lamanere-2-2020-768x405.jpg 768w, https:\/\/lamanere.fr\/wp-content\/uploads\/2023\/05\/photo-Lamanere-2-2020-1536x811.jpg 1536w, https:\/\/lamanere.fr\/wp-content\/uploads\/2023\/05\/photo-Lamanere-2-2020-2048x1081.jpg 2048w, https:\/\/lamanere.fr\/wp-content\/uploads\/2023\/05\/photo-Lamanere-2-2020-640x338.jpg 640w\" sizes=\"(max-width: 363px) 100vw, 363px\" \/><\/p>\n<p><a href=\"#sommaire\">Sumari<\/a><\/p>\n<h3><a id=\"etape1\"><\/a><br \/>\n1. Capella de Santa Christina<\/h3>\n<p>Trobem pres\u00e8ncia documentada d\u2019aquesta capella al segle XII en un document testamentari que demostra que un capell\u00e0 hi oficiava a temps complet.<br \/>\nNo obstant, el seu origen seria m\u00e9s aviat del segle XI. En aquella \u00e8poca es justificava la pres\u00e8ncia de la capella perqu\u00e8 hi havia moltes masies, entre les quals <strong>Cal Batlle <\/strong>en devia ser la m\u00e9s important.<br \/>\nCada any, el 8 de maig, hi havia un aplec amb benedicci\u00f3 de pans.<\/p>\n<p><img loading=\"lazy\" decoding=\"async\" class=\"aligncenter size-full wp-image-2720\" src=\"https:\/\/lamanere.fr\/wp-content\/uploads\/2023\/04\/st_christine.jpg\" alt=\"\" width=\"194\" height=\"260\" \/><\/p>\n<p><a href=\"https:\/\/lamanere.fr\/ca\/lamanere-oix\/#sommaire\">Sumari<\/a><\/p>\n<h3><a id=\"etape2\"><\/a><br \/>\n2. Torres de Cabren\u00e7 <span style=\"font-size: 12pt;\">(Punt hist\u00f2ric)<\/span><\/h3>\n<p>Cabren\u00e7 (cabra), \u00e9s el s\u00edmbol del compte Oliba I de Cerdanya-Besal\u00fa (Oliva Cabreta) que va<br \/>\nconstruir el primer castell l&#8217;any 990.<br \/>\nA 1.326 m, trobem en aquest mass\u00eds rocall\u00f3s, tres ru\u00efnes feudals:<\/p>\n<ol>\n<li>La torre de senyals que avisava a les altres torres (torre del Mir, torre de Batera, &#8230;) si hi<br \/>\nhavia assaltants eventuals.<\/li>\n<li>La torre mitjana, torre de defensa.<\/li>\n<li>El castell nou, del segle XIV, rodejat de muralles amb la seva capella de Sant Miquel<\/li>\n<\/ol>\n<p><a href=\"https:\/\/lamanere.fr\/wp-content\/uploads\/2023\/04\/Tours-Lamanere-264-scaled.jpg\" data-src=\"https:\/\/lamanere.fr\/wp-content\/uploads\/2023\/04\/Tours-Lamanere-264-scaled.jpg\" data-thumb=\"https:\/\/lamanere.fr\/wp-content\/uploads\/2023\/04\/Tours-Lamanere-264-300x225.jpg\" class=\"ml-lightbox-enabled\"><img loading=\"lazy\" decoding=\"async\" class=\"aligncenter size-medium wp-image-2723\" src=\"https:\/\/lamanere.fr\/wp-content\/uploads\/2023\/04\/Tours-Lamanere-264-300x225.jpg\" alt=\"\" width=\"300\" height=\"225\" srcset=\"https:\/\/lamanere.fr\/wp-content\/uploads\/2023\/04\/Tours-Lamanere-264-300x225.jpg 300w, https:\/\/lamanere.fr\/wp-content\/uploads\/2023\/04\/Tours-Lamanere-264-1024x768.jpg 1024w, https:\/\/lamanere.fr\/wp-content\/uploads\/2023\/04\/Tours-Lamanere-264-768x576.jpg 768w, https:\/\/lamanere.fr\/wp-content\/uploads\/2023\/04\/Tours-Lamanere-264-1536x1152.jpg 1536w, https:\/\/lamanere.fr\/wp-content\/uploads\/2023\/04\/Tours-Lamanere-264-2048x1536.jpg 2048w, https:\/\/lamanere.fr\/wp-content\/uploads\/2023\/04\/Tours-Lamanere-264-640x480.jpg 640w\" sizes=\"(max-width: 300px) 100vw, 300px\" \/><\/a><\/p>\n<p><a href=\"https:\/\/lamanere.fr\/ca\/lamanere-oix\/#sommaire\">Sumari<\/a><\/p>\n<h3><a id=\"etape3\"><\/a><br \/>\n3. El Coll de les Falgueres &#8211; i marcador de l\u00edmit 522 <span style=\"font-size: 12pt;\">(Punt natural i cultural)<\/span><\/h3>\n<p>La frontera entre Fran\u00e7a i Espanya t\u00e9 656,3 km.<br \/>\nEntre el 1853 i el 1868 es van posar 602 fites entre l&#8217;Atl\u00e0ntic i el Mediterrani.<br \/>\nAl terme del municipi de La Menera hi ha dues fites de granit rosat:<\/p>\n<ol>\n<li>La fita 521, al Coll de Malrem (1131m).<\/li>\n<li>La fita 522, al Coll de les Falgueres (1139m)<\/li>\n<\/ol>\n<p>Aquests colls separen les valls i uneixen els homes<\/p>\n<p><img loading=\"lazy\" decoding=\"async\" class=\"aligncenter size-full wp-image-2701\" src=\"https:\/\/lamanere.fr\/wp-content\/uploads\/2023\/04\/borne-522.jpg\" alt=\"\" width=\"300\" height=\"168\" \/><\/p>\n<p><a href=\"https:\/\/lamanere.fr\/ca\/lamanere-oix\/#sommaire\">Sumari<\/a><\/p>\n<h3><a id=\"etape4\"><\/a><br \/>\n4. Cam\u00ed del punt m\u00e9s al sud de la Fran\u00e7a continental (puig de Comanegra) <span style=\"font-size: 12pt;\">(Punt de vista i natural)<\/span><\/h3>\n<p>La Baga de Bordellat est\u00e0 dominada pel Puig del Comanegra de 1550m. En aquest mass\u00eds hi ha el punt m\u00e9s al sud de la Fran\u00e7a continental (42\u00ba19 \u030159&#8243; N, 2\u00ba31 \u030158&#8243; S).<br \/>\nPer anar a la Baga es pot entrar pel Coll de Malrem (fita 521) i pel Coll de les Falgueres (fita 522).<\/p>\n<p><a href=\"https:\/\/lamanere.fr\/wp-content\/uploads\/2023\/04\/pointleplusausud.jpg\" data-src=\"https:\/\/lamanere.fr\/wp-content\/uploads\/2023\/04\/pointleplusausud.jpg\" data-thumb=\"https:\/\/lamanere.fr\/wp-content\/uploads\/2023\/04\/pointleplusausud-300x225.jpg\" class=\"ml-lightbox-enabled\"><img loading=\"lazy\" decoding=\"async\" class=\"aligncenter size-medium wp-image-2717\" src=\"https:\/\/lamanere.fr\/wp-content\/uploads\/2023\/04\/pointleplusausud-300x225.jpg\" alt=\"\" width=\"300\" height=\"225\" srcset=\"https:\/\/lamanere.fr\/wp-content\/uploads\/2023\/04\/pointleplusausud-300x225.jpg 300w, https:\/\/lamanere.fr\/wp-content\/uploads\/2023\/04\/pointleplusausud-768x575.jpg 768w, https:\/\/lamanere.fr\/wp-content\/uploads\/2023\/04\/pointleplusausud-640x480.jpg 640w, https:\/\/lamanere.fr\/wp-content\/uploads\/2023\/04\/pointleplusausud.jpg 817w\" sizes=\"(max-width: 300px) 100vw, 300px\" \/><\/a><\/p>\n<p><a href=\"https:\/\/lamanere.fr\/ca\/lamanere-oix\/#sommaire\">Sumari<\/a><\/p>\n<h3><a id=\"etape5\"><\/a><br \/>\n5. Places carboneres <span style=\"font-size: 12pt;\">(Punt natural i hist\u00f2ric)<\/span><\/h3>\n<p>En aquests boscos hi havia moltes clarianes que els carboners aprofitaven per construir-hi les piles carboneres.<br \/>\nEren piles de llenya de la zona, cobertes de terra.<br \/>\nDespr\u00e9s d&#8217;haver fet foc a la pila carbonera, al cap d&#8217;una setmana de combusti\u00f3, tenien el carb\u00f3 apunt per utilitzar-lo.<\/p>\n<p><a href=\"https:\/\/lamanere.fr\/wp-content\/uploads\/2023\/04\/charbonniere.jpg\" data-src=\"https:\/\/lamanere.fr\/wp-content\/uploads\/2023\/04\/charbonniere.jpg\" data-thumb=\"https:\/\/lamanere.fr\/wp-content\/uploads\/2023\/04\/charbonniere-225x300.jpg\" class=\"ml-lightbox-enabled\"><img loading=\"lazy\" decoding=\"async\" class=\"aligncenter size-medium wp-image-2704\" src=\"https:\/\/lamanere.fr\/wp-content\/uploads\/2023\/04\/charbonniere-225x300.jpg\" alt=\"\" width=\"225\" height=\"300\" srcset=\"https:\/\/lamanere.fr\/wp-content\/uploads\/2023\/04\/charbonniere-225x300.jpg 225w, https:\/\/lamanere.fr\/wp-content\/uploads\/2023\/04\/charbonniere-768x1024.jpg 768w, https:\/\/lamanere.fr\/wp-content\/uploads\/2023\/04\/charbonniere-1152x1536.jpg 1152w, https:\/\/lamanere.fr\/wp-content\/uploads\/2023\/04\/charbonniere-360x480.jpg 360w, https:\/\/lamanere.fr\/wp-content\/uploads\/2023\/04\/charbonniere.jpg 1536w\" sizes=\"(max-width: 225px) 100vw, 225px\" \/><\/a><\/p>\n<p><a href=\"https:\/\/lamanere.fr\/ca\/lamanere-oix\/#sommaire\">Sumari<\/a><\/p>\n<h3><a id=\"etape6\"><\/a><br \/>\n6. Balmes d\u2019Uja <span style=\"font-size: 12pt;\">(Punt natural)<\/span><\/h3>\n<p>Grutes situades a la Vall d&#8217;Uja (torrent que baixa de Sant Aniol). Aquestes cavitats es van formar arran del despreniment de roques d\u2019una morrena (acumulaci\u00f3 glacial) despla\u00e7ades per una glacera del primer per\u00edode glacial.<br \/>\nLes balmes o baumes s\u00f3n un element caracter\u00edstic de la geografia de l\u2019Alta Garrotxa. Aquestes cavitats dins la roca de les cingleres, tot i ser m\u00e9s obertes i menys profundes que les coves, s\u2019han aprofitat al llarg dels segles per fer d\u2019aixopluc de pastors, excursionistes, amagatalls de trabucaires o contrabandistes i, en alguns casos, per bastir-hi corrals pel bestiar i possiblement, antigament, habitatges.<br \/>\nSota les Balmes d\u2019Uja s\u2019entreveu l\u2019ermita de Sant Aniol d\u2019Aguja.<\/p>\n<p><a href=\"https:\/\/lamanere.fr\/wp-content\/uploads\/2023\/04\/balmes-dUja-1885027521_20221103_113412_5072047_resized-scaled.jpg\" data-src=\"https:\/\/lamanere.fr\/wp-content\/uploads\/2023\/04\/balmes-dUja-1885027521_20221103_113412_5072047_resized-scaled.jpg\" data-thumb=\"https:\/\/lamanere.fr\/wp-content\/uploads\/2023\/05\/les-balmes-300x225.jpg\" class=\"ml-lightbox-enabled\"><img loading=\"lazy\" decoding=\"async\" class=\"wp-image-2774 aligncenter\" src=\"https:\/\/lamanere.fr\/wp-content\/uploads\/2023\/05\/les-balmes-300x225.jpg\" alt=\"\" width=\"271\" height=\"203\" srcset=\"https:\/\/lamanere.fr\/wp-content\/uploads\/2023\/05\/les-balmes-300x225.jpg 300w, https:\/\/lamanere.fr\/wp-content\/uploads\/2023\/05\/les-balmes-1024x768.jpg 1024w, https:\/\/lamanere.fr\/wp-content\/uploads\/2023\/05\/les-balmes-768x576.jpg 768w, https:\/\/lamanere.fr\/wp-content\/uploads\/2023\/05\/les-balmes-1536x1152.jpg 1536w, https:\/\/lamanere.fr\/wp-content\/uploads\/2023\/05\/les-balmes-640x480.jpg 640w, https:\/\/lamanere.fr\/wp-content\/uploads\/2023\/05\/les-balmes.jpg 1772w\" sizes=\"(max-width: 271px) 100vw, 271px\" \/><\/a><\/p>\n<p>&nbsp;<\/p>\n<p><a href=\"https:\/\/lamanere.fr\/ca\/lamanere-oix\/#sommaire\">Sumari<\/a><\/p>\n<h3><a id=\"etape7\"><\/a><br \/>\n7. Camp del Roc <span style=\"font-size: 12pt;\">(Punt hist\u00f2ric)<\/span><\/h3>\n<p>Des d\u2019aquest pla sota els pics de Sant Marc i de les Bruixes s\u2019entreveuen en les fond\u00e0ries l\u2019esgl\u00e8sia de Sant Juli\u00e0 de Ribelles.<br \/>\nA principi del segle XX al veinat de Ribelles encara hi vivien uns 145 habitants\u00a0 repartits en prop de trenta cases, masos i molins dispersos, avui tots deshabitats.<br \/>\nRibelles pertanyia antigament al municipi de Bassegoda abans que aquests dos nuclis siguin agregats a Albany\u00e0.<\/p>\n<p><img loading=\"lazy\" decoding=\"async\" class=\"alignnone size-medium wp-image-2773\" src=\"https:\/\/lamanere.fr\/wp-content\/uploads\/2023\/05\/restes-de-Camp-del-Roc-300x225.jpg\" alt=\"\" width=\"300\" height=\"225\" srcset=\"https:\/\/lamanere.fr\/wp-content\/uploads\/2023\/05\/restes-de-Camp-del-Roc-300x225.jpg 300w, https:\/\/lamanere.fr\/wp-content\/uploads\/2023\/05\/restes-de-Camp-del-Roc-1024x768.jpg 1024w, https:\/\/lamanere.fr\/wp-content\/uploads\/2023\/05\/restes-de-Camp-del-Roc-768x576.jpg 768w, https:\/\/lamanere.fr\/wp-content\/uploads\/2023\/05\/restes-de-Camp-del-Roc-1536x1152.jpg 1536w, https:\/\/lamanere.fr\/wp-content\/uploads\/2023\/05\/restes-de-Camp-del-Roc-640x480.jpg 640w, https:\/\/lamanere.fr\/wp-content\/uploads\/2023\/05\/restes-de-Camp-del-Roc.jpg 1772w\" sizes=\"(max-width: 300px) 100vw, 300px\" \/> <img loading=\"lazy\" decoding=\"async\" class=\"alignnone size-medium wp-image-2772\" src=\"https:\/\/lamanere.fr\/wp-content\/uploads\/2023\/05\/camp-del-roc-300x225.jpg\" alt=\"\" width=\"300\" height=\"225\" srcset=\"https:\/\/lamanere.fr\/wp-content\/uploads\/2023\/05\/camp-del-roc-300x225.jpg 300w, https:\/\/lamanere.fr\/wp-content\/uploads\/2023\/05\/camp-del-roc-1024x768.jpg 1024w, https:\/\/lamanere.fr\/wp-content\/uploads\/2023\/05\/camp-del-roc-768x576.jpg 768w, https:\/\/lamanere.fr\/wp-content\/uploads\/2023\/05\/camp-del-roc-1536x1152.jpg 1536w, https:\/\/lamanere.fr\/wp-content\/uploads\/2023\/05\/camp-del-roc-2048x1536.jpg 2048w, https:\/\/lamanere.fr\/wp-content\/uploads\/2023\/05\/camp-del-roc-640x480.jpg 640w\" sizes=\"(max-width: 300px) 100vw, 300px\" \/><\/p>\n<p><a href=\"https:\/\/lamanere.fr\/ca\/lamanere-oix\/#sommaire\">Sumari<\/a><\/p>\n<h3><a id=\"etape8\"><\/a><br \/>\n8. Sant Aniol d\u2019Aguja <span style=\"font-size: 12pt;\">(Punt natural i cultura (punt de vista))<\/span><\/h3>\n<p>Monestir benedict\u00ed de Montagut i Oix, fundat l&#8217;any 859.<br \/>\nL&#8217;esgl\u00e9sia rom\u00e0nica data del segle XI.A prop tenim un dels congosts m\u00e9s bonics del Pirineu, (7 salts, entre ells el Salt del Brull, i cascades).<br \/>\nA l&#8217;ermita de Sant Aniol d&#8217;Aguja se celebra el tradicional Aplec de Sant Aniol, tamb\u00e9 anomenat &#8220;Aplec dels francesos&#8221; on cada any es reuneixen els habitants d&#8217;ambdues bandes.<br \/>\nL&#8217;antiga rectoria esdev\u00e9 un refugi d&#8217;excursionistes.<\/p>\n<p><a href=\"https:\/\/lamanere.fr\/wp-content\/uploads\/2023\/04\/Sant-Aniol.jpg\" data-src=\"https:\/\/lamanere.fr\/wp-content\/uploads\/2023\/04\/Sant-Aniol.jpg\" data-thumb=\"https:\/\/lamanere.fr\/wp-content\/uploads\/2023\/04\/Sant-Aniol-300x200.jpg\" class=\"ml-lightbox-enabled\"><img loading=\"lazy\" decoding=\"async\" class=\"aligncenter size-medium wp-image-2718\" src=\"https:\/\/lamanere.fr\/wp-content\/uploads\/2023\/04\/Sant-Aniol-300x200.jpg\" alt=\"\" width=\"300\" height=\"200\" srcset=\"https:\/\/lamanere.fr\/wp-content\/uploads\/2023\/04\/Sant-Aniol-300x200.jpg 300w, https:\/\/lamanere.fr\/wp-content\/uploads\/2023\/04\/Sant-Aniol.jpg 550w\" sizes=\"(max-width: 300px) 100vw, 300px\" \/><\/a><\/p>\n<p><a href=\"https:\/\/lamanere.fr\/ca\/lamanere-oix\/#sommaire\">Sumari<\/a><\/p>\n<h3><a id=\"etape9\"><\/a><br \/>\n9. Talaix\u00e0<span style=\"font-size: 12pt;\">(Punt natural i cultural)<\/span><\/h3>\n<p>Talaix\u00e0 \u00e9s un petit nucli de poblaci\u00f3 amb origen del segle IX.<br \/>\nEn destaca l&#8217;esgl\u00e9sia rom\u00e0nica de Sant Mart\u00ed, del segle X.<br \/>\nEl Coll de Talaix\u00e0 fou un punt estrat\u00e8gic en el control del contraban.<br \/>\nD&#8217;aqu\u00ed edificacions com la Casilla, on hi havia la caserna dels carrabiners, o la Canova, que feia d\u2019hostal.<br \/>\nAl voltant de l\u2019any 1970, Talaix\u00e0 qued\u00e0 abandonat.<br \/>\nAls anys 80 va apar\u00e8ixer un personatge peculiar, conegut popularment com &#8220;En Rodri&#8221;, per donar un nou impuls a aquest indret.<br \/>\nEn Rodri va cedir la propietat de la Canova al Centre Excursionista d\u2019Olot per construir-hi un refugi excursionista, \u201cla Casa de Talaix\u00e0\u201d.<\/p>\n<p><img loading=\"lazy\" decoding=\"async\" class=\"size-medium wp-image-2748 aligncenter\" src=\"https:\/\/lamanere.fr\/wp-content\/uploads\/2023\/05\/01_Talaixa-300x200.jpg\" alt=\"\" width=\"300\" height=\"200\" srcset=\"https:\/\/lamanere.fr\/wp-content\/uploads\/2023\/05\/01_Talaixa-300x200.jpg 300w, https:\/\/lamanere.fr\/wp-content\/uploads\/2023\/05\/01_Talaixa-1024x683.jpg 1024w, https:\/\/lamanere.fr\/wp-content\/uploads\/2023\/05\/01_Talaixa-768x512.jpg 768w, https:\/\/lamanere.fr\/wp-content\/uploads\/2023\/05\/01_Talaixa-1536x1024.jpg 1536w, https:\/\/lamanere.fr\/wp-content\/uploads\/2023\/05\/01_Talaixa-2048x1365.jpg 2048w, https:\/\/lamanere.fr\/wp-content\/uploads\/2023\/05\/01_Talaixa-640x427.jpg 640w\" sizes=\"(max-width: 300px) 100vw, 300px\" \/><br \/>\n<a href=\"https:\/\/lamanere.fr\/ca\/lamanere-oix\/#sommaire\">Sumari<\/a><\/p>\n<h3><a id=\"etape10\"><\/a><br \/>\n10. Mirador Talaix\u00e0<span style=\"font-size: 12pt;\">(Punt paisatg\u00edstic)<\/span><\/h3>\n<p>Talaix\u00e0 es troba situat en un coll amb unes vistes privilegiades a Bassegoda i a la vall de Riu i de Sant Aniol.<\/p>\n<p><img loading=\"lazy\" decoding=\"async\" class=\"alignnone size-medium wp-image-2758\" src=\"https:\/\/lamanere.fr\/wp-content\/uploads\/2023\/05\/02_Mirador-Talaixa-1-300x200.jpg\" alt=\"\" width=\"300\" height=\"200\" srcset=\"https:\/\/lamanere.fr\/wp-content\/uploads\/2023\/05\/02_Mirador-Talaixa-1-300x200.jpg 300w, https:\/\/lamanere.fr\/wp-content\/uploads\/2023\/05\/02_Mirador-Talaixa-1-1024x683.jpg 1024w, https:\/\/lamanere.fr\/wp-content\/uploads\/2023\/05\/02_Mirador-Talaixa-1-768x512.jpg 768w, https:\/\/lamanere.fr\/wp-content\/uploads\/2023\/05\/02_Mirador-Talaixa-1-1536x1024.jpg 1536w, https:\/\/lamanere.fr\/wp-content\/uploads\/2023\/05\/02_Mirador-Talaixa-1-2048x1365.jpg 2048w, https:\/\/lamanere.fr\/wp-content\/uploads\/2023\/05\/02_Mirador-Talaixa-1-640x427.jpg 640w\" sizes=\"(max-width: 300px) 100vw, 300px\" \/> <img loading=\"lazy\" decoding=\"async\" class=\"alignnone size-medium wp-image-2752\" src=\"https:\/\/lamanere.fr\/wp-content\/uploads\/2023\/05\/03_Mirador-Talaixa-300x201.jpg\" alt=\"\" width=\"300\" height=\"201\" srcset=\"https:\/\/lamanere.fr\/wp-content\/uploads\/2023\/05\/03_Mirador-Talaixa-300x201.jpg 300w, https:\/\/lamanere.fr\/wp-content\/uploads\/2023\/05\/03_Mirador-Talaixa-1024x685.jpg 1024w, https:\/\/lamanere.fr\/wp-content\/uploads\/2023\/05\/03_Mirador-Talaixa-768x514.jpg 768w, https:\/\/lamanere.fr\/wp-content\/uploads\/2023\/05\/03_Mirador-Talaixa-1536x1028.jpg 1536w, https:\/\/lamanere.fr\/wp-content\/uploads\/2023\/05\/03_Mirador-Talaixa-2048x1371.jpg 2048w, https:\/\/lamanere.fr\/wp-content\/uploads\/2023\/05\/03_Mirador-Talaixa-640x428.jpg 640w\" sizes=\"(max-width: 300px) 100vw, 300px\" \/><br \/>\n<a href=\"https:\/\/lamanere.fr\/ca\/lamanere-oix\/#sommaire\">Sumari<\/a><\/p>\n<h3><a id=\"etape11\"><\/a><br \/>\n11. Mirador de l\u2019Alta Garrotxa<\/h3>\n<p>Magn\u00edfiques vistes panor\u00e0miques a la serralada del Ferran, de Bestrac\u00e0 i a la vall d\u2019Oix.<\/p>\n<p><img loading=\"lazy\" decoding=\"async\" class=\"size-medium wp-image-2753 aligncenter\" src=\"https:\/\/lamanere.fr\/wp-content\/uploads\/2023\/05\/04_Mirador-Alta-G-300x225.jpg\" alt=\"\" width=\"300\" height=\"225\" srcset=\"https:\/\/lamanere.fr\/wp-content\/uploads\/2023\/05\/04_Mirador-Alta-G-300x225.jpg 300w, https:\/\/lamanere.fr\/wp-content\/uploads\/2023\/05\/04_Mirador-Alta-G-1024x768.jpg 1024w, https:\/\/lamanere.fr\/wp-content\/uploads\/2023\/05\/04_Mirador-Alta-G-768x576.jpg 768w, https:\/\/lamanere.fr\/wp-content\/uploads\/2023\/05\/04_Mirador-Alta-G-1536x1152.jpg 1536w, https:\/\/lamanere.fr\/wp-content\/uploads\/2023\/05\/04_Mirador-Alta-G-2048x1536.jpg 2048w, https:\/\/lamanere.fr\/wp-content\/uploads\/2023\/05\/04_Mirador-Alta-G-640x480.jpg 640w\" sizes=\"(max-width: 300px) 100vw, 300px\" \/><br \/>\n<a href=\"https:\/\/lamanere.fr\/ca\/lamanere-oix\/#sommaire\">Sumari<\/a><\/p>\n<h3><a id=\"etape12\"><\/a><br \/>\n12. Pas dels Lliberals o Grau d\u2019Escales<\/h3>\n<p>La riera de Beget es va obrir pas entre la serra de Bestrec\u00e0 (Cresta del Gall) i els cingles de Ferran, formant un estret encinglerat, esquerp, fer\u00e9stec i impracticable.<br \/>\nPer salvar aquest pas s\u2019hi va construir el Grau d\u2019Escales, conegut tamb\u00e9 com a Grau Vell o Pas dels Lliberals.<br \/>\n\u00c9s un tram de cam\u00ed enllosat i amb barana de pedra, bastit sobre una paret de pedra que f\u00e9u possible el pas per aquest estret abans que s\u2019hi constru\u00eds -a l\u2019altra banda de la riera- la carretera que va a Hortmoier.<br \/>\nEl nom de Pas dels Lliberals recorda la mala fi que tingueren els voluntaris lliberals que, durant la primera guerra carlina, van ser estimbats en aquest punt.<\/p>\n<p><img loading=\"lazy\" decoding=\"async\" class=\"size-medium wp-image-2760 aligncenter\" src=\"https:\/\/lamanere.fr\/wp-content\/uploads\/2023\/05\/07_Pas-Lliberals-300x300.jpg\" alt=\"\" width=\"300\" height=\"300\" srcset=\"https:\/\/lamanere.fr\/wp-content\/uploads\/2023\/05\/07_Pas-Lliberals-300x300.jpg 300w, https:\/\/lamanere.fr\/wp-content\/uploads\/2023\/05\/07_Pas-Lliberals-1024x1024.jpg 1024w, https:\/\/lamanere.fr\/wp-content\/uploads\/2023\/05\/07_Pas-Lliberals-150x150.jpg 150w, https:\/\/lamanere.fr\/wp-content\/uploads\/2023\/05\/07_Pas-Lliberals-768x768.jpg 768w, https:\/\/lamanere.fr\/wp-content\/uploads\/2023\/05\/07_Pas-Lliberals-1536x1536.jpg 1536w, https:\/\/lamanere.fr\/wp-content\/uploads\/2023\/05\/07_Pas-Lliberals-50x50.jpg 50w, https:\/\/lamanere.fr\/wp-content\/uploads\/2023\/05\/07_Pas-Lliberals-125x125.jpg 125w, https:\/\/lamanere.fr\/wp-content\/uploads\/2023\/05\/07_Pas-Lliberals-200x200.jpg 200w, https:\/\/lamanere.fr\/wp-content\/uploads\/2023\/05\/07_Pas-Lliberals-80x80.jpg 80w, https:\/\/lamanere.fr\/wp-content\/uploads\/2023\/05\/07_Pas-Lliberals-480x480.jpg 480w, https:\/\/lamanere.fr\/wp-content\/uploads\/2023\/05\/07_Pas-Lliberals.jpg 1560w\" sizes=\"(max-width: 300px) 100vw, 300px\" \/><br \/>\n<a href=\"https:\/\/lamanere.fr\/ca\/lamanere-oix\/#sommaire\">Sumari<\/a><\/p>\n<h3><a id=\"etape13\"><\/a><br \/>\n13. Pont Rom\u00e0 o Pont d\u2019Oix<\/h3>\n<p>D\u2019origen medieval, actualment est\u00e0 ben conservat gr\u00e0cies a la restauraci\u00f3 feta pels Amics de l\u2019Alta Garrotxa l\u2019any 1991.<br \/>\nT\u00e9 un arc principal de mig punt i un arc secundari molt m\u00e9s petit.<br \/>\nEra de gran import\u00e0ncia per travessar la riera quan baixava plena, perqu\u00e8 permetia agafar el cam\u00ed a Pruneres o a Castellfollit de la Roca.<br \/>\nA prop del pont hi ha un cartell que diu: \u201cPont medieval que, segons diu la llegenda, utilitzava el senyor de la Quera de Talaix\u00e0, el bar\u00f3, per fer \u00fas del dret de cuixa a donzelles del ve\u00efnat de Santa B\u00e0rbara de Pruneres.\u201d<\/p>\n<p><img loading=\"lazy\" decoding=\"async\" class=\"size-medium wp-image-2761 aligncenter\" src=\"https:\/\/lamanere.fr\/wp-content\/uploads\/2023\/05\/08_Pont-Romanic-300x201.jpg\" alt=\"\" width=\"300\" height=\"201\" srcset=\"https:\/\/lamanere.fr\/wp-content\/uploads\/2023\/05\/08_Pont-Romanic-300x201.jpg 300w, https:\/\/lamanere.fr\/wp-content\/uploads\/2023\/05\/08_Pont-Romanic-1024x685.jpg 1024w, https:\/\/lamanere.fr\/wp-content\/uploads\/2023\/05\/08_Pont-Romanic-768x514.jpg 768w, https:\/\/lamanere.fr\/wp-content\/uploads\/2023\/05\/08_Pont-Romanic-1536x1027.jpg 1536w, https:\/\/lamanere.fr\/wp-content\/uploads\/2023\/05\/08_Pont-Romanic-2048x1370.jpg 2048w, https:\/\/lamanere.fr\/wp-content\/uploads\/2023\/05\/08_Pont-Romanic-640x428.jpg 640w\" sizes=\"(max-width: 300px) 100vw, 300px\" \/><br \/>\n<a href=\"https:\/\/lamanere.fr\/ca\/lamanere-oix\/#sommaire\">Sumari<\/a><\/p>\n<h3><a id=\"etape14\"><\/a><br \/>\n14. Poble d\u2019Oix<span style=\"font-size: 12pt;\">(Punt hist\u00f2ric i cultural)<\/span><\/h3>\n<p>Oix t\u00e9 una antiguitat venerable i comprovada, com ho demostra un document de l\u2019any 977, sota el nom d\u2019\u201dOvoxo\u201d<br \/>\nEl poble d\u2019Oix havia estat independent fins a l&#8217;any 1972, quan va ser annexat al municipi de Montagut.<br \/>\nEls seus edificis m\u00e9s remarcables s\u00f3n:<\/p>\n<ol>\n<li style=\"list-style-type: none;\">\n<ol>\n<li>L&#8217;esgl\u00e9sia parroquial de Sant Lloren\u00e7, citada ja el 937 per\u00f2 molt modificada des d&#8217;aleshores<\/li>\n<li>El Castell d&#8217;Oix, casa fortificada constru\u00efda el segle XV per la fam\u00edlia Barutell, senyors de la baronia de Bestrac\u00e0, reconstru\u00eft al segle XX<\/li>\n<li>El Pont Rom\u00e0.<\/li>\n<\/ol>\n<\/li>\n<\/ol>\n<p><img loading=\"lazy\" decoding=\"async\" class=\"size-medium wp-image-2762 aligncenter\" src=\"https:\/\/lamanere.fr\/wp-content\/uploads\/2023\/05\/09_Poble-Oix-300x200.jpg\" alt=\"\" width=\"300\" height=\"200\" srcset=\"https:\/\/lamanere.fr\/wp-content\/uploads\/2023\/05\/09_Poble-Oix-300x200.jpg 300w, https:\/\/lamanere.fr\/wp-content\/uploads\/2023\/05\/09_Poble-Oix-1024x683.jpg 1024w, https:\/\/lamanere.fr\/wp-content\/uploads\/2023\/05\/09_Poble-Oix-768x512.jpg 768w, https:\/\/lamanere.fr\/wp-content\/uploads\/2023\/05\/09_Poble-Oix-1536x1024.jpg 1536w, https:\/\/lamanere.fr\/wp-content\/uploads\/2023\/05\/09_Poble-Oix-2048x1365.jpg 2048w, https:\/\/lamanere.fr\/wp-content\/uploads\/2023\/05\/09_Poble-Oix-640x427.jpg 640w\" sizes=\"(max-width: 300px) 100vw, 300px\" \/><\/p>\n<p><a href=\"https:\/\/lamanere.fr\/ca\/lamanere-oix\/#sommaire\">Sumari<\/a><\/p>\n<h3><a id=\"etape15\"><\/a><br \/>\n15. El Peirer <span style=\"font-size: 12pt;\">(Punt cultural i paisatg\u00edstic)<\/span><\/h3>\n<p>Gran casa pairal en un indret privilegiat, a la falda de la muntanya de Bestrac\u00e0, a l&#8217;oest del terme municipal de Camprodon (Ripoll\u00e8s), per\u00f2 nom\u00e9s a un kil\u00f2metre del poble d\u2019Oix, dominant tota la vall d\u2019Oix i les vistes sobre la cresta de Ferran i el Bassegoda.<br \/>\nEl mas, preci\u00f3s, es caracteritza per la galeria de la seva fa\u00e7ana principal, formada per sis arcs, que li confereixen un aspecte majestu\u00f3s.<br \/>\nLa casa actual \u00e9s del segle XVIII, per\u00f2 \u00e9s una antiga pagesia que ja consta documentalment l&#8217;any 1175, quan l&#8217;abat Bernat del monestir de Sant Pere de Camprodon en feu donaci\u00f3 a Pere Pujolar.<br \/>\nEl Peirer va disposar d&#8217;una grandiosa biblioteca, aix\u00ed com d&#8217;una capella particular, ambdues destru\u00efdes l&#8217;any 1936, en \u00e8poca de la guerra civil.<\/p>\n<p><img loading=\"lazy\" decoding=\"async\" class=\"size-medium wp-image-2763 aligncenter\" src=\"https:\/\/lamanere.fr\/wp-content\/uploads\/2023\/05\/10_El-Peire-300x199.jpg\" alt=\"\" width=\"300\" height=\"199\" srcset=\"https:\/\/lamanere.fr\/wp-content\/uploads\/2023\/05\/10_El-Peire-300x199.jpg 300w, https:\/\/lamanere.fr\/wp-content\/uploads\/2023\/05\/10_El-Peire-1024x681.jpg 1024w, https:\/\/lamanere.fr\/wp-content\/uploads\/2023\/05\/10_El-Peire-768x511.jpg 768w, https:\/\/lamanere.fr\/wp-content\/uploads\/2023\/05\/10_El-Peire-1536x1021.jpg 1536w, https:\/\/lamanere.fr\/wp-content\/uploads\/2023\/05\/10_El-Peire-2048x1362.jpg 2048w, https:\/\/lamanere.fr\/wp-content\/uploads\/2023\/05\/10_El-Peire-640x426.jpg 640w\" sizes=\"(max-width: 300px) 100vw, 300px\" \/><br \/>\n<a href=\"https:\/\/lamanere.fr\/ca\/lamanere-oix\/#sommaire\">Sumari<\/a><\/p>\n<h3><a id=\"etape16\"><\/a><br \/>\n16. Esgl\u00e9sia de Sant Andreu de Bestrac\u00e0 &#8211; Runes del castell de Sant Juli\u00e0 <span style=\"font-size: 12pt;\">(Punt hist\u00f2ric i cultural)<\/span><\/h3>\n<p>Ermita rom\u00e0nica documentada ja l&#8217;any 977, tot i que l&#8217;edifici actual \u00e9s del segle XII. Va ser restaurada els anys 1964 pel Bisbat i el 1982 per l\u2019associaci\u00f3 Amics de l\u2019Alta Garrotxa.<br \/>\nD&#8217;una sola nau de volta apuntada i absis semicircular, coberts amb lloses de pedra. T\u00e9 un campanar d\u2019espadanya inacabat, cosa que li confereix certa originalitat.<br \/>\nMolt a prop del cim del Puig de Bestrac\u00e0, hi ha les restes del Castell de Bestrac\u00e0 i de l&#8217;esgl\u00e9sia de Sant Juli\u00e0.<br \/>\nL\u2019estat actual del castell i l\u2019esgl\u00e9sia \u00e9s de ru\u00efna. Tan sols s\u00f3n visibles les parts baixes d\u2019alguns dels seus murs.<br \/>\nEl castell possiblement fou bastit durant el segle XI. Sorpr\u00e8n que en aquest niu d\u2019\u00e0ligues, aspre, s\u2019hi arrib\u00e9s construir un castell i s\u2019habit\u00e9s fins al segle XV.<\/p>\n<p><img loading=\"lazy\" decoding=\"async\" class=\"size-medium wp-image-2764 aligncenter\" src=\"https:\/\/lamanere.fr\/wp-content\/uploads\/2023\/05\/11_St-Andreu-Bestraca-300x200.jpg\" alt=\"\" width=\"300\" height=\"200\" srcset=\"https:\/\/lamanere.fr\/wp-content\/uploads\/2023\/05\/11_St-Andreu-Bestraca-300x200.jpg 300w, https:\/\/lamanere.fr\/wp-content\/uploads\/2023\/05\/11_St-Andreu-Bestraca-1024x683.jpg 1024w, https:\/\/lamanere.fr\/wp-content\/uploads\/2023\/05\/11_St-Andreu-Bestraca-768x512.jpg 768w, https:\/\/lamanere.fr\/wp-content\/uploads\/2023\/05\/11_St-Andreu-Bestraca-1536x1024.jpg 1536w, https:\/\/lamanere.fr\/wp-content\/uploads\/2023\/05\/11_St-Andreu-Bestraca-2048x1366.jpg 2048w, https:\/\/lamanere.fr\/wp-content\/uploads\/2023\/05\/11_St-Andreu-Bestraca-640x427.jpg 640w\" sizes=\"(max-width: 300px) 100vw, 300px\" \/><br \/>\n<a href=\"https:\/\/lamanere.fr\/ca\/lamanere-oix\/#sommaire\">Sumari<\/a><\/p>\n<h3><a id=\"etape17\"><\/a><br \/>\n17. El Riberal de Beget <span style=\"font-size: 12pt;\">(Punt natural i paisatg\u00edstic)<\/span><\/h3>\n<p>La riera de Beget transcorre entre muntanyes que es toquen, per\u00f2 al Riberal el paisatge s\u2019obre una mica.<br \/>\nEl petit pla vora la riera permet els camps de conreu de major extensi\u00f3 de la contrada, envoltats d\u2019interessants cases de pag\u00e8s com Can Batlle, la Codina i la Farga.<\/p>\n<p><img loading=\"lazy\" decoding=\"async\" class=\"size-medium wp-image-2765 aligncenter\" src=\"https:\/\/lamanere.fr\/wp-content\/uploads\/2023\/05\/12_Ribera-de-Beget-300x199.jpg\" alt=\"\" width=\"300\" height=\"199\" srcset=\"https:\/\/lamanere.fr\/wp-content\/uploads\/2023\/05\/12_Ribera-de-Beget-300x199.jpg 300w, https:\/\/lamanere.fr\/wp-content\/uploads\/2023\/05\/12_Ribera-de-Beget-1024x681.jpg 1024w, https:\/\/lamanere.fr\/wp-content\/uploads\/2023\/05\/12_Ribera-de-Beget-768x511.jpg 768w, https:\/\/lamanere.fr\/wp-content\/uploads\/2023\/05\/12_Ribera-de-Beget-1536x1021.jpg 1536w, https:\/\/lamanere.fr\/wp-content\/uploads\/2023\/05\/12_Ribera-de-Beget-2048x1362.jpg 2048w, https:\/\/lamanere.fr\/wp-content\/uploads\/2023\/05\/12_Ribera-de-Beget-640x426.jpg 640w\" sizes=\"(max-width: 300px) 100vw, 300px\" \/><br \/>\n<a href=\"https:\/\/lamanere.fr\/ca\/lamanere-oix\/#sommaire\">Sumari<\/a><\/p>\n<h3><a id=\"etape18\"><\/a><br \/>\n18. Esgl\u00e9sia de Sant Crist\u00f2fol de Beget <span style=\"font-size: 12pt;\">(Punt hist\u00f2ric i cultural)<\/span><\/h3>\n<p>Constru\u00efda a la segona meitat del segle XII, \u00e9s un dels exemplars del rom\u00e0nic catal\u00e0 m\u00e9s bells de les comarques pirinenques.<br \/>\nLa torre del campanar, de quatre pisos, \u00e9s un magn\u00edfic exemplar de rom\u00e0nic llombard.<br \/>\nL\u2019interior est\u00e0 ple de retaules barrocs del segle XVIII. En destaca la famosa Majestat de Beget, talla rom\u00e0nica del segle XII, de grans dimensions.<br \/>\nDurant la guerra civil espanyola el temple va ser protegit pels mateixos ve\u00efns, que s\u2019oposaren a la seva profanaci\u00f3 i destrucci\u00f3 i d\u2019aquesta manera ens ha arribat intacte el seu valu\u00f3s patrimoni.<\/p>\n<p><img loading=\"lazy\" decoding=\"async\" class=\"size-medium wp-image-2766 aligncenter\" src=\"https:\/\/lamanere.fr\/wp-content\/uploads\/2023\/05\/13_Esglesia-Beget-300x199.jpg\" alt=\"\" width=\"300\" height=\"199\" srcset=\"https:\/\/lamanere.fr\/wp-content\/uploads\/2023\/05\/13_Esglesia-Beget-300x199.jpg 300w, https:\/\/lamanere.fr\/wp-content\/uploads\/2023\/05\/13_Esglesia-Beget-1024x679.jpg 1024w, https:\/\/lamanere.fr\/wp-content\/uploads\/2023\/05\/13_Esglesia-Beget-768x509.jpg 768w, https:\/\/lamanere.fr\/wp-content\/uploads\/2023\/05\/13_Esglesia-Beget-1536x1019.jpg 1536w, https:\/\/lamanere.fr\/wp-content\/uploads\/2023\/05\/13_Esglesia-Beget-2048x1358.jpg 2048w, https:\/\/lamanere.fr\/wp-content\/uploads\/2023\/05\/13_Esglesia-Beget-640x424.jpg 640w\" sizes=\"(max-width: 300px) 100vw, 300px\" \/><br \/>\n<a href=\"https:\/\/lamanere.fr\/ca\/lamanere-oix\/#sommaire\">Sumari<\/a><\/p>\n<h3><a id=\"etape19\"><\/a><br \/>\n19. Mirador del Grau <span style=\"font-size: 12pt;\">(Punt paisatg\u00edstic)<\/span><\/h3>\n<p>El pas roc\u00f3s del Grau ofereix precioses vistes del poble de Beget, la seva vall i les muntanyes de l&#8217;Alta Garrotxa.<\/p>\n<p><img loading=\"lazy\" decoding=\"async\" class=\"size-medium wp-image-2747 aligncenter\" src=\"https:\/\/lamanere.fr\/wp-content\/uploads\/2023\/05\/14B_Mirador-Grau-300x199.jpg\" alt=\"\" width=\"300\" height=\"199\" srcset=\"https:\/\/lamanere.fr\/wp-content\/uploads\/2023\/05\/14B_Mirador-Grau-300x199.jpg 300w, https:\/\/lamanere.fr\/wp-content\/uploads\/2023\/05\/14B_Mirador-Grau-1024x681.jpg 1024w, https:\/\/lamanere.fr\/wp-content\/uploads\/2023\/05\/14B_Mirador-Grau-768x511.jpg 768w, https:\/\/lamanere.fr\/wp-content\/uploads\/2023\/05\/14B_Mirador-Grau-1536x1021.jpg 1536w, https:\/\/lamanere.fr\/wp-content\/uploads\/2023\/05\/14B_Mirador-Grau-2048x1362.jpg 2048w, https:\/\/lamanere.fr\/wp-content\/uploads\/2023\/05\/14B_Mirador-Grau-640x426.jpg 640w\" sizes=\"(max-width: 300px) 100vw, 300px\" \/><br \/>\n<a href=\"https:\/\/lamanere.fr\/ca\/lamanere-oix\/#sommaire\">Sumari<\/a><\/p>\n<h3><a id=\"etape20\"><\/a><br \/>\n20. Oratori de Can Fran\u00e7a o de Sant Antoni<\/h3>\n<p>L&#8217;oratori de Sant Antoni de P\u00e0dua de can Fran\u00e7a est\u00e0 situat al coll de Golofreu.<br \/>\nMalm\u00e8s durant la guerra civil espanyola, la reconstrucci\u00f3 de l&#8217;oratori va ser bene\u00efda l&#8217;any 2002.<br \/>\nAntigament a l&#8217;oratori, a m\u00e9s de la imatge de Sant Antoni, tamb\u00e9 hi havia la del m\u00e0rtir Sant Sebasti\u00e0.<\/p>\n<p><img loading=\"lazy\" decoding=\"async\" class=\"size-medium wp-image-2746 aligncenter\" src=\"https:\/\/lamanere.fr\/wp-content\/uploads\/2023\/05\/15B_Oratori-CanFraca-300x199.jpg\" alt=\"\" width=\"300\" height=\"199\" srcset=\"https:\/\/lamanere.fr\/wp-content\/uploads\/2023\/05\/15B_Oratori-CanFraca-300x199.jpg 300w, https:\/\/lamanere.fr\/wp-content\/uploads\/2023\/05\/15B_Oratori-CanFraca-1024x681.jpg 1024w, https:\/\/lamanere.fr\/wp-content\/uploads\/2023\/05\/15B_Oratori-CanFraca-768x511.jpg 768w, https:\/\/lamanere.fr\/wp-content\/uploads\/2023\/05\/15B_Oratori-CanFraca-1536x1021.jpg 1536w, https:\/\/lamanere.fr\/wp-content\/uploads\/2023\/05\/15B_Oratori-CanFraca-2048x1362.jpg 2048w, https:\/\/lamanere.fr\/wp-content\/uploads\/2023\/05\/15B_Oratori-CanFraca-640x426.jpg 640w\" sizes=\"(max-width: 300px) 100vw, 300px\" \/><br \/>\n<a href=\"https:\/\/lamanere.fr\/ca\/lamanere-oix\/#sommaire\">Sumari<\/a><\/p>\n<h3><a id=\"etape21\"><\/a><br \/>\n21. Coll de Malrem , marcador de limit 521 <span style=\"font-size: 12pt;\">(Punt natural i hist\u00f2ric)<\/span><\/h3>\n<p>La hist\u00f2ria del Tractat dels Pirineus, signat l&#8217;any 1659, i el del tercer Tractat de Baiona, signat el 1866, van delimitar una frontera entre els nostres dos pa\u00efsos.<br \/>\nVa ser despr\u00e9s d&#8217;aquest \u00faltim tractat quan es van posar les fites, entre elles la 521 al coll de Malrem.<br \/>\nEl tra\u00e7at de la frontera entre Fran\u00e7a i Espanya en territori catal\u00e0 es va materialitzar amb 232 fites.<\/p>\n<p>Des del coll de Malrem es poden admirar paisatges espl\u00e8ndids, la cadena dels Pirineus i una roca caracter\u00edstica, el Roc del Tabal (1.367 m).<\/p>\n<p><a href=\"https:\/\/lamanere.fr\/wp-content\/uploads\/2023\/04\/col_malrem.jpg\" data-src=\"https:\/\/lamanere.fr\/wp-content\/uploads\/2023\/04\/col_malrem.jpg\" data-thumb=\"https:\/\/lamanere.fr\/wp-content\/uploads\/2023\/04\/col_malrem-300x169.jpg\" class=\"ml-lightbox-enabled\"><img loading=\"lazy\" decoding=\"async\" class=\"aligncenter size-medium wp-image-2705\" src=\"https:\/\/lamanere.fr\/wp-content\/uploads\/2023\/04\/col_malrem-300x169.jpg\" alt=\"\" width=\"300\" height=\"169\" srcset=\"https:\/\/lamanere.fr\/wp-content\/uploads\/2023\/04\/col_malrem-300x169.jpg 300w, https:\/\/lamanere.fr\/wp-content\/uploads\/2023\/04\/col_malrem-768x432.jpg 768w, https:\/\/lamanere.fr\/wp-content\/uploads\/2023\/04\/col_malrem-640x360.jpg 640w, https:\/\/lamanere.fr\/wp-content\/uploads\/2023\/04\/col_malrem.jpg 800w\" sizes=\"(max-width: 300px) 100vw, 300px\" \/><\/a><\/p>\n<p><a href=\"https:\/\/lamanere.fr\/ca\/lamanere-oix\/#sommaire\">Sumari<\/a><\/p>\n<h3><a id=\"etape22\"><\/a><br \/>\n22. Salt del Auguet <span style=\"font-size: 12pt;\">(Punt natural)<\/span><\/h3>\n<p>Aquest lloc rocall\u00f3s, modelat durant molts segles pel cabal d&#8217;una font situada damunt del cam\u00ed, porta el cognom d&#8217;un habitant del poble de La Menera.<br \/>\nS&#8217;explica que, tornant de la Catalunya sud, el senyor Auguet va caure en un barranc i, miraculosament, nom\u00e9s va patir rascades.<br \/>\nTot es va acabar b\u00e9 i la gent de La Menera va posar el seu cognom a aquest pas.<\/p>\n<p><a href=\"https:\/\/lamanere.fr\/wp-content\/uploads\/2023\/04\/Salt-de-LAuget-222-scaled.jpg\" data-src=\"https:\/\/lamanere.fr\/wp-content\/uploads\/2023\/04\/Salt-de-LAuget-222-scaled.jpg\" data-thumb=\"https:\/\/lamanere.fr\/wp-content\/uploads\/2023\/04\/Salt-de-LAuget-222-224x300.jpg\" class=\"ml-lightbox-enabled\"><img loading=\"lazy\" decoding=\"async\" class=\"aligncenter size-medium wp-image-2727\" src=\"https:\/\/lamanere.fr\/wp-content\/uploads\/2023\/04\/Salt-de-LAuget-222-224x300.jpg\" alt=\"\" width=\"224\" height=\"300\" srcset=\"https:\/\/lamanere.fr\/wp-content\/uploads\/2023\/04\/Salt-de-LAuget-222-224x300.jpg 224w, https:\/\/lamanere.fr\/wp-content\/uploads\/2023\/04\/Salt-de-LAuget-222-766x1024.jpg 766w, https:\/\/lamanere.fr\/wp-content\/uploads\/2023\/04\/Salt-de-LAuget-222-768x1027.jpg 768w, https:\/\/lamanere.fr\/wp-content\/uploads\/2023\/04\/Salt-de-LAuget-222-1149x1536.jpg 1149w, https:\/\/lamanere.fr\/wp-content\/uploads\/2023\/04\/Salt-de-LAuget-222-1532x2048.jpg 1532w, https:\/\/lamanere.fr\/wp-content\/uploads\/2023\/04\/Salt-de-LAuget-222-359x480.jpg 359w, https:\/\/lamanere.fr\/wp-content\/uploads\/2023\/04\/Salt-de-LAuget-222-scaled.jpg 1915w\" sizes=\"(max-width: 224px) 100vw, 224px\" \/><\/a><\/p>\n<p><a href=\"https:\/\/lamanere.fr\/ca\/lamanere-oix\/#sommaire\">Sumari<\/a><\/p>\n<h3><a id=\"etape23\"><\/a><br \/>\n23. Pla de la Coma, Retirada <span style=\"font-size: 12pt;\">(Punt hist\u00f2ric)<\/span><\/h3>\n<p>El febrer de 1939, fugint dels bombardejos de les tropes franquistes, milers de republicans<br \/>\nespanyols i catalans van emprendre el cam\u00ed de l\u2019exili a Fran\u00e7a passant pel coll de Malrem.<br \/>\nEs varen reagrupar al pla de la Coma abans de baixar al poble de La Menera, on van poder ser rebuts per l&#8217;hospitalitat de la gent d\u2019all\u00e0, abans que l&#8217;ex\u00e8rcit franc\u00e8s els port\u00e9s als Camps de les platges roselloneses (Argel\u00e8s, &#8230;)<\/p>\n<p>&nbsp;<\/p>\n<p><a href=\"https:\/\/lamanere.fr\/wp-content\/uploads\/2023\/04\/plaque_retirade2-scaled.jpg\" data-src=\"https:\/\/lamanere.fr\/wp-content\/uploads\/2023\/04\/plaque_retirade2-scaled.jpg\" data-thumb=\"https:\/\/lamanere.fr\/wp-content\/uploads\/2023\/04\/plaque_retirade2-300x169.jpg\" class=\"ml-lightbox-enabled\"><img loading=\"lazy\" decoding=\"async\" class=\"aligncenter size-medium wp-image-2716\" src=\"https:\/\/lamanere.fr\/wp-content\/uploads\/2023\/04\/plaque_retirade2-300x169.jpg\" alt=\"\" width=\"300\" height=\"169\" srcset=\"https:\/\/lamanere.fr\/wp-content\/uploads\/2023\/04\/plaque_retirade2-300x169.jpg 300w, https:\/\/lamanere.fr\/wp-content\/uploads\/2023\/04\/plaque_retirade2-1024x576.jpg 1024w, https:\/\/lamanere.fr\/wp-content\/uploads\/2023\/04\/plaque_retirade2-768x432.jpg 768w, https:\/\/lamanere.fr\/wp-content\/uploads\/2023\/04\/plaque_retirade2-1536x864.jpg 1536w, https:\/\/lamanere.fr\/wp-content\/uploads\/2023\/04\/plaque_retirade2-2048x1152.jpg 2048w, https:\/\/lamanere.fr\/wp-content\/uploads\/2023\/04\/plaque_retirade2-640x360.jpg 640w\" sizes=\"(max-width: 300px) 100vw, 300px\" \/><\/a><\/p>\n<p><a href=\"https:\/\/lamanere.fr\/ca\/lamanere-oix\/#sommaire\">Sumari<\/a><\/p>\n<h3><a id=\"etape24\"><\/a><br \/>\n24. Mines de Brosser &#8211; Micromuseu \u00e0 La Menera <span style=\"font-size: 12pt;\">(Punt hist\u00f2ric)<\/span><\/h3>\n<p>Aquest micromuseu de la mina recorda el passat miner del poble. \u00c9s per aquesta activitat<br \/>\nminera que el poble de La Menera es diu aix\u00ed.<br \/>\nA l&#8217;esquerra del micromuseu, un pl\u00e0nol indica els diferents punts d&#8217;inter\u00e8s hist\u00f2rics que el visitant podr\u00e0 descobrir caminant pels carrers del poble.<br \/>\nAl nivell de micromuseu, descarregueu el Qr-code de la ruta hist\u00f2rica pels carrers del poble de La Menera.<\/p>\n<p><a href=\"https:\/\/lamanere.fr\/wp-content\/uploads\/2023\/04\/micromusee.jpg\" data-src=\"https:\/\/lamanere.fr\/wp-content\/uploads\/2023\/04\/micromusee.jpg\" data-thumb=\"https:\/\/lamanere.fr\/wp-content\/uploads\/2023\/04\/micromusee-300x148.jpg\" class=\"ml-lightbox-enabled\"><img loading=\"lazy\" decoding=\"async\" class=\"aligncenter size-medium wp-image-2726\" src=\"https:\/\/lamanere.fr\/wp-content\/uploads\/2023\/04\/micromusee-300x148.jpg\" alt=\"\" width=\"300\" height=\"148\" srcset=\"https:\/\/lamanere.fr\/wp-content\/uploads\/2023\/04\/micromusee-300x148.jpg 300w, https:\/\/lamanere.fr\/wp-content\/uploads\/2023\/04\/micromusee-1024x505.jpg 1024w, https:\/\/lamanere.fr\/wp-content\/uploads\/2023\/04\/micromusee-768x379.jpg 768w, https:\/\/lamanere.fr\/wp-content\/uploads\/2023\/04\/micromusee-640x316.jpg 640w, https:\/\/lamanere.fr\/wp-content\/uploads\/2023\/04\/micromusee.jpg 1073w\" sizes=\"(max-width: 300px) 100vw, 300px\" \/><\/a><\/p>\n<p><a href=\"https:\/\/lamanere.fr\/ca\/lamanere-oix\/#sommaire\">Sumari<\/a><\/p>\n<h3><a id=\"etape25\"><\/a><br \/>\n25. Esgl\u00e9sia Sant Salvador de La Menera <span style=\"font-size: 12pt;\">(Punt cultural)<\/span><\/h3>\n<p>L&#8217;esgl\u00e9sia rom\u00e0nica de Sant Salvador domina la pla\u00e7a major des del cim dels 10 esglaons de \u00ab l&#8217;Escaler \u00bb s\u00edmbol de conviv\u00e8ncia i punt de trobada dels vilatans.<\/p>\n<p>La portalada, amb un forrellat primitiu de ferro forjat amb un cap de drac, d\u00f3na acc\u00e9s a la nau \u00fanica, iniciada l&#8217;any 1378.<br \/>\nL&#8217;any 1723 la parr\u00f2quia es va independitzar de la de Serrallonga i es va construir el campanar quadrangular amb pedra roja.<\/p>\n<p>&nbsp;<\/p>\n<p><a href=\"https:\/\/lamanere.fr\/wp-content\/uploads\/2023\/04\/chapellestsauveur2.jpg\" data-src=\"https:\/\/lamanere.fr\/wp-content\/uploads\/2023\/04\/chapellestsauveur2.jpg\" data-thumb=\"https:\/\/lamanere.fr\/wp-content\/uploads\/2023\/04\/chapellestsauveur2-225x300.jpg\" class=\"ml-lightbox-enabled\"><img loading=\"lazy\" decoding=\"async\" class=\"aligncenter size-medium wp-image-2703\" src=\"https:\/\/lamanere.fr\/wp-content\/uploads\/2023\/04\/chapellestsauveur2-225x300.jpg\" alt=\"\" width=\"225\" height=\"300\" srcset=\"https:\/\/lamanere.fr\/wp-content\/uploads\/2023\/04\/chapellestsauveur2-225x300.jpg 225w, https:\/\/lamanere.fr\/wp-content\/uploads\/2023\/04\/chapellestsauveur2-360x480.jpg 360w, https:\/\/lamanere.fr\/wp-content\/uploads\/2023\/04\/chapellestsauveur2.jpg 450w\" sizes=\"(max-width: 225px) 100vw, 225px\" \/><\/a><\/p>\n<p><a href=\"https:\/\/lamanere.fr\/ca\/lamanere-oix\/#sommaire\">Sumari<\/a><\/p>\n<h3><a id=\"etape26\"><\/a><br \/>\n26. Poble de La Menera<\/h3>\n<p>Ruta hist\u00f2rica pels carrers del poble, sortida i indicacions a nivell del micromuseu, davant de l&#8217;ajuntament.<\/p>\n<p><img loading=\"lazy\" decoding=\"async\" class=\" wp-image-2798 aligncenter\" src=\"https:\/\/lamanere.fr\/wp-content\/uploads\/2023\/05\/photo-Lamanere-2-2020-300x158.jpg\" alt=\"\" width=\"338\" height=\"178\" srcset=\"https:\/\/lamanere.fr\/wp-content\/uploads\/2023\/05\/photo-Lamanere-2-2020-300x158.jpg 300w, https:\/\/lamanere.fr\/wp-content\/uploads\/2023\/05\/photo-Lamanere-2-2020-1024x541.jpg 1024w, https:\/\/lamanere.fr\/wp-content\/uploads\/2023\/05\/photo-Lamanere-2-2020-768x405.jpg 768w, https:\/\/lamanere.fr\/wp-content\/uploads\/2023\/05\/photo-Lamanere-2-2020-1536x811.jpg 1536w, https:\/\/lamanere.fr\/wp-content\/uploads\/2023\/05\/photo-Lamanere-2-2020-2048x1081.jpg 2048w, https:\/\/lamanere.fr\/wp-content\/uploads\/2023\/05\/photo-Lamanere-2-2020-640x338.jpg 640w\" sizes=\"(max-width: 338px) 100vw, 338px\" \/><\/p>\n<p><a href=\"https:\/\/lamanere.fr\/ca\/lamanere-oix\/#sommaire\">Sumari<\/a><\/p>","protected":false},"excerpt":{"rendered":"<p>Versi\u00f3 Catal\u00e0 Version Fran\u00e7aise SUMARI Poble de La Menera 1- Capella de Santa Christina 2- Torres de Cabren\u00e7 3- El Coll de les Falgueres i marcador de l\u00edmit 522 4- Cam\u00ed del punt m\u00e9s al sud de la Fran\u00e7a continental&hellip; <a href=\"https:\/\/lamanere.fr\/ca\/lamanere-oix\/\" class=\"more-link\">Continue Reading <span class=\"meta-nav\">&rarr;<\/span><\/a><\/p>\n","protected":false},"author":1,"featured_media":0,"parent":0,"menu_order":0,"comment_status":"closed","ping_status":"closed","template":"","meta":{"footnotes":""},"yoast_head":"<!-- This site is optimized with the Yoast SEO plugin v27.5 - https:\/\/yoast.com\/product\/yoast-seo-wordpress\/ -->\n<title>Lamanera a Oix - Laman\u00e8re - Lloc oficial del municipi<\/title>\n<meta name=\"robots\" content=\"index, follow, max-snippet:-1, max-image-preview:large, max-video-preview:-1\" \/>\n<link rel=\"canonical\" href=\"https:\/\/lamanere.fr\/lamanere-oix\/\" \/>\n<meta property=\"og:locale\" content=\"ca_ES\" \/>\n<meta property=\"og:type\" content=\"article\" \/>\n<meta property=\"og:title\" content=\"[:fr]Laman\u00e8re vers Oix[:ca]Lamanera a Oix[:] - Laman\u00e8re - Lloc oficial del municipi\" \/>\n<meta property=\"og:description\" content=\"Versi\u00f3 Catal\u00e0 Version Fran\u00e7aise SUMARI Poble de La Menera 1- Capella de Santa Christina 2- Torres de Cabren\u00e7 3- El Coll de les Falgueres i marcador de l\u00edmit 522 4- Cam\u00ed del punt m\u00e9s al sud de la Fran\u00e7a continental&hellip; Continue Reading &rarr;\" \/>\n<meta property=\"og:url\" content=\"https:\/\/lamanere.fr\/lamanere-oix\/\" \/>\n<meta property=\"og:site_name\" content=\"Laman\u00e8re - Lloc oficial del municipi\" \/>\n<meta property=\"article:publisher\" content=\"https:\/\/www.facebook.com\/lamanere\" \/>\n<meta property=\"article:modified_time\" content=\"2023-05-18T07:10:18+00:00\" \/>\n<meta property=\"og:image\" content=\"https:\/\/lamanere.fr\/wp-content\/uploads\/2022\/04\/version-fr-150x107.jpg\" \/>\n<meta name=\"twitter:card\" content=\"summary_large_image\" \/>\n<meta name=\"twitter:label1\" content=\"Temps estimat de lectura\" \/>\n\t<meta name=\"twitter:data1\" content=\"18 minuts\" \/>\n<script type=\"application\/ld+json\" class=\"yoast-schema-graph\">{\"@context\":\"https:\\\/\\\/schema.org\",\"@graph\":[{\"@type\":\"WebPage\",\"@id\":\"https:\\\/\\\/lamanere.fr\\\/lamanere-oix\\\/\",\"url\":\"https:\\\/\\\/lamanere.fr\\\/lamanere-oix\\\/\",\"name\":\"[:fr]Laman\u00e8re vers Oix[:ca]Lamanera a Oix[:] - Laman\u00e8re - Lloc oficial del municipi\",\"isPartOf\":{\"@id\":\"https:\\\/\\\/lamanere.fr\\\/#website\"},\"primaryImageOfPage\":{\"@id\":\"https:\\\/\\\/lamanere.fr\\\/lamanere-oix\\\/#primaryimage\"},\"image\":{\"@id\":\"https:\\\/\\\/lamanere.fr\\\/lamanere-oix\\\/#primaryimage\"},\"thumbnailUrl\":\"https:\\\/\\\/lamanere.fr\\\/wp-content\\\/uploads\\\/2022\\\/04\\\/version-fr-150x107.jpg\",\"datePublished\":\"2023-03-30T19:58:56+00:00\",\"dateModified\":\"2023-05-18T07:10:18+00:00\",\"breadcrumb\":{\"@id\":\"https:\\\/\\\/lamanere.fr\\\/lamanere-oix\\\/#breadcrumb\"},\"inLanguage\":\"ca\",\"potentialAction\":[{\"@type\":\"ReadAction\",\"target\":[\"https:\\\/\\\/lamanere.fr\\\/lamanere-oix\\\/\"]}]},{\"@type\":\"ImageObject\",\"inLanguage\":\"ca\",\"@id\":\"https:\\\/\\\/lamanere.fr\\\/lamanere-oix\\\/#primaryimage\",\"url\":\"https:\\\/\\\/lamanere.fr\\\/wp-content\\\/uploads\\\/2022\\\/04\\\/version-fr-150x107.jpg\",\"contentUrl\":\"https:\\\/\\\/lamanere.fr\\\/wp-content\\\/uploads\\\/2022\\\/04\\\/version-fr-150x107.jpg\"},{\"@type\":\"BreadcrumbList\",\"@id\":\"https:\\\/\\\/lamanere.fr\\\/lamanere-oix\\\/#breadcrumb\",\"itemListElement\":[{\"@type\":\"ListItem\",\"position\":1,\"name\":\"Accueil\",\"item\":\"https:\\\/\\\/lamanere.fr\\\/\"},{\"@type\":\"ListItem\",\"position\":2,\"name\":\"Laman\u00e8re vers Oix\"}]},{\"@type\":\"WebSite\",\"@id\":\"https:\\\/\\\/lamanere.fr\\\/#website\",\"url\":\"https:\\\/\\\/lamanere.fr\\\/\",\"name\":\"Laman\u00e8re - Lloc oficial del municipi\",\"description\":\"Poble m\u00e9s al sud de la Fran\u00e7a continental\",\"publisher\":{\"@id\":\"https:\\\/\\\/lamanere.fr\\\/#organization\"},\"potentialAction\":[{\"@type\":\"SearchAction\",\"target\":{\"@type\":\"EntryPoint\",\"urlTemplate\":\"https:\\\/\\\/lamanere.fr\\\/?s={search_term_string}\"},\"query-input\":{\"@type\":\"PropertyValueSpecification\",\"valueRequired\":true,\"valueName\":\"search_term_string\"}}],\"inLanguage\":\"ca\"},{\"@type\":\"Organization\",\"@id\":\"https:\\\/\\\/lamanere.fr\\\/#organization\",\"name\":\"Commune de Laman\u00e8re\",\"url\":\"https:\\\/\\\/lamanere.fr\\\/\",\"logo\":{\"@type\":\"ImageObject\",\"inLanguage\":\"ca\",\"@id\":\"https:\\\/\\\/lamanere.fr\\\/#\\\/schema\\\/logo\\\/image\\\/\",\"url\":\"https:\\\/\\\/lamanere.fr\\\/wp-content\\\/uploads\\\/2020\\\/09\\\/logo2-149.jpg\",\"contentUrl\":\"https:\\\/\\\/lamanere.fr\\\/wp-content\\\/uploads\\\/2020\\\/09\\\/logo2-149.jpg\",\"width\":149,\"height\":146,\"caption\":\"Commune de Laman\u00e8re\"},\"image\":{\"@id\":\"https:\\\/\\\/lamanere.fr\\\/#\\\/schema\\\/logo\\\/image\\\/\"},\"sameAs\":[\"https:\\\/\\\/www.facebook.com\\\/lamanere\",\"https:\\\/\\\/fr.wikipedia.org\\\/wiki\\\/Laman\u00e8re\"]}]}<\/script>\n<!-- \/ Yoast SEO plugin. -->","yoast_head_json":{"title":"[:fr]Laman\u00e8re vers Oix[:ca]Lamanera a Oix[:] - Laman\u00e8re - Lloc oficial del municipi","robots":{"index":"index","follow":"follow","max-snippet":"max-snippet:-1","max-image-preview":"max-image-preview:large","max-video-preview":"max-video-preview:-1"},"canonical":"https:\/\/lamanere.fr\/lamanere-oix\/","og_locale":"ca_ES","og_type":"article","og_title":"[:fr]Laman\u00e8re vers Oix[:ca]Lamanera a Oix[:] - Laman\u00e8re - Lloc oficial del municipi","og_description":"Versi\u00f3 Catal\u00e0 Version Fran\u00e7aise SUMARI Poble de La Menera 1- Capella de Santa Christina 2- Torres de Cabren\u00e7 3- El Coll de les Falgueres i marcador de l\u00edmit 522 4- Cam\u00ed del punt m\u00e9s al sud de la Fran\u00e7a continental&hellip; Continue Reading &rarr;","og_url":"https:\/\/lamanere.fr\/lamanere-oix\/","og_site_name":"Laman\u00e8re - Lloc oficial del municipi","article_publisher":"https:\/\/www.facebook.com\/lamanere","article_modified_time":"2023-05-18T07:10:18+00:00","og_image":[{"url":"https:\/\/lamanere.fr\/wp-content\/uploads\/2022\/04\/version-fr-150x107.jpg","type":"","width":"","height":""}],"twitter_card":"summary_large_image","twitter_misc":{"Temps estimat de lectura":"18 minuts"},"schema":{"@context":"https:\/\/schema.org","@graph":[{"@type":"WebPage","@id":"https:\/\/lamanere.fr\/lamanere-oix\/","url":"https:\/\/lamanere.fr\/lamanere-oix\/","name":"[:fr]Laman\u00e8re vers Oix[:ca]Lamanera a Oix[:] - Laman\u00e8re - Lloc oficial del municipi","isPartOf":{"@id":"https:\/\/lamanere.fr\/#website"},"primaryImageOfPage":{"@id":"https:\/\/lamanere.fr\/lamanere-oix\/#primaryimage"},"image":{"@id":"https:\/\/lamanere.fr\/lamanere-oix\/#primaryimage"},"thumbnailUrl":"https:\/\/lamanere.fr\/wp-content\/uploads\/2022\/04\/version-fr-150x107.jpg","datePublished":"2023-03-30T19:58:56+00:00","dateModified":"2023-05-18T07:10:18+00:00","breadcrumb":{"@id":"https:\/\/lamanere.fr\/lamanere-oix\/#breadcrumb"},"inLanguage":"ca","potentialAction":[{"@type":"ReadAction","target":["https:\/\/lamanere.fr\/lamanere-oix\/"]}]},{"@type":"ImageObject","inLanguage":"ca","@id":"https:\/\/lamanere.fr\/lamanere-oix\/#primaryimage","url":"https:\/\/lamanere.fr\/wp-content\/uploads\/2022\/04\/version-fr-150x107.jpg","contentUrl":"https:\/\/lamanere.fr\/wp-content\/uploads\/2022\/04\/version-fr-150x107.jpg"},{"@type":"BreadcrumbList","@id":"https:\/\/lamanere.fr\/lamanere-oix\/#breadcrumb","itemListElement":[{"@type":"ListItem","position":1,"name":"Accueil","item":"https:\/\/lamanere.fr\/"},{"@type":"ListItem","position":2,"name":"Laman\u00e8re vers Oix"}]},{"@type":"WebSite","@id":"https:\/\/lamanere.fr\/#website","url":"https:\/\/lamanere.fr\/","name":"Laman\u00e8re - Lloc oficial del municipi","description":"Poble m\u00e9s al sud de la Fran\u00e7a continental","publisher":{"@id":"https:\/\/lamanere.fr\/#organization"},"potentialAction":[{"@type":"SearchAction","target":{"@type":"EntryPoint","urlTemplate":"https:\/\/lamanere.fr\/?s={search_term_string}"},"query-input":{"@type":"PropertyValueSpecification","valueRequired":true,"valueName":"search_term_string"}}],"inLanguage":"ca"},{"@type":"Organization","@id":"https:\/\/lamanere.fr\/#organization","name":"Commune de Laman\u00e8re","url":"https:\/\/lamanere.fr\/","logo":{"@type":"ImageObject","inLanguage":"ca","@id":"https:\/\/lamanere.fr\/#\/schema\/logo\/image\/","url":"https:\/\/lamanere.fr\/wp-content\/uploads\/2020\/09\/logo2-149.jpg","contentUrl":"https:\/\/lamanere.fr\/wp-content\/uploads\/2020\/09\/logo2-149.jpg","width":149,"height":146,"caption":"Commune de Laman\u00e8re"},"image":{"@id":"https:\/\/lamanere.fr\/#\/schema\/logo\/image\/"},"sameAs":["https:\/\/www.facebook.com\/lamanere","https:\/\/fr.wikipedia.org\/wiki\/Laman\u00e8re"]}]}},"_links":{"self":[{"href":"https:\/\/lamanere.fr\/ca\/wp-json\/wp\/v2\/pages\/2643"}],"collection":[{"href":"https:\/\/lamanere.fr\/ca\/wp-json\/wp\/v2\/pages"}],"about":[{"href":"https:\/\/lamanere.fr\/ca\/wp-json\/wp\/v2\/types\/page"}],"author":[{"embeddable":true,"href":"https:\/\/lamanere.fr\/ca\/wp-json\/wp\/v2\/users\/1"}],"replies":[{"embeddable":true,"href":"https:\/\/lamanere.fr\/ca\/wp-json\/wp\/v2\/comments?post=2643"}],"version-history":[{"count":92,"href":"https:\/\/lamanere.fr\/ca\/wp-json\/wp\/v2\/pages\/2643\/revisions"}],"predecessor-version":[{"id":2825,"href":"https:\/\/lamanere.fr\/ca\/wp-json\/wp\/v2\/pages\/2643\/revisions\/2825"}],"wp:attachment":[{"href":"https:\/\/lamanere.fr\/ca\/wp-json\/wp\/v2\/media?parent=2643"}],"curies":[{"name":"wp","href":"https:\/\/api.w.org\/{rel}","templated":true}]}}