{"id":163,"date":"2020-09-02T10:13:33","date_gmt":"2020-09-02T10:13:33","guid":{"rendered":"https:\/\/lamanere.fr\/?page_id=163"},"modified":"2023-09-18T12:07:24","modified_gmt":"2023-09-18T11:07:24","slug":"acteurs-locaux","status":"publish","type":"page","link":"https:\/\/lamanere.fr\/en\/acteurs-locaux\/","title":{"rendered":"Acteurs Locaux"},"content":{"rendered":"<p class=\"qtranxs-available-languages-message qtranxs-available-languages-message-en\">Sorry, this entry is only available in <a href=\"https:\/\/lamanere.fr\/fr\/wp-json\/wp\/v2\/pages\/163\" class=\"qtranxs-available-language-link qtranxs-available-language-link-fr\" title=\"Fran\u00e7ais\">French<\/a>.<\/p><p>Que serait une localit\u00e9 sans les personnes qui l&#8217;animent et la nourrissent. Laman\u00e8re c&#8217;est une histoire \u00e0 red\u00e9couvrir, un patrimoine \u00e0 pr\u00e9server, une nature foisonnante et florissante, mais c&#8217;est aussi et surtout ses habitants, ses <strong><a href=\"#associations\">associations<\/a><\/strong>, ses <strong><a href=\"#artistes\">artistes<\/a><\/strong>, ses <strong><a href=\"#commercants\">commer\u00e7ants<\/a><\/strong>, ses <strong><a href=\"#producteurs\">producteurs,<\/a><\/strong> sa <strong><a href=\"#municipalite\">municipalit\u00e9<\/a><\/strong> et ses <a href=\"#alentours\"><strong>alentours<\/strong><\/a>.<\/p>\n<p>Si vous fa\u00eetes partie de notre localit\u00e9 ou de ses alentours et que vous souhaitez figurer sur cette page, en \u00eatre retir\u00e9, ou modifier votre pr\u00e9sentation, n&#8217;h\u00e9sitez pas \u00e0 utiliser notre <a href=\"https:\/\/lamanere.fr\/contact\/\">formulaire de contact<\/a> pour en faire la demande.<\/p>\n<h1><a id=\"associations\"><\/a>Associations<\/h1>\n<p>Associations de Laman\u00e8re et alentours, nous vous proposons un espace d&#8217;h\u00e9bergement gratuit pour votre site internet (avec une adresse gratuite https:\/\/nomdemonasso.asso.lamanere.fr). Utilisez notre <a href=\"https:\/\/lamanere.fr\/contact\/\">formulaire de contact<\/a> pour en faire la demande.<\/p>\n<table style=\"border-collapse: collapse; width: 100%; height: 532px;\">\n<tbody>\n<tr style=\"height: 251px;\">\n<td style=\"width: 50%; height: 251px;\"><a href=\"https:\/\/fr-fr.facebook.com\/pg\/ComitedesfetesLamanere\/\" target=\"_blank\" rel=\"noopener noreferrer\"><img loading=\"lazy\" decoding=\"async\" class=\"no-shadow alignnone wp-image-185\" src=\"https:\/\/lamanere.fr\/wp-content\/uploads\/2020\/09\/logo-asso-comite-des-fetes.jpg\" alt=\"comite des fetes\" width=\"200\" height=\"200\" srcset=\"https:\/\/lamanere.fr\/wp-content\/uploads\/2020\/09\/logo-asso-comite-des-fetes.jpg 225w, https:\/\/lamanere.fr\/wp-content\/uploads\/2020\/09\/logo-asso-comite-des-fetes-150x150.jpg 150w, https:\/\/lamanere.fr\/wp-content\/uploads\/2020\/09\/logo-asso-comite-des-fetes-50x50.jpg 50w\" sizes=\"(max-width: 200px) 100vw, 200px\" \/><\/a><\/p>\n<p>&nbsp;<\/td>\n<td style=\"width: 50%; height: 251px;\"><a href=\"https:\/\/fr-fr.facebook.com\/pg\/ComitedesfetesLamanere\/\"><i class=\"fab fa-facebook\"><\/i> Page Facebook du Comit\u00e9 des F\u00eates de Laman\u00e8re<\/a><\/p>\n<p><em><span class=\"oi732d6d ik7dh3pa d2edcug0 hpfvmrgz qv66sw1b c1et5uql a8c37x1j muag1w35 ew0dbk1b jq4qci2q a3bd9o3v knj5qynh oo9gr5id hzawbc8m\" dir=\"auto\"><span class=\"oi732d6d ik7dh3pa d2edcug0 hpfvmrgz qv66sw1b c1et5uql jq4qci2q a3bd9o3v knj5qynh oo9gr5id hzawbc8m\">Une page administr\u00e9e par Le Comit\u00e9 des F\u00eates de Laman\u00e8re et ouverte \u00e0 tous les amoureux de ce petit village nich\u00e9 dans les montagnes catalanes<\/span><\/span>.<\/em><\/td>\n<\/tr>\n<tr style=\"height: 233px;\">\n<td style=\"width: 50%; height: 233px;\"><a href=\"https:\/\/can-oikos.wixsite.com\/sokio\" target=\"_blank\" rel=\"noopener noreferrer\"><img loading=\"lazy\" decoding=\"async\" class=\"img-shadow alignnone wp-image-187\" src=\"https:\/\/lamanere.fr\/wp-content\/uploads\/2020\/09\/logo-asso-cepe-can-oikos-300x227.png\" alt=\"\" width=\"264\" height=\"200\" srcset=\"https:\/\/lamanere.fr\/wp-content\/uploads\/2020\/09\/logo-asso-cepe-can-oikos-300x227.png 300w, https:\/\/lamanere.fr\/wp-content\/uploads\/2020\/09\/logo-asso-cepe-can-oikos.png 514w\" sizes=\"(max-width: 264px) 100vw, 264px\" \/><\/a><\/td>\n<td style=\"width: 50%; height: 233px;\"><a href=\"https:\/\/can-oikos.wixsite.com\/sokio\">Site Internet de Cepe Can O\u00efkos<\/a><\/p>\n<p><em>Ecologie,\u00a0autonomie,\u00a0respect de la vie &amp; partage<\/em><br \/>\n<em>Au\u00a0Cepe can O\u00efkos, nous cherchons \u00e0 minimiser notre impact sur l&#8217;environnement et maximiser l&#8217;acc\u00e8s aux savoirs, \u00e0 la libert\u00e9, \u00e0 la paix et in fine au bonheur. Pour ce faire nous pratiquons l&#8217;\u00e9cologie au quotidien.<\/em><br \/>\n<em>Amis de la terre, au plaisir de te rencontrer &#8230;<\/em><\/td>\n<\/tr>\n<tr style=\"height: 24px;\">\n<td style=\"width: 50%; height: 24px;\"><a href=\"https:\/\/leplacotaucoeur.com\/\" target=\"_blank\" rel=\"noopener noreferrer\"><img loading=\"lazy\" decoding=\"async\" class=\"no-shadow alignnone wp-image-189\" src=\"https:\/\/lamanere.fr\/wp-content\/uploads\/2020\/09\/logo-asso-leplacotaucoeur-300x300.png\" alt=\"\" width=\"200\" height=\"200\" srcset=\"https:\/\/lamanere.fr\/wp-content\/uploads\/2020\/09\/logo-asso-leplacotaucoeur-300x300.png 300w, https:\/\/lamanere.fr\/wp-content\/uploads\/2020\/09\/logo-asso-leplacotaucoeur-150x150.png 150w, https:\/\/lamanere.fr\/wp-content\/uploads\/2020\/09\/logo-asso-leplacotaucoeur-50x50.png 50w, https:\/\/lamanere.fr\/wp-content\/uploads\/2020\/09\/logo-asso-leplacotaucoeur.png 720w\" sizes=\"(max-width: 200px) 100vw, 200px\" \/><\/a><\/td>\n<td style=\"width: 50%; height: 24px;\"><a href=\"https:\/\/leplacotaucoeur.com\/\">Site Internet du Pla\u00e7ot au Coeur<\/a><\/p>\n<p><em>De nouveaux habitants de Laman\u00e8re, apportant leur enthousiasme et leur \u00e9nergie sont venus \u00e9tayer et encourager l\u2019id\u00e9e de leur r\u00e9habilitation port\u00e9e par nombre d\u2019entre-nous, qui sommes n\u00e9s au village ou y venant depuis longtemps. <\/em><em>De cette union est n\u00e9e l\u2019Association \u00ab Le Pla\u00e7ot au c\u0153ur \u00bb qui se propose de relancer le d\u00e9fi, reprenant ainsi le flambeau de l\u2019ancienne association, qui entre 1985 et 2000 avait d\u00e9j\u00e0 rachet\u00e9, restaur\u00e9 et fait vivre l\u2019ancienne colonie, en partenariat avec la Mairie.<\/em><\/td>\n<\/tr>\n<tr style=\"height: 24px;\">\n<td style=\"width: 50%; height: 24px;\"><\/td>\n<td style=\"width: 50%; height: 24px;\">&nbsp;<\/p>\n<p>&nbsp;<\/td>\n<\/tr>\n<\/tbody>\n<\/table>\n<p>&nbsp;<\/p>\n<h1><a id=\"artistes\"><\/a>Artistes<\/h1>\n<table style=\"border-collapse: collapse; width: 100%; height: 416px;\">\n<tbody>\n<tr style=\"height: 24px;\">\n<td style=\"width: 50%; height: 24px;\"><a href=\"http:\/\/brule.eixida.over-blog.com\/\"><img loading=\"lazy\" decoding=\"async\" class=\"img-shadow alignnone wp-image-276 size-thumbnail\" src=\"https:\/\/lamanere.fr\/wp-content\/uploads\/2020\/09\/gallerie-roger-brule-150x150.jpg\" alt=\"\" width=\"150\" height=\"150\" srcset=\"https:\/\/lamanere.fr\/wp-content\/uploads\/2020\/09\/gallerie-roger-brule-150x150.jpg 150w, https:\/\/lamanere.fr\/wp-content\/uploads\/2020\/09\/gallerie-roger-brule-50x50.jpg 50w\" sizes=\"(max-width: 150px) 100vw, 150px\" \/><img loading=\"lazy\" decoding=\"async\" class=\"img-shadow alignnone wp-image-279 size-thumbnail\" src=\"https:\/\/lamanere.fr\/wp-content\/uploads\/2020\/09\/gallerie-roger-brule-2-150x150.jpg\" alt=\"\" width=\"150\" height=\"150\" srcset=\"https:\/\/lamanere.fr\/wp-content\/uploads\/2020\/09\/gallerie-roger-brule-2-150x150.jpg 150w, https:\/\/lamanere.fr\/wp-content\/uploads\/2020\/09\/gallerie-roger-brule-2-50x50.jpg 50w\" sizes=\"(max-width: 150px) 100vw, 150px\" \/><\/a><\/p>\n<p><a href=\"http:\/\/brule.eixida.over-blog.com\/\"><strong><span style=\"font-size: 14pt;\">Roger Brul\u00e9 &#8211; Sculpteur, Artiste Peintre et Photographe<\/span><\/strong><\/a><\/td>\n<td style=\"width: 50%; height: 24px;\">Roger Brul\u00e9 &#8211; Sculpteur, Artiste Peintre et Photographe<\/p>\n<p><a href=\"http:\/\/brule.eixida.over-blog.com\/\">Le blog de Roger Brul\u00e9<\/a><\/p>\n<p><a href=\"http:\/\/brule.eixida.over-blog.com\/article-25864870.html\">Sculptures fer et acier<\/a><\/td>\n<\/tr>\n<\/tbody>\n<\/table>\n<h1><a id=\"commercants\"><\/a>Commer\u00e7ants<\/h1>\n<table style=\"border-collapse: collapse; width: 100%;\">\n<tbody>\n<tr>\n<td style=\"width: 50%;\"><a href=\"https:\/\/elnostreracorestaurantlaman\u00e8re.com\/\"><img loading=\"lazy\" decoding=\"async\" class=\"img-shadow wp-image-259 size-thumbnail alignnone\" src=\"https:\/\/lamanere.fr\/wp-content\/uploads\/2020\/09\/elnostre-raco-terrasse-150x150.jpg\" alt=\"\" width=\"150\" height=\"150\" srcset=\"https:\/\/lamanere.fr\/wp-content\/uploads\/2020\/09\/elnostre-raco-terrasse-150x150.jpg 150w, https:\/\/lamanere.fr\/wp-content\/uploads\/2020\/09\/elnostre-raco-terrasse-300x300.jpg 300w, https:\/\/lamanere.fr\/wp-content\/uploads\/2020\/09\/elnostre-raco-terrasse-1024x1024.jpg 1024w, https:\/\/lamanere.fr\/wp-content\/uploads\/2020\/09\/elnostre-raco-terrasse-768x768.jpg 768w, https:\/\/lamanere.fr\/wp-content\/uploads\/2020\/09\/elnostre-raco-terrasse-50x50.jpg 50w, https:\/\/lamanere.fr\/wp-content\/uploads\/2020\/09\/elnostre-raco-terrasse.jpg 1280w\" sizes=\"(max-width: 150px) 100vw, 150px\" \/><img loading=\"lazy\" decoding=\"async\" class=\"img-shadow wp-image-258 size-thumbnail alignnone\" src=\"https:\/\/lamanere.fr\/wp-content\/uploads\/2020\/09\/elnostre-raco-salade-150x150.png\" alt=\"\" width=\"150\" height=\"150\" srcset=\"https:\/\/lamanere.fr\/wp-content\/uploads\/2020\/09\/elnostre-raco-salade-150x150.png 150w, https:\/\/lamanere.fr\/wp-content\/uploads\/2020\/09\/elnostre-raco-salade-300x300.png 300w, https:\/\/lamanere.fr\/wp-content\/uploads\/2020\/09\/elnostre-raco-salade-50x50.png 50w, https:\/\/lamanere.fr\/wp-content\/uploads\/2020\/09\/elnostre-raco-salade.png 334w\" sizes=\"(max-width: 150px) 100vw, 150px\" \/><\/a><\/p>\n<p>&nbsp;<\/td>\n<td style=\"width: 50%;\">\n<div class=\"hero__strapline teQaN \" data-field=\"hours-header\">\n<div><\/div>\n<\/div>\n<\/td>\n<\/tr>\n<\/tbody>\n<\/table>\n<h1><a id=\"producteurs\"><\/a>Producteurs<\/h1>\n<table style=\"border-collapse: collapse; width: 100%;\">\n<tbody>\n<tr>\n<td style=\"width: 50%;\">\n<h3><a href=\"https:\/\/kuupanda.com\/store\/marie\/\"><img loading=\"lazy\" decoding=\"async\" class=\"img-shadow alignnone wp-image-268 size-medium\" src=\"https:\/\/lamanere.fr\/wp-content\/uploads\/2020\/09\/fruits-et-legumes-300x174.jpg\" alt=\"\" width=\"300\" height=\"174\" srcset=\"https:\/\/lamanere.fr\/wp-content\/uploads\/2020\/09\/fruits-et-legumes-300x174.jpg 300w, https:\/\/lamanere.fr\/wp-content\/uploads\/2020\/09\/fruits-et-legumes-768x446.jpg 768w, https:\/\/lamanere.fr\/wp-content\/uploads\/2020\/09\/fruits-et-legumes.jpg 960w\" sizes=\"(max-width: 300px) 100vw, 300px\" \/><\/a><\/h3>\n<h3><a href=\"https:\/\/kuupanda.com\/store\/marie\/\">Oeufs, Mara\u00eechage fruits et l\u00e9gumes &#8211; Marie de France<\/a><\/h3>\n<\/td>\n<td style=\"width: 50%;\">\n<div class=\"elements-area\">\n<section id=\"elm-content-7-main\" class=\"elm-main elm-content-main load-finished\">\n<div class=\"elm-wrapper elm-content-wrapper\">\n<div id=\"primary\" class=\"content-area\">\n<div id=\"content\" class=\"content-wrap\" role=\"main\">\n<div class=\"item-content-wrap\">\n<div class=\"item-content\">\n<div class=\"entry-content-wrap\">\n<div class=\"entry-content\">\n<p><span style=\"font-size: 12pt;\">Oeufs, Mara\u00eechage fruits et l\u00e9gumes<\/span><\/p>\n<p>Marie De France 27 Rue Abdon Poggi, Serralongue<\/p>\n<p><strong>Livraison :<\/strong> les vendredis de 16h \u2013 18h<br \/>\n<strong>Points de retraits :<\/strong> sur place du mardi au vendredi 16h \u2013 18h<br \/>\nAvenue Georges Clemenceau C\u00e9ret les samedi de 8h \u2013 10h<\/p>\n<p><a href=\"https:\/\/kuupanda.com\/store\/marie\/\">Boutique Kuupanda &#8211; Marie<\/a><\/p>\n<p><a href=\"https:\/\/www.sudcanigo.com\/item\/maraichage-de-france\/\">Sud Canig\u00f3 &#8211; Mara\u00eechage de France<\/a><\/p>\n<\/div>\n<\/div>\n<\/div>\n<\/div>\n<\/div>\n<\/div>\n<\/div>\n<\/section>\n<\/div>\n<\/td>\n<\/tr>\n<\/tbody>\n<\/table>\n<h1><a id=\"municipalite\"><\/a>Municipalit\u00e9<\/h1>\n<div id=\"text\">\n<p>Le nouvelle administration avec \u00e0 sa t\u00eate Gis\u00e8le Juanole travaille en collaboration avec ses conseillers municipaux: G\u00e9rard Cuvilliez, Jacky Pujol, Claude Font, S\u00e9verine Margalef, Jean-Paul La\u00eflle et <span class=\"result-card__party\">Pierrette Juanole-Demoulin, mais \u00e9galement avec tous les Laman\u00e9rois d\u00e9sireux de participer \u00e0 la vie du village et qui ont r\u00e9pondu pr\u00e9sents pour se joindre aux initiatives, groupes de travail, commissions et chantiers collectifs, sur les diff\u00e9rents sujets de la vie du village.<br \/>\n<\/span><\/p>\n<\/div>\n<p><a href=\"https:\/\/lamanere.fr\/conseil-municipal\/\">Plus de d\u00e9tails sur le Conseil Municipal<\/a><\/p>\n<p><a href=\"https:\/\/lamanere.fr\/category\/commissions-municipales\/\">Plus de d\u00e9tails sur les Commissions Municipales<\/a><\/p>\n<p><a href=\"https:\/\/www.facebook.com\/groups\/commune.lamanere\/\" target=\"_blank\" rel=\"noopener noreferrer\"><i class=\"fab fa-facebook-square\"><\/i> <\/a><a href=\"https:\/\/www.facebook.com\/groups\/commune.lamanere\/\" target=\"_blank\" rel=\"noopener noreferrer\">Facebook Officiel de la Commune<\/a><\/p>\n<p><a href=\"https:\/\/www.facebook.com\/groups\/lamanere.notrepassioncommune\" target=\"_blank\" rel=\"noopener noreferrer\"><i class=\"fab fa-facebook-square\"><\/i> <\/a><a href=\"https:\/\/www.facebook.com\/groups\/lamanere.notrepassioncommune\" target=\"_blank\" rel=\"noopener noreferrer\">Facebook de &#8220;Laman\u00e8re notre passion Commune&#8221;<\/a><\/p>\n<h1><a id=\"alentours\"><\/a>Alentours<\/h1>\n<table style=\"border-collapse: collapse; width: 100%;\">\n<tbody>\n<tr>\n<td style=\"width: 50%;\"><a href=\"https:\/\/www.espadrille-catalane.com\" target=\"_blank\" rel=\"noopener noreferrer\"><img loading=\"lazy\" decoding=\"async\" class=\"img-shadow alignnone wp-image-391 size-thumbnail\" src=\"https:\/\/lamanere.fr\/wp-content\/uploads\/2020\/09\/espadrille-catalane-150x150.jpg\" alt=\"\" width=\"150\" height=\"150\" srcset=\"https:\/\/lamanere.fr\/wp-content\/uploads\/2020\/09\/espadrille-catalane-150x150.jpg 150w, https:\/\/lamanere.fr\/wp-content\/uploads\/2020\/09\/espadrille-catalane-50x50.jpg 50w\" sizes=\"(max-width: 150px) 100vw, 150px\" \/><img loading=\"lazy\" decoding=\"async\" class=\"img-shadow alignnone wp-image-392 size-thumbnail\" src=\"https:\/\/lamanere.fr\/wp-content\/uploads\/2020\/09\/espadrille-catalane2-150x150.jpg\" alt=\"\" width=\"150\" height=\"150\" srcset=\"https:\/\/lamanere.fr\/wp-content\/uploads\/2020\/09\/espadrille-catalane2-150x150.jpg 150w, https:\/\/lamanere.fr\/wp-content\/uploads\/2020\/09\/espadrille-catalane2-50x50.jpg 50w, https:\/\/lamanere.fr\/wp-content\/uploads\/2020\/09\/espadrille-catalane2.jpg 301w\" sizes=\"(max-width: 150px) 100vw, 150px\" \/><\/a><\/p>\n<p><a href=\"https:\/\/www.espadrille-catalane.com\/\"><strong><span style=\"font-size: 14pt;\">Cr\u00e9ation Catalane<\/span><\/strong><\/a><\/td>\n<td style=\"width: 50%;\"><strong>Cr\u00e9ation Catalane<\/strong><\/p>\n<p>Artisan d&#8217;Espadrilles Catalanes dans les PO<\/p>\n<p class=\"font_8\">Chemin du Baynat d&#8217;en pouly<br \/>\n66260 Saint-Laurent-De-Cerdans<\/p>\n<p><a href=\"https:\/\/www.espadrille-catalane.com\/\" target=\"_blank\" rel=\"noopener noreferrer\">Site Officiel<\/a><\/td>\n<\/tr>\n<\/tbody>\n<\/table>\n<p><\/p>","protected":false},"excerpt":{"rendered":"<p>Sorry, this entry is only available in French.Que serait une localit\u00e9 sans les personnes qui l&#8217;animent et la nourrissent. Laman\u00e8re c&#8217;est une histoire \u00e0 red\u00e9couvrir, un patrimoine \u00e0 pr\u00e9server, une nature foisonnante et florissante, mais c&#8217;est aussi et surtout ses&hellip; <a href=\"https:\/\/lamanere.fr\/en\/acteurs-locaux\/\" class=\"more-link\">Continue Reading <span class=\"meta-nav\">&rarr;<\/span><\/a><\/p>\n","protected":false},"author":1,"featured_media":0,"parent":0,"menu_order":0,"comment_status":"closed","ping_status":"closed","template":"","meta":{"footnotes":""},"yoast_head":"<!-- This site is optimized with the Yoast SEO plugin v27.5 - https:\/\/yoast.com\/product\/yoast-seo-wordpress\/ -->\n<title>Acteurs Locaux - Laman\u00e8re - Official Site of the Municipality<\/title>\n<meta name=\"robots\" content=\"index, follow, max-snippet:-1, max-image-preview:large, max-video-preview:-1\" \/>\n<link rel=\"canonical\" href=\"https:\/\/lamanere.fr\/acteurs-locaux\/\" \/>\n<meta property=\"og:locale\" content=\"en_US\" \/>\n<meta property=\"og:type\" content=\"article\" \/>\n<meta property=\"og:title\" content=\"Acteurs Locaux - Laman\u00e8re - Official Site of the Municipality\" \/>\n<meta property=\"og:description\" content=\"Sorry, this entry is only available in French.Que serait une localit\u00e9 sans les personnes qui l&#8217;animent et la nourrissent. Laman\u00e8re c&#8217;est une histoire \u00e0 red\u00e9couvrir, un patrimoine \u00e0 pr\u00e9server, une nature foisonnante et florissante, mais c&#8217;est aussi et surtout ses&hellip; Continue Reading &rarr;\" \/>\n<meta property=\"og:url\" content=\"https:\/\/lamanere.fr\/acteurs-locaux\/\" \/>\n<meta property=\"og:site_name\" content=\"Laman\u00e8re - Official Site of the Municipality\" \/>\n<meta property=\"article:publisher\" content=\"https:\/\/www.facebook.com\/lamanere\" \/>\n<meta property=\"article:modified_time\" content=\"2023-09-18T11:07:24+00:00\" \/>\n<meta property=\"og:image\" content=\"https:\/\/lamanere.fr\/wp-content\/uploads\/2020\/09\/logo-asso-comite-des-fetes.jpg\" \/>\n<meta name=\"twitter:card\" content=\"summary_large_image\" \/>\n<meta name=\"twitter:label1\" content=\"Est. reading time\" \/>\n\t<meta name=\"twitter:data1\" content=\"5 minutes\" \/>\n<script type=\"application\/ld+json\" class=\"yoast-schema-graph\">{\"@context\":\"https:\\\/\\\/schema.org\",\"@graph\":[{\"@type\":\"WebPage\",\"@id\":\"https:\\\/\\\/lamanere.fr\\\/acteurs-locaux\\\/\",\"url\":\"https:\\\/\\\/lamanere.fr\\\/acteurs-locaux\\\/\",\"name\":\"Acteurs Locaux - Laman\u00e8re - Official Site of the Municipality\",\"isPartOf\":{\"@id\":\"https:\\\/\\\/lamanere.fr\\\/#website\"},\"primaryImageOfPage\":{\"@id\":\"https:\\\/\\\/lamanere.fr\\\/acteurs-locaux\\\/#primaryimage\"},\"image\":{\"@id\":\"https:\\\/\\\/lamanere.fr\\\/acteurs-locaux\\\/#primaryimage\"},\"thumbnailUrl\":\"https:\\\/\\\/lamanere.fr\\\/wp-content\\\/uploads\\\/2020\\\/09\\\/logo-asso-comite-des-fetes.jpg\",\"datePublished\":\"2020-09-02T10:13:33+00:00\",\"dateModified\":\"2023-09-18T11:07:24+00:00\",\"breadcrumb\":{\"@id\":\"https:\\\/\\\/lamanere.fr\\\/acteurs-locaux\\\/#breadcrumb\"},\"inLanguage\":\"en-US\",\"potentialAction\":[{\"@type\":\"ReadAction\",\"target\":[\"https:\\\/\\\/lamanere.fr\\\/acteurs-locaux\\\/\"]}]},{\"@type\":\"ImageObject\",\"inLanguage\":\"en-US\",\"@id\":\"https:\\\/\\\/lamanere.fr\\\/acteurs-locaux\\\/#primaryimage\",\"url\":\"https:\\\/\\\/lamanere.fr\\\/wp-content\\\/uploads\\\/2020\\\/09\\\/logo-asso-comite-des-fetes.jpg\",\"contentUrl\":\"https:\\\/\\\/lamanere.fr\\\/wp-content\\\/uploads\\\/2020\\\/09\\\/logo-asso-comite-des-fetes.jpg\"},{\"@type\":\"BreadcrumbList\",\"@id\":\"https:\\\/\\\/lamanere.fr\\\/acteurs-locaux\\\/#breadcrumb\",\"itemListElement\":[{\"@type\":\"ListItem\",\"position\":1,\"name\":\"Accueil\",\"item\":\"https:\\\/\\\/lamanere.fr\\\/\"},{\"@type\":\"ListItem\",\"position\":2,\"name\":\"Acteurs Locaux\"}]},{\"@type\":\"WebSite\",\"@id\":\"https:\\\/\\\/lamanere.fr\\\/#website\",\"url\":\"https:\\\/\\\/lamanere.fr\\\/\",\"name\":\"Laman\u00e8re - Official Site of the Municipality\",\"description\":\"Southernmost village in mainland France\",\"publisher\":{\"@id\":\"https:\\\/\\\/lamanere.fr\\\/#organization\"},\"potentialAction\":[{\"@type\":\"SearchAction\",\"target\":{\"@type\":\"EntryPoint\",\"urlTemplate\":\"https:\\\/\\\/lamanere.fr\\\/?s={search_term_string}\"},\"query-input\":{\"@type\":\"PropertyValueSpecification\",\"valueRequired\":true,\"valueName\":\"search_term_string\"}}],\"inLanguage\":\"en-US\"},{\"@type\":\"Organization\",\"@id\":\"https:\\\/\\\/lamanere.fr\\\/#organization\",\"name\":\"Commune de Laman\u00e8re\",\"url\":\"https:\\\/\\\/lamanere.fr\\\/\",\"logo\":{\"@type\":\"ImageObject\",\"inLanguage\":\"en-US\",\"@id\":\"https:\\\/\\\/lamanere.fr\\\/#\\\/schema\\\/logo\\\/image\\\/\",\"url\":\"https:\\\/\\\/lamanere.fr\\\/wp-content\\\/uploads\\\/2020\\\/09\\\/logo2-149.jpg\",\"contentUrl\":\"https:\\\/\\\/lamanere.fr\\\/wp-content\\\/uploads\\\/2020\\\/09\\\/logo2-149.jpg\",\"width\":149,\"height\":146,\"caption\":\"Commune de Laman\u00e8re\"},\"image\":{\"@id\":\"https:\\\/\\\/lamanere.fr\\\/#\\\/schema\\\/logo\\\/image\\\/\"},\"sameAs\":[\"https:\\\/\\\/www.facebook.com\\\/lamanere\",\"https:\\\/\\\/fr.wikipedia.org\\\/wiki\\\/Laman\u00e8re\"]}]}<\/script>\n<!-- \/ Yoast SEO plugin. -->","yoast_head_json":{"title":"Acteurs Locaux - Laman\u00e8re - Official Site of the Municipality","robots":{"index":"index","follow":"follow","max-snippet":"max-snippet:-1","max-image-preview":"max-image-preview:large","max-video-preview":"max-video-preview:-1"},"canonical":"https:\/\/lamanere.fr\/acteurs-locaux\/","og_locale":"en_US","og_type":"article","og_title":"Acteurs Locaux - Laman\u00e8re - Official Site of the Municipality","og_description":"Sorry, this entry is only available in French.Que serait une localit\u00e9 sans les personnes qui l&#8217;animent et la nourrissent. Laman\u00e8re c&#8217;est une histoire \u00e0 red\u00e9couvrir, un patrimoine \u00e0 pr\u00e9server, une nature foisonnante et florissante, mais c&#8217;est aussi et surtout ses&hellip; Continue Reading &rarr;","og_url":"https:\/\/lamanere.fr\/acteurs-locaux\/","og_site_name":"Laman\u00e8re - Official Site of the Municipality","article_publisher":"https:\/\/www.facebook.com\/lamanere","article_modified_time":"2023-09-18T11:07:24+00:00","og_image":[{"url":"https:\/\/lamanere.fr\/wp-content\/uploads\/2020\/09\/logo-asso-comite-des-fetes.jpg","type":"","width":"","height":""}],"twitter_card":"summary_large_image","twitter_misc":{"Est. reading time":"5 minutes"},"schema":{"@context":"https:\/\/schema.org","@graph":[{"@type":"WebPage","@id":"https:\/\/lamanere.fr\/acteurs-locaux\/","url":"https:\/\/lamanere.fr\/acteurs-locaux\/","name":"Acteurs Locaux - Laman\u00e8re - Official Site of the Municipality","isPartOf":{"@id":"https:\/\/lamanere.fr\/#website"},"primaryImageOfPage":{"@id":"https:\/\/lamanere.fr\/acteurs-locaux\/#primaryimage"},"image":{"@id":"https:\/\/lamanere.fr\/acteurs-locaux\/#primaryimage"},"thumbnailUrl":"https:\/\/lamanere.fr\/wp-content\/uploads\/2020\/09\/logo-asso-comite-des-fetes.jpg","datePublished":"2020-09-02T10:13:33+00:00","dateModified":"2023-09-18T11:07:24+00:00","breadcrumb":{"@id":"https:\/\/lamanere.fr\/acteurs-locaux\/#breadcrumb"},"inLanguage":"en-US","potentialAction":[{"@type":"ReadAction","target":["https:\/\/lamanere.fr\/acteurs-locaux\/"]}]},{"@type":"ImageObject","inLanguage":"en-US","@id":"https:\/\/lamanere.fr\/acteurs-locaux\/#primaryimage","url":"https:\/\/lamanere.fr\/wp-content\/uploads\/2020\/09\/logo-asso-comite-des-fetes.jpg","contentUrl":"https:\/\/lamanere.fr\/wp-content\/uploads\/2020\/09\/logo-asso-comite-des-fetes.jpg"},{"@type":"BreadcrumbList","@id":"https:\/\/lamanere.fr\/acteurs-locaux\/#breadcrumb","itemListElement":[{"@type":"ListItem","position":1,"name":"Accueil","item":"https:\/\/lamanere.fr\/"},{"@type":"ListItem","position":2,"name":"Acteurs Locaux"}]},{"@type":"WebSite","@id":"https:\/\/lamanere.fr\/#website","url":"https:\/\/lamanere.fr\/","name":"Laman\u00e8re - Official Site of the Municipality","description":"Southernmost village in mainland France","publisher":{"@id":"https:\/\/lamanere.fr\/#organization"},"potentialAction":[{"@type":"SearchAction","target":{"@type":"EntryPoint","urlTemplate":"https:\/\/lamanere.fr\/?s={search_term_string}"},"query-input":{"@type":"PropertyValueSpecification","valueRequired":true,"valueName":"search_term_string"}}],"inLanguage":"en-US"},{"@type":"Organization","@id":"https:\/\/lamanere.fr\/#organization","name":"Commune de Laman\u00e8re","url":"https:\/\/lamanere.fr\/","logo":{"@type":"ImageObject","inLanguage":"en-US","@id":"https:\/\/lamanere.fr\/#\/schema\/logo\/image\/","url":"https:\/\/lamanere.fr\/wp-content\/uploads\/2020\/09\/logo2-149.jpg","contentUrl":"https:\/\/lamanere.fr\/wp-content\/uploads\/2020\/09\/logo2-149.jpg","width":149,"height":146,"caption":"Commune de Laman\u00e8re"},"image":{"@id":"https:\/\/lamanere.fr\/#\/schema\/logo\/image\/"},"sameAs":["https:\/\/www.facebook.com\/lamanere","https:\/\/fr.wikipedia.org\/wiki\/Laman\u00e8re"]}]}},"_links":{"self":[{"href":"https:\/\/lamanere.fr\/en\/wp-json\/wp\/v2\/pages\/163"}],"collection":[{"href":"https:\/\/lamanere.fr\/en\/wp-json\/wp\/v2\/pages"}],"about":[{"href":"https:\/\/lamanere.fr\/en\/wp-json\/wp\/v2\/types\/page"}],"author":[{"embeddable":true,"href":"https:\/\/lamanere.fr\/en\/wp-json\/wp\/v2\/users\/1"}],"replies":[{"embeddable":true,"href":"https:\/\/lamanere.fr\/en\/wp-json\/wp\/v2\/comments?post=163"}],"version-history":[{"count":44,"href":"https:\/\/lamanere.fr\/en\/wp-json\/wp\/v2\/pages\/163\/revisions"}],"predecessor-version":[{"id":2940,"href":"https:\/\/lamanere.fr\/en\/wp-json\/wp\/v2\/pages\/163\/revisions\/2940"}],"wp:attachment":[{"href":"https:\/\/lamanere.fr\/en\/wp-json\/wp\/v2\/media?parent=163"}],"curies":[{"name":"wp","href":"https:\/\/api.w.org\/{rel}","templated":true}]}}