{"id":2643,"date":"2023-03-30T20:58:56","date_gmt":"2023-03-30T19:58:56","guid":{"rendered":"https:\/\/lamanere.fr\/?page_id=2643"},"modified":"2023-05-18T08:10:18","modified_gmt":"2023-05-18T07:10:18","slug":"lamanere-oix","status":"publish","type":"page","link":"https:\/\/lamanere.fr\/en\/lamanere-oix\/","title":{"rendered":"Laman\u00e8re vers Oix"},"content":{"rendered":"<p class=\"qtranxs-available-languages-message qtranxs-available-languages-message-en\">Sorry, this entry is only available in <a href=\"https:\/\/lamanere.fr\/fr\/wp-json\/wp\/v2\/pages\/2643\" class=\"qtranxs-available-language-link qtranxs-available-language-link-fr\" title=\"Fran\u00e7ais\">French<\/a> and <a href=\"https:\/\/lamanere.fr\/ca\/wp-json\/wp\/v2\/pages\/2643\" class=\"qtranxs-available-language-link qtranxs-available-language-link-ca\" title=\"Catal\u00e0\">Catalan<\/a>.<\/p><p><\/p>\n<h1 style=\"text-align: center;\"><a href=\"https:\/\/lamanere.fr\/lamanere-oix\/#sommaire\">Version Fran\u00e7aise<\/a><\/h1>\n<p><a href=\"https:\/\/lamanere.fr\/lamanere-oix\/#sommaire\"><img loading=\"lazy\" decoding=\"async\" class=\"wp-image-2307 size-thumbnail aligncenter\" src=\"https:\/\/lamanere.fr\/wp-content\/uploads\/2022\/04\/version-fr-150x107.jpg\" alt=\"\" width=\"150\" height=\"107\" \/><\/a><\/p>\n<h1 style=\"text-align: center;\"><a href=\"https:\/\/lamanere.fr\/ca\/lamanere-oix\/#sommaire\">Versi\u00f3 Catal\u00e0<\/a><\/h1>\n<p><a href=\"https:\/\/lamanere.fr\/ca\/lamanere-oix\/#sommaire\"><img loading=\"lazy\" decoding=\"async\" class=\"wp-image-2309 size-thumbnail aligncenter\" src=\"https:\/\/lamanere.fr\/wp-content\/uploads\/2022\/04\/version-ca-150x101.jpg\" alt=\"\" width=\"150\" height=\"101\" \/><\/a><\/p>\n<h1><a id=\"sommaire\"><\/a>SOMMAIRE<\/h1>\n<h3><strong><a href=\"#village-lamanere\">village de Laman\u00e8re<\/a><\/strong><\/h3>\n<p><a href=\"#etape1\"><strong><span style=\"font-size: 14pt;\">1- Chapelle Sainte Christine<\/span><\/strong><\/a><br \/>\n<a href=\"#etape2\"><strong><span style=\"font-size: 14pt;\">2- Tours de Cabren\u00e7<\/span><\/strong><\/a><br \/>\n<a href=\"#etape3\"><strong><span style=\"font-size: 14pt;\">3- Col des Falgueres et borne fronti\u00e8re 522<\/span><\/strong><\/a><br \/>\n<a href=\"#etape4\"><strong><span style=\"font-size: 14pt;\">4- Chemin du point le plus au sud de la France continentale<br \/>\n(pic Comanegra) Baga de Bordellat<\/span><\/strong><\/a><br \/>\n<a href=\"#etape5\"><strong><span style=\"font-size: 14pt;\">5- Charbonni\u00e8res<\/span><\/strong><\/a><br \/>\n<a href=\"#etape6\"><strong><span style=\"font-size: 14pt;\">6- Balmes d\u2019Uja<\/span><\/strong><\/a><br \/>\n<a href=\"#etape7\"><strong><span style=\"font-size: 14pt;\">7- Camp del Roc<\/span><\/strong><\/a><br \/>\n<a href=\"#etape8\"><strong><span style=\"font-size: 14pt;\">8- Sant Aniol d\u2019Aguja<\/span><\/strong><\/a><br \/>\n<a href=\"#etape9\"><strong><span style=\"font-size: 14pt;\">9- Talaix\u00e0<\/span><\/strong><\/a><br \/>\n<a href=\"#etape10\"><strong><span style=\"font-size: 14pt;\">10- Point de vue de Talaix\u00e0<\/span><\/strong><\/a><br \/>\n<a href=\"#etape11\"><strong><span style=\"font-size: 14pt;\">11- Point de vue de l\u2019Alta Garrotxa<\/span><\/strong><\/a><br \/>\n<a href=\"#etape12\"><strong><span style=\"font-size: 14pt;\">12- Pas dels Lliberals ou Grau d\u2019Escales<\/span><\/strong><\/a><br \/>\n<a href=\"#etape13\"><strong><span style=\"font-size: 14pt;\">13- Pont Rom\u00e0 ou Pont d\u2019Oix<\/span><\/strong><\/a><br \/>\n<a href=\"#etape14\"><strong><span style=\"font-size: 14pt;\">14- Village d\u2019Oix<\/span><\/strong><\/a><br \/>\n<a href=\"#etape15\"><strong><span style=\"font-size: 14pt;\">15- El Peirer<\/span><\/strong><\/a><br \/>\n<a href=\"#etape16\"><strong><span style=\"font-size: 14pt;\">16- \u00c9glise de Sant Andreu de Bestrac\u00e0 &#8211; Ruines du ch\u00e2teau de<br \/>\nSant Juli\u00e0<\/span><\/strong><\/a><br \/>\n<a href=\"#etape17\"><strong><span style=\"font-size: 14pt;\">17- El Riberal de Beget<\/span><\/strong><\/a><br \/>\n<a href=\"#etape18\"><strong><span style=\"font-size: 14pt;\">18- \u00c9glise de Sant Crist\u00f2fol de Beget<\/span><\/strong><\/a><br \/>\n<a href=\"#etape19\"><strong><span style=\"font-size: 14pt;\">19- Point de vue du Grau<\/span><\/strong><\/a><br \/>\n<a href=\"#etape20\"><strong><span style=\"font-size: 14pt;\">20- Oratoire de Can Fran\u00e7a ou Sant Antoni<\/span><\/strong><\/a><br \/>\n<a href=\"#etape21\"><strong><span style=\"font-size: 14pt;\">21- Col de Malrem borne 521<\/span><\/strong><\/a><br \/>\n<a href=\"#etape22\"><strong><span style=\"font-size: 14pt;\">22- Saut de l\u2019Auguet<\/span><\/strong><\/a><br \/>\n<a href=\"#etape23\"><strong><span style=\"font-size: 14pt;\">23- Pla de la Coma, Retirada<\/span><\/strong><\/a><br \/>\n<a href=\"#etape24\"><strong><span style=\"font-size: 14pt;\">24- Mines du Brosser (point de vue) Micromus\u00e9e \u00e0<br \/>\nLaman\u00e8re<\/span><\/strong><\/a><br \/>\n<a href=\"#etape25\"><strong><span style=\"font-size: 14pt;\">25- Eglise Saint Sauveur de Laman\u00e8re<\/span><\/strong><\/a><br \/>\n<a href=\"#etape26\"><strong><span style=\"font-size: 14pt;\">26- Village de Laman\u00e8re<\/span><\/strong><\/a><\/p>\n<h2><\/h2>\n<p><a href=\"#sommaire\">Retour sommaire<\/a><\/p>\n<h3><a id=\"village-lamanere\"><\/a><br \/>\nVillage de Laman\u00e8re <span style=\"font-size: 12pt;\">(Point historique et<br \/>\nculturel)<\/span><\/h3>\n<p>Laman\u00e8re est une commune situ\u00e9e dans le sud du d\u00e9partement des Pyr\u00e9n\u00e9es Orientales, en r\u00e9gion Occitanie.<br \/>\nElle poss\u00e8de la particularit\u00e9 d\u2019\u00eatre la commune la plus m\u00e9ridionale, la plus au Sud de la France continentale.<\/p>\n<p><img loading=\"lazy\" decoding=\"async\" class=\" wp-image-2798 aligncenter\" src=\"https:\/\/lamanere.fr\/wp-content\/uploads\/2023\/05\/photo-Lamanere-2-2020-300x158.jpg\" alt=\"\" width=\"390\" height=\"205\" srcset=\"https:\/\/lamanere.fr\/wp-content\/uploads\/2023\/05\/photo-Lamanere-2-2020-300x158.jpg 300w, https:\/\/lamanere.fr\/wp-content\/uploads\/2023\/05\/photo-Lamanere-2-2020-1024x541.jpg 1024w, https:\/\/lamanere.fr\/wp-content\/uploads\/2023\/05\/photo-Lamanere-2-2020-768x405.jpg 768w, https:\/\/lamanere.fr\/wp-content\/uploads\/2023\/05\/photo-Lamanere-2-2020-1536x811.jpg 1536w, https:\/\/lamanere.fr\/wp-content\/uploads\/2023\/05\/photo-Lamanere-2-2020-2048x1081.jpg 2048w, https:\/\/lamanere.fr\/wp-content\/uploads\/2023\/05\/photo-Lamanere-2-2020-640x338.jpg 640w\" sizes=\"(max-width: 390px) 100vw, 390px\" \/><\/p>\n<p>&nbsp;<\/p>\n<p><a href=\"#sommaire\">Retour sommaire<\/a><\/p>\n<h3><a id=\"etape1\"><\/a> 1. Chapelle Sainte Christine <span style=\"font-size: 12pt;\">(Point culturel)<\/span><\/h3>\n<p>Chapelle dont la pr\u00e9sence est attest\u00e9e au XIIe si\u00e8cle par un document testamentaire prouvant qu\u2019un cur\u00e9 y officiait \u00e0<br \/>\nplein temps. Son origine serait plut\u00f4t du XIe si\u00e8cle. La pr\u00e9sence de cette chapelle se justifiait alors par l\u2019existence<br \/>\nde plusieurs mas dont celui de <b>Cal Batlle<\/b> qui devait \u00eatre le plus important. Un p\u00e8lerinage avait lieu le 8 mai de<br \/>\nchaque ann\u00e9e pour <b>la b\u00e9n\u00e9diction des petits pains<\/b>.<\/p>\n<p><img loading=\"lazy\" decoding=\"async\" class=\"size-full wp-image-2720 aligncenter\" src=\"https:\/\/lamanere.fr\/wp-content\/uploads\/2023\/04\/st_christine.jpg\" alt=\"\" width=\"194\" height=\"260\" \/><\/p>\n<p><a href=\"https:\/\/lamanere.fr\/lamanere-oix\/#sommaire\">Retour sommaire<\/a><\/p>\n<h3><a id=\"etape2\"><\/a><br \/>\n2. Tours de Cabren\u00e7 <span style=\"font-size: 12pt;\">(Point historique)<\/span><\/h3>\n<p>Cabren\u00e7 (Ch\u00e8vre) est le symbole d\u2019Oliba Cabreta qui construisit le 1er ch\u00e2teau en 990.<br \/>\nSe trouvent sur ce massif rocheux \u00e0 1326m, 3 ruines f\u00e9odales :<\/p>\n<ol>\n<li>la tour \u00e0 signaux avertissait d\u2019agresseurs \u00e9ventuels les autres tours (Mir, Bat\u00e8re,\u2026)<\/li>\n<li>la tour m\u00e9diane, tour de d\u00e9fense<\/li>\n<li>le ch\u00e2teau neuf du XIV\u00e8me entour\u00e9 d\u2019une enceinte avec sa chapelle St Michel<\/li>\n<\/ol>\n<p><a href=\"https:\/\/lamanere.fr\/wp-content\/uploads\/2023\/04\/Tours-Lamanere-264-scaled.jpg\" data-src=\"https:\/\/lamanere.fr\/wp-content\/uploads\/2023\/04\/Tours-Lamanere-264-scaled.jpg\" data-thumb=\"https:\/\/lamanere.fr\/wp-content\/uploads\/2023\/04\/Tours-Lamanere-264-300x225.jpg\" class=\"ml-lightbox-enabled\"><img loading=\"lazy\" decoding=\"async\" class=\"aligncenter wp-image-2723 size-medium\" src=\"https:\/\/lamanere.fr\/wp-content\/uploads\/2023\/04\/Tours-Lamanere-264-300x225.jpg\" alt=\"\" width=\"300\" height=\"225\" srcset=\"https:\/\/lamanere.fr\/wp-content\/uploads\/2023\/04\/Tours-Lamanere-264-300x225.jpg 300w, https:\/\/lamanere.fr\/wp-content\/uploads\/2023\/04\/Tours-Lamanere-264-1024x768.jpg 1024w, https:\/\/lamanere.fr\/wp-content\/uploads\/2023\/04\/Tours-Lamanere-264-768x576.jpg 768w, https:\/\/lamanere.fr\/wp-content\/uploads\/2023\/04\/Tours-Lamanere-264-1536x1152.jpg 1536w, https:\/\/lamanere.fr\/wp-content\/uploads\/2023\/04\/Tours-Lamanere-264-2048x1536.jpg 2048w, https:\/\/lamanere.fr\/wp-content\/uploads\/2023\/04\/Tours-Lamanere-264-640x480.jpg 640w\" sizes=\"(max-width: 300px) 100vw, 300px\" \/><\/a><\/p>\n<p><a href=\"https:\/\/lamanere.fr\/lamanere-oix\/#sommaire\">Retour sommaire<\/a><\/p>\n<h3><a id=\"etape3\"><\/a><br \/>\n3. Col des Falgueres et borne fronti\u00e8re 522 <span style=\"font-size: 12pt;\">(Point naturel et culturel)<\/span><\/h3>\n<p>La fronti\u00e8re entre la France et l\u2019Espagne mesure 656,3 km. De l\u2019Atlantique \u00e0 la M\u00e9diterran\u00e9e, 602 bornes ont \u00e9t\u00e9 pos\u00e9es<br \/>\nentre 1853 et 1868.<br \/>\nSur le territoire de Laman\u00e8re, se trouvent 2 bornes en granit rose:<\/p>\n<ol>\n<li>La borne 521 au col de Malrem (1131m)<\/li>\n<li>La borne 522 au col des Falgueres (1139m)<\/li>\n<\/ol>\n<p>Ces cols s\u00e9parent les vall\u00e9es et rassemblent les peuples.<\/p>\n<p><img loading=\"lazy\" decoding=\"async\" class=\"size-full wp-image-2701 aligncenter\" src=\"https:\/\/lamanere.fr\/wp-content\/uploads\/2023\/04\/borne-522.jpg\" alt=\"\" width=\"300\" height=\"168\" \/><\/p>\n<p><a href=\"https:\/\/lamanere.fr\/lamanere-oix\/#sommaire\">Retour sommaire<\/a><\/p>\n<h3><a id=\"etape4\"><\/a><br \/>\n4. Chemin du point le plus au sud de la France continentale<br \/>\n(pic Comanegra) Baga de Bordellat <span style=\"font-size: 12pt;\">(Point de vue et naturel)<\/span><\/h3>\n<p>La Baga de Bordellat est domin\u00e9e par le Coma Negra 1550m. Sur ce massif se trouve le point le plus au sud de la France<br \/>\ncontinentale (42\u00b0 19&#8242; 59&#8217;N, 2\u00b0 31\u2019 58\u2019\u2019 E). La Baga a ses portes d\u2019entr\u00e9e : le col de Malrem (borne fronti\u00e8re 521) et<br \/>\nle col des Falgueres (borne 522)<\/p>\n<p><a href=\"https:\/\/lamanere.fr\/wp-content\/uploads\/2023\/04\/pointleplusausud.jpg\" data-src=\"https:\/\/lamanere.fr\/wp-content\/uploads\/2023\/04\/pointleplusausud.jpg\" data-thumb=\"https:\/\/lamanere.fr\/wp-content\/uploads\/2023\/04\/pointleplusausud-300x225.jpg\" class=\"ml-lightbox-enabled\"><img loading=\"lazy\" decoding=\"async\" class=\"aligncenter wp-image-2717 size-medium\" src=\"https:\/\/lamanere.fr\/wp-content\/uploads\/2023\/04\/pointleplusausud-300x225.jpg\" alt=\"\" width=\"300\" height=\"225\" srcset=\"https:\/\/lamanere.fr\/wp-content\/uploads\/2023\/04\/pointleplusausud-300x225.jpg 300w, https:\/\/lamanere.fr\/wp-content\/uploads\/2023\/04\/pointleplusausud-768x575.jpg 768w, https:\/\/lamanere.fr\/wp-content\/uploads\/2023\/04\/pointleplusausud-640x480.jpg 640w, https:\/\/lamanere.fr\/wp-content\/uploads\/2023\/04\/pointleplusausud.jpg 817w\" sizes=\"(max-width: 300px) 100vw, 300px\" \/><\/a><\/p>\n<p><a href=\"https:\/\/lamanere.fr\/lamanere-oix\/#sommaire\">Retour sommaire<\/a><\/p>\n<h3><a id=\"etape5\"><\/a><br \/>\n5. Charbonni\u00e8res <span style=\"font-size: 12pt;\">(Point naturel et historique)<\/span><\/h3>\n<p>Dans nos for\u00eats de nombreuses clairi\u00e8res ont \u00e9t\u00e9 am\u00e9nag\u00e9es.<br \/>\nSur ces derni\u00e8res les charbonniers construisaient des &#8220;meules&#8221; (bois recouvert de mottes de terre).<\/p>\n<p>Apr\u00e8s y avoir mis le feu, et au bout d&#8217;une semaine de combustion, le charbon de bois \u00e9tait pr\u00eat \u00e0 \u00eatre r\u00e9cup\u00e9r\u00e9.<\/p>\n<p><a href=\"https:\/\/lamanere.fr\/wp-content\/uploads\/2023\/04\/charbonniere.jpg\" data-src=\"https:\/\/lamanere.fr\/wp-content\/uploads\/2023\/04\/charbonniere.jpg\" data-thumb=\"https:\/\/lamanere.fr\/wp-content\/uploads\/2023\/04\/charbonniere-225x300.jpg\" class=\"ml-lightbox-enabled\"><img loading=\"lazy\" decoding=\"async\" class=\"aligncenter wp-image-2704 size-medium\" src=\"https:\/\/lamanere.fr\/wp-content\/uploads\/2023\/04\/charbonniere-225x300.jpg\" alt=\"\" width=\"225\" height=\"300\" srcset=\"https:\/\/lamanere.fr\/wp-content\/uploads\/2023\/04\/charbonniere-225x300.jpg 225w, https:\/\/lamanere.fr\/wp-content\/uploads\/2023\/04\/charbonniere-768x1024.jpg 768w, https:\/\/lamanere.fr\/wp-content\/uploads\/2023\/04\/charbonniere-1152x1536.jpg 1152w, https:\/\/lamanere.fr\/wp-content\/uploads\/2023\/04\/charbonniere-360x480.jpg 360w, https:\/\/lamanere.fr\/wp-content\/uploads\/2023\/04\/charbonniere.jpg 1536w\" sizes=\"(max-width: 225px) 100vw, 225px\" \/><\/a><\/p>\n<p><a href=\"https:\/\/lamanere.fr\/lamanere-oix\/#sommaire\">Retour sommaire<\/a><\/p>\n<h3><a id=\"etape6\"><\/a><br \/>\n6. Balmes d\u2019Uja <span style=\"font-size: 12pt;\">(Point naturel)<\/span><\/h3>\n<p>Grottes situ\u00e9es dans la vall\u00e9e d\u2019Uja (torrent qui descend de Sant Aniol). Ces cavit\u00e9s se sont form\u00e9es \u00e0 la suite du d\u00e9tachement de roches d\u2019origine morainique d\u00e9plac\u00e9es par un glacier (premi\u00e8re \u00e2ge glaciaire).<\/p>\n<p>Les baumes ou balmes sont un \u00e9l\u00e9ment caract\u00e9ristique de la g\u00e9ographie de l&#8217;Alta Garrotxa. Ces cavit\u00e9s dans la roche des falaises, bien qu&#8217;\u00e9tant plus ouvertes et moins profondes que les grottes, ont \u00e9t\u00e9 utilis\u00e9es au cours des si\u00e8cles pour abriter des bergers, des randonneurs, des cachettes pour les \u00abtrabucaires\u00bb (brigands) ou les contrebandiers, et dans certains cas pour construire des abris pour le b\u00e9tail et \u00e9ventuellement des maisons dans le pass\u00e9. Au-dessous des Balmes d&#8217;Uja, vous pouvez voir l&#8217;ermitage de Sant Aniol d&#8217;Aguja.<\/p>\n<p><a href=\"https:\/\/lamanere.fr\/wp-content\/uploads\/2023\/04\/balmes-dUja-1885027521_20221103_113412_5072047_resized-scaled.jpg\" data-src=\"https:\/\/lamanere.fr\/wp-content\/uploads\/2023\/04\/balmes-dUja-1885027521_20221103_113412_5072047_resized-scaled.jpg\" data-thumb=\"https:\/\/lamanere.fr\/wp-content\/uploads\/2023\/04\/balmes-dUja-1885027521_20221103_113412_5072047_resized-225x300.jpg\" class=\"ml-lightbox-enabled\"><img loading=\"lazy\" decoding=\"async\" class=\"size-medium wp-image-2698 alignleft\" src=\"https:\/\/lamanere.fr\/wp-content\/uploads\/2023\/04\/balmes-dUja-1885027521_20221103_113412_5072047_resized-225x300.jpg\" alt=\"\" width=\"225\" height=\"300\" srcset=\"https:\/\/lamanere.fr\/wp-content\/uploads\/2023\/04\/balmes-dUja-1885027521_20221103_113412_5072047_resized-225x300.jpg 225w, https:\/\/lamanere.fr\/wp-content\/uploads\/2023\/04\/balmes-dUja-1885027521_20221103_113412_5072047_resized-768x1024.jpg 768w, https:\/\/lamanere.fr\/wp-content\/uploads\/2023\/04\/balmes-dUja-1885027521_20221103_113412_5072047_resized-1152x1536.jpg 1152w, https:\/\/lamanere.fr\/wp-content\/uploads\/2023\/04\/balmes-dUja-1885027521_20221103_113412_5072047_resized-1536x2048.jpg 1536w, https:\/\/lamanere.fr\/wp-content\/uploads\/2023\/04\/balmes-dUja-1885027521_20221103_113412_5072047_resized-360x480.jpg 360w, https:\/\/lamanere.fr\/wp-content\/uploads\/2023\/04\/balmes-dUja-1885027521_20221103_113412_5072047_resized-scaled.jpg 1920w\" sizes=\"(max-width: 225px) 100vw, 225px\" \/><img loading=\"lazy\" decoding=\"async\" class=\"size-medium wp-image-2774 aligncenter\" src=\"https:\/\/lamanere.fr\/wp-content\/uploads\/2023\/05\/les-balmes-300x225.jpg\" alt=\"\" width=\"300\" height=\"225\" srcset=\"https:\/\/lamanere.fr\/wp-content\/uploads\/2023\/05\/les-balmes-300x225.jpg 300w, https:\/\/lamanere.fr\/wp-content\/uploads\/2023\/05\/les-balmes-1024x768.jpg 1024w, https:\/\/lamanere.fr\/wp-content\/uploads\/2023\/05\/les-balmes-768x576.jpg 768w, https:\/\/lamanere.fr\/wp-content\/uploads\/2023\/05\/les-balmes-1536x1152.jpg 1536w, https:\/\/lamanere.fr\/wp-content\/uploads\/2023\/05\/les-balmes-640x480.jpg 640w, https:\/\/lamanere.fr\/wp-content\/uploads\/2023\/05\/les-balmes.jpg 1772w\" sizes=\"(max-width: 300px) 100vw, 300px\" \/><\/a><\/p>\n<p>&nbsp;<\/p>\n<p>&nbsp;<\/p>\n<p><a href=\"https:\/\/lamanere.fr\/lamanere-oix\/#sommaire\">Retour sommaire<\/a><\/p>\n<h3><a id=\"etape7\"><\/a><br \/>\n7. Camp del Roc <span style=\"font-size: 12pt;\">(Point historique)<\/span><\/h3>\n<p>De ce plateau, sous les pics de Sant Marc et de les Bruixes, on aper\u00e7oit dans les profondeurs l&#8217;\u00e9glise de Sant Juli\u00e0 de<br \/>\nRibelles. Au d\u00e9but du XX\u00e8me si\u00e8cle, le hameau des Ribelles comptait encore environ 145 habitants, r\u00e9partis dans une<br \/>\ntrentaine de maisons \u00e9parses, mas et moulins, aujourd&#8217;hui tous inhabit\u00e9s. Ribelles appartenait autrefois \u00e0 la<br \/>\nmunicipalit\u00e9 de Bassegoda avant que ces deux noyaux ne soient ajout\u00e9s \u00e0 Albany\u00e0.<\/p>\n<p><img loading=\"lazy\" decoding=\"async\" class=\"alignnone size-medium wp-image-2772\" src=\"https:\/\/lamanere.fr\/wp-content\/uploads\/2023\/05\/camp-del-roc-300x225.jpg\" alt=\"\" width=\"300\" height=\"225\" srcset=\"https:\/\/lamanere.fr\/wp-content\/uploads\/2023\/05\/camp-del-roc-300x225.jpg 300w, https:\/\/lamanere.fr\/wp-content\/uploads\/2023\/05\/camp-del-roc-1024x768.jpg 1024w, https:\/\/lamanere.fr\/wp-content\/uploads\/2023\/05\/camp-del-roc-768x576.jpg 768w, https:\/\/lamanere.fr\/wp-content\/uploads\/2023\/05\/camp-del-roc-1536x1152.jpg 1536w, https:\/\/lamanere.fr\/wp-content\/uploads\/2023\/05\/camp-del-roc-2048x1536.jpg 2048w, https:\/\/lamanere.fr\/wp-content\/uploads\/2023\/05\/camp-del-roc-640x480.jpg 640w\" sizes=\"(max-width: 300px) 100vw, 300px\" \/> <img loading=\"lazy\" decoding=\"async\" class=\"alignnone size-medium wp-image-2773\" src=\"https:\/\/lamanere.fr\/wp-content\/uploads\/2023\/05\/restes-de-Camp-del-Roc-300x225.jpg\" alt=\"\" width=\"300\" height=\"225\" srcset=\"https:\/\/lamanere.fr\/wp-content\/uploads\/2023\/05\/restes-de-Camp-del-Roc-300x225.jpg 300w, https:\/\/lamanere.fr\/wp-content\/uploads\/2023\/05\/restes-de-Camp-del-Roc-1024x768.jpg 1024w, https:\/\/lamanere.fr\/wp-content\/uploads\/2023\/05\/restes-de-Camp-del-Roc-768x576.jpg 768w, https:\/\/lamanere.fr\/wp-content\/uploads\/2023\/05\/restes-de-Camp-del-Roc-1536x1152.jpg 1536w, https:\/\/lamanere.fr\/wp-content\/uploads\/2023\/05\/restes-de-Camp-del-Roc-640x480.jpg 640w, https:\/\/lamanere.fr\/wp-content\/uploads\/2023\/05\/restes-de-Camp-del-Roc.jpg 1772w\" sizes=\"(max-width: 300px) 100vw, 300px\" \/><\/p>\n<p><a href=\"https:\/\/lamanere.fr\/lamanere-oix\/#sommaire\">Retour sommaire<\/a><\/p>\n<h3><a id=\"etape8\"><\/a><br \/>\n8. Sant Aniol d\u2019Aguja <span style=\"font-size: 12pt;\">(Point naturel et culturel)<\/span><\/h3>\n<p>Monast\u00e8re B\u00e9n\u00e9dictin de Montagut et Oix, fond\u00e9 en 859,<br \/>\nL&#8217;\u00e9glise romane date du XI \u00e8me.<br \/>\nTout \u00e0 cot\u00e9 nous avons l&#8217;un des plus beau canyon des Pyr\u00e9n\u00e9es, (7 sauts, dont el Salt del Brull, et des cascades)<br \/>\nA l&#8217;ermitage de Sant Aniol d&#8217;Aguja se tient le traditionnel Aplec de Sant Aniol, \u00e9galement appel\u00e9 \u00abAplec dels<br \/>\nfransesos\u00bb, o\u00f9 les habitants des deux c\u00f4t\u00e9s se rassemblent chaque ann\u00e9e. L&#8217;ancien presbyt\u00e8re devient un refuge pour les<br \/>\nrandonneurs.<\/p>\n<p><a href=\"https:\/\/lamanere.fr\/wp-content\/uploads\/2023\/04\/Sant-Aniol.jpg\" data-src=\"https:\/\/lamanere.fr\/wp-content\/uploads\/2023\/04\/Sant-Aniol.jpg\" data-thumb=\"https:\/\/lamanere.fr\/wp-content\/uploads\/2023\/04\/Sant-Aniol-300x200.jpg\" class=\"ml-lightbox-enabled\"><img loading=\"lazy\" decoding=\"async\" class=\"aligncenter wp-image-2718 size-medium\" src=\"https:\/\/lamanere.fr\/wp-content\/uploads\/2023\/04\/Sant-Aniol-300x200.jpg\" alt=\"\" width=\"300\" height=\"200\" srcset=\"https:\/\/lamanere.fr\/wp-content\/uploads\/2023\/04\/Sant-Aniol-300x200.jpg 300w, https:\/\/lamanere.fr\/wp-content\/uploads\/2023\/04\/Sant-Aniol.jpg 550w\" sizes=\"(max-width: 300px) 100vw, 300px\" \/><\/a><\/p>\n<p><a href=\"https:\/\/lamanere.fr\/lamanere-oix\/#sommaire\">Retour sommaire<\/a><\/p>\n<h3><a id=\"etape9\"><\/a><br \/>\n9. Talaix\u00e0 <span style=\"font-size: 12pt;\">(Point naturel et culturel)<\/span><\/h3>\n<p>Talaix\u00e0 est un petit village dont les origines remontent au IXe si\u00e8cle.<br \/>\nL\u2019\u00e9glise romane de Sant Mart\u00ed, du Xe si\u00e8cle, est remarquable.<br \/>\nLe Col de Talaix\u00e0 \u00e9tait un point strat\u00e9gique dans le contr\u00f4le de la contrebande.<br \/>\nD&#8217;o\u00f9 des b\u00e2timents comme la Casilla, o\u00f9 se trouvaient les casernes des carabiniers, ou la Canova, qui servait d&#8217;auberge.<br \/>\nVers 1970, Talaix\u00e0 est abandonn\u00e9e. Dans les ann\u00e9es 80, un personnage singulier est apparu, populairement connu sous le nom de &#8220;Rodri&#8221;, pour donner \u00e0 ce lieu un nouvel \u00e9lan. Rodri a c\u00e9d\u00e9 la propri\u00e9t\u00e9 Canova au centre de randonn\u00e9e d&#8217;Olot pour construire un refuge, \u201cla Casa de Talaix\u00e0\u201d.<\/p>\n<p><img loading=\"lazy\" decoding=\"async\" class=\"size-medium wp-image-2748 aligncenter\" src=\"https:\/\/lamanere.fr\/wp-content\/uploads\/2023\/05\/01_Talaixa-300x200.jpg\" alt=\"\" width=\"300\" height=\"200\" srcset=\"https:\/\/lamanere.fr\/wp-content\/uploads\/2023\/05\/01_Talaixa-300x200.jpg 300w, https:\/\/lamanere.fr\/wp-content\/uploads\/2023\/05\/01_Talaixa-1024x683.jpg 1024w, https:\/\/lamanere.fr\/wp-content\/uploads\/2023\/05\/01_Talaixa-768x512.jpg 768w, https:\/\/lamanere.fr\/wp-content\/uploads\/2023\/05\/01_Talaixa-1536x1024.jpg 1536w, https:\/\/lamanere.fr\/wp-content\/uploads\/2023\/05\/01_Talaixa-2048x1365.jpg 2048w, https:\/\/lamanere.fr\/wp-content\/uploads\/2023\/05\/01_Talaixa-640x427.jpg 640w\" sizes=\"(max-width: 300px) 100vw, 300px\" \/><\/p>\n<p><a href=\"https:\/\/lamanere.fr\/lamanere-oix\/#sommaire\">Retour sommaire<\/a><\/p>\n<h3><a id=\"etape10\"><\/a><br \/>\n10. Point de vue de Talaix\u00e0<span style=\"font-size: 12pt;\">(Point panoramique)<\/span><\/h3>\n<p>Talaix\u00e0 est situ\u00e9 sur un col avec une vue privil\u00e9gi\u00e9e sur Bassegoda et les vall\u00e9es de Riu et Sant Aniol.<\/p>\n<p><img loading=\"lazy\" decoding=\"async\" class=\"size-medium wp-image-2752 alignleft\" src=\"https:\/\/lamanere.fr\/wp-content\/uploads\/2023\/05\/03_Mirador-Talaixa-300x201.jpg\" alt=\"\" width=\"300\" height=\"201\" srcset=\"https:\/\/lamanere.fr\/wp-content\/uploads\/2023\/05\/03_Mirador-Talaixa-300x201.jpg 300w, https:\/\/lamanere.fr\/wp-content\/uploads\/2023\/05\/03_Mirador-Talaixa-1024x685.jpg 1024w, https:\/\/lamanere.fr\/wp-content\/uploads\/2023\/05\/03_Mirador-Talaixa-768x514.jpg 768w, https:\/\/lamanere.fr\/wp-content\/uploads\/2023\/05\/03_Mirador-Talaixa-1536x1028.jpg 1536w, https:\/\/lamanere.fr\/wp-content\/uploads\/2023\/05\/03_Mirador-Talaixa-2048x1371.jpg 2048w, https:\/\/lamanere.fr\/wp-content\/uploads\/2023\/05\/03_Mirador-Talaixa-640x428.jpg 640w\" sizes=\"(max-width: 300px) 100vw, 300px\" \/><img loading=\"lazy\" decoding=\"async\" class=\"size-medium wp-image-2758 aligncenter\" src=\"https:\/\/lamanere.fr\/wp-content\/uploads\/2023\/05\/02_Mirador-Talaixa-1-300x200.jpg\" alt=\"\" width=\"300\" height=\"200\" srcset=\"https:\/\/lamanere.fr\/wp-content\/uploads\/2023\/05\/02_Mirador-Talaixa-1-300x200.jpg 300w, https:\/\/lamanere.fr\/wp-content\/uploads\/2023\/05\/02_Mirador-Talaixa-1-1024x683.jpg 1024w, https:\/\/lamanere.fr\/wp-content\/uploads\/2023\/05\/02_Mirador-Talaixa-1-768x512.jpg 768w, https:\/\/lamanere.fr\/wp-content\/uploads\/2023\/05\/02_Mirador-Talaixa-1-1536x1024.jpg 1536w, https:\/\/lamanere.fr\/wp-content\/uploads\/2023\/05\/02_Mirador-Talaixa-1-2048x1365.jpg 2048w, https:\/\/lamanere.fr\/wp-content\/uploads\/2023\/05\/02_Mirador-Talaixa-1-640x427.jpg 640w\" sizes=\"(max-width: 300px) 100vw, 300px\" \/><\/p>\n<p>&nbsp;<\/p>\n<p><a href=\"https:\/\/lamanere.fr\/lamanere-oix\/#sommaire\">Retour sommaire<\/a><\/p>\n<h3><a id=\"etape11\"><\/a><br \/>\n11. Point de vue de l\u2019Alta Garrotxa<\/h3>\n<p>Magnifique vue panoramique sur les montagnes du Ferran, du Bestrac\u00e0 et la vall\u00e9e d&#8217;Oix.<\/p>\n<p><img loading=\"lazy\" decoding=\"async\" class=\"size-medium wp-image-2753 aligncenter\" src=\"https:\/\/lamanere.fr\/wp-content\/uploads\/2023\/05\/04_Mirador-Alta-G-300x225.jpg\" alt=\"\" width=\"300\" height=\"225\" srcset=\"https:\/\/lamanere.fr\/wp-content\/uploads\/2023\/05\/04_Mirador-Alta-G-300x225.jpg 300w, https:\/\/lamanere.fr\/wp-content\/uploads\/2023\/05\/04_Mirador-Alta-G-1024x768.jpg 1024w, https:\/\/lamanere.fr\/wp-content\/uploads\/2023\/05\/04_Mirador-Alta-G-768x576.jpg 768w, https:\/\/lamanere.fr\/wp-content\/uploads\/2023\/05\/04_Mirador-Alta-G-1536x1152.jpg 1536w, https:\/\/lamanere.fr\/wp-content\/uploads\/2023\/05\/04_Mirador-Alta-G-2048x1536.jpg 2048w, https:\/\/lamanere.fr\/wp-content\/uploads\/2023\/05\/04_Mirador-Alta-G-640x480.jpg 640w\" sizes=\"(max-width: 300px) 100vw, 300px\" \/><\/p>\n<p><a href=\"https:\/\/lamanere.fr\/lamanere-oix\/#sommaire\">Retour sommaire<\/a><\/p>\n<h3><a id=\"etape12\"><\/a><br \/>\n12. Pas dels Lliberals ou Grau d\u2019Escales<\/h3>\n<p>Le ruisseau de Beget s\u2019est fray\u00e9 un passage entre la Serra de Bestrec\u00e0 (Cresta del Gall) et les falaises de Ferran, formant un d\u00e9troit escarp\u00e9, accident\u00e9, sauvage et infranchissable. Pour sauver celui-ci on y a constuit \u00ab\u00a0el grau d&#8217;Escales,\u00a0\u00bb connu aussi sous le nom de \u00ab Grau Vell\u00a0\u00bb ou \u00ab\u00a0Pas dels Lliberals\u00bb .<br \/>\nC&#8217;est un tron\u00e7on de chemin pav\u00e9 avec garde-corps en pierre, construit sur un mur de pierre qui permettait de passer par ce d\u00e9troit avant la construction de la route d&#8217;Hortmoier &#8211; de l&#8217;autre c\u00f4t\u00e9 du ruisseau.<br \/>\nLe nom Pas dels Lliberals rappelle le triste sort des volontaires lib\u00e9raux qui, pendant la premi\u00e8re guerre carline, ont \u00e9t\u00e9 pr\u00e9cipit\u00e9s \u00e0 cet endroit.<\/p>\n<p><img loading=\"lazy\" decoding=\"async\" class=\"size-medium wp-image-2760 aligncenter\" src=\"https:\/\/lamanere.fr\/wp-content\/uploads\/2023\/05\/07_Pas-Lliberals-300x300.jpg\" alt=\"\" width=\"300\" height=\"300\" srcset=\"https:\/\/lamanere.fr\/wp-content\/uploads\/2023\/05\/07_Pas-Lliberals-300x300.jpg 300w, https:\/\/lamanere.fr\/wp-content\/uploads\/2023\/05\/07_Pas-Lliberals-1024x1024.jpg 1024w, https:\/\/lamanere.fr\/wp-content\/uploads\/2023\/05\/07_Pas-Lliberals-150x150.jpg 150w, https:\/\/lamanere.fr\/wp-content\/uploads\/2023\/05\/07_Pas-Lliberals-768x768.jpg 768w, https:\/\/lamanere.fr\/wp-content\/uploads\/2023\/05\/07_Pas-Lliberals-1536x1536.jpg 1536w, https:\/\/lamanere.fr\/wp-content\/uploads\/2023\/05\/07_Pas-Lliberals-50x50.jpg 50w, https:\/\/lamanere.fr\/wp-content\/uploads\/2023\/05\/07_Pas-Lliberals-125x125.jpg 125w, https:\/\/lamanere.fr\/wp-content\/uploads\/2023\/05\/07_Pas-Lliberals-200x200.jpg 200w, https:\/\/lamanere.fr\/wp-content\/uploads\/2023\/05\/07_Pas-Lliberals-80x80.jpg 80w, https:\/\/lamanere.fr\/wp-content\/uploads\/2023\/05\/07_Pas-Lliberals-480x480.jpg 480w, https:\/\/lamanere.fr\/wp-content\/uploads\/2023\/05\/07_Pas-Lliberals.jpg 1560w\" sizes=\"(max-width: 300px) 100vw, 300px\" \/><\/p>\n<p>&nbsp;<\/p>\n<p><a href=\"https:\/\/lamanere.fr\/lamanere-oix\/#sommaire\">Retour sommaire<\/a><\/p>\n<h3><a id=\"etape13\"><\/a><br \/>\n13. Pont Rom\u00e0 ou Pont d\u2019Oix<\/h3>\n<p>D&#8217;origine m\u00e9di\u00e9vale, il est actuellement bien conserv\u00e9 gr\u00e2ce \u00e0 la restauration effectu\u00e9e par les Amis de l&#8217;Alta Garrotxa en 1991.<br \/>\nIl a un arc principal en demi-point et un arc secondaire beaucoup plus petit.<br \/>\nIl \u00e9tait tr\u00e8s important pour traverser le ruisseau quand il \u00e9tait plein, car cela permettait de prendre le chemin de Pruneres ou de Castellfollit de la Roca.<br \/>\nPr\u00e8s du pont, il y a un panneau qui rappelle\u00a0: &#8220;Pont m\u00e9di\u00e9val qui, selon la l\u00e9gende, \u00e9tait utilis\u00e9 par Monsieur de la Quera de Talaix\u00e0, le baron, pour exercer le droit de cuissage sur les jeunes filles du voisinage de Santa B\u00e0rbara de Pruneres&#8221;<\/p>\n<p><img loading=\"lazy\" decoding=\"async\" class=\"size-medium wp-image-2761 aligncenter\" src=\"https:\/\/lamanere.fr\/wp-content\/uploads\/2023\/05\/08_Pont-Romanic-300x201.jpg\" alt=\"\" width=\"300\" height=\"201\" srcset=\"https:\/\/lamanere.fr\/wp-content\/uploads\/2023\/05\/08_Pont-Romanic-300x201.jpg 300w, https:\/\/lamanere.fr\/wp-content\/uploads\/2023\/05\/08_Pont-Romanic-1024x685.jpg 1024w, https:\/\/lamanere.fr\/wp-content\/uploads\/2023\/05\/08_Pont-Romanic-768x514.jpg 768w, https:\/\/lamanere.fr\/wp-content\/uploads\/2023\/05\/08_Pont-Romanic-1536x1027.jpg 1536w, https:\/\/lamanere.fr\/wp-content\/uploads\/2023\/05\/08_Pont-Romanic-2048x1370.jpg 2048w, https:\/\/lamanere.fr\/wp-content\/uploads\/2023\/05\/08_Pont-Romanic-640x428.jpg 640w\" sizes=\"(max-width: 300px) 100vw, 300px\" \/><br \/>\n<a href=\"https:\/\/lamanere.fr\/lamanere-oix\/#sommaire\">Retour sommaire<\/a><\/p>\n<h3><a id=\"etape14\"><\/a><br \/>\n14. Village d\u2019Oix<span style=\"font-size: 12pt;\">(Point historique et culturel)<\/span><\/h3>\n<p>Oix a une antiquit\u00e9 v\u00e9n\u00e9rable et v\u00e9rifi\u00e9e, comme en t\u00e9moigne un document de l&#8217;ann\u00e9e 977, sous le nom de &#8220;Ovoxo&#8221;.<br \/>\nLe village d&#8217;Oix a \u00e9t\u00e9 ind\u00e9pendant jusqu&#8217;en 1972, date \u00e0 laquelle il a \u00e9t\u00e9 annex\u00e9 \u00e0 la commune de Montagut.<br \/>\nSes b\u00e2timents les plus remarquables sont :<\/p>\n<ol>\n<li>L&#8217;\u00e9glise paroissiale de Sant Lloren\u00e7, d\u00e9j\u00e0 mentionn\u00e9e en 937 mais tr\u00e8s modifi\u00e9e depuis<\/li>\n<li>Ch\u00e2teau d&#8217;Oix, maison fortifi\u00e9e construite au XVe si\u00e8cle par la famille Barutell, seigneurs de la baronnie de<br \/>\nBestrac\u00e0,<br \/>\nreconstruite au XXe si\u00e8cle<\/li>\n<li>Le Pont Romain.<\/li>\n<\/ol>\n<p><img loading=\"lazy\" decoding=\"async\" class=\"size-medium wp-image-2762 aligncenter\" src=\"https:\/\/lamanere.fr\/wp-content\/uploads\/2023\/05\/09_Poble-Oix-300x200.jpg\" alt=\"\" width=\"300\" height=\"200\" srcset=\"https:\/\/lamanere.fr\/wp-content\/uploads\/2023\/05\/09_Poble-Oix-300x200.jpg 300w, https:\/\/lamanere.fr\/wp-content\/uploads\/2023\/05\/09_Poble-Oix-1024x683.jpg 1024w, https:\/\/lamanere.fr\/wp-content\/uploads\/2023\/05\/09_Poble-Oix-768x512.jpg 768w, https:\/\/lamanere.fr\/wp-content\/uploads\/2023\/05\/09_Poble-Oix-1536x1024.jpg 1536w, https:\/\/lamanere.fr\/wp-content\/uploads\/2023\/05\/09_Poble-Oix-2048x1365.jpg 2048w, https:\/\/lamanere.fr\/wp-content\/uploads\/2023\/05\/09_Poble-Oix-640x427.jpg 640w\" sizes=\"(max-width: 300px) 100vw, 300px\" \/><\/p>\n<p><a href=\"https:\/\/lamanere.fr\/lamanere-oix\/#sommaire\">Retour sommaire<\/a><\/p>\n<h3><a id=\"etape15\"><\/a><br \/>\n15. El Peirer<span style=\"font-size: 12pt;\">(Point culturel et panoramique)<\/span><\/h3>\n<p>Grand manoir dans un emplacement privil\u00e9gi\u00e9e, au pied de la montagne de Bestrac\u00e0, \u00e0 l&#8217;ouest de la commune de Camprodon<br \/>\n(Ripoll\u00e8s), mais \u00e0 seulement un kilom\u00e8tre de la ville d&#8217;Oix, surplombant toute la vall\u00e9e d&#8217;Oix et ayant la vue sur la cr\u00eate de<br \/>\nFerran et le Bassegoda.<br \/>\nLa belle ferme se caract\u00e9rise par la galerie sur sa fa\u00e7ade principale, form\u00e9e de six arcs, qui lui donnent un aspect<br \/>\nmajestueux.<br \/>\nLa maison actuelle date du XVIIIe si\u00e8cle, mais c&#8217;est une ancienne ferme qui figurait d\u00e9j\u00e0 en 1175, lorsque l&#8217;abb\u00e9<br \/>\nBernat du monast\u00e8re de Sant Pere de Camprodon en fit don \u00e0 Pere Pujolar.<br \/>\nLe Peirer poss\u00e9dait une biblioth\u00e8que grandiose, ainsi qu&#8217;une chapelle priv\u00e9e, toutes deux d\u00e9truites en 1936, pendant la guerre civile.<\/p>\n<p><img loading=\"lazy\" decoding=\"async\" class=\"size-medium wp-image-2763 aligncenter\" src=\"https:\/\/lamanere.fr\/wp-content\/uploads\/2023\/05\/10_El-Peire-300x199.jpg\" alt=\"\" width=\"300\" height=\"199\" srcset=\"https:\/\/lamanere.fr\/wp-content\/uploads\/2023\/05\/10_El-Peire-300x199.jpg 300w, https:\/\/lamanere.fr\/wp-content\/uploads\/2023\/05\/10_El-Peire-1024x681.jpg 1024w, https:\/\/lamanere.fr\/wp-content\/uploads\/2023\/05\/10_El-Peire-768x511.jpg 768w, https:\/\/lamanere.fr\/wp-content\/uploads\/2023\/05\/10_El-Peire-1536x1021.jpg 1536w, https:\/\/lamanere.fr\/wp-content\/uploads\/2023\/05\/10_El-Peire-2048x1362.jpg 2048w, https:\/\/lamanere.fr\/wp-content\/uploads\/2023\/05\/10_El-Peire-640x426.jpg 640w\" sizes=\"(max-width: 300px) 100vw, 300px\" \/><br \/>\n<a href=\"https:\/\/lamanere.fr\/lamanere-oix\/#sommaire\">Retour sommaire<\/a><\/p>\n<h3><a id=\"etape16\"><\/a><br \/>\n16. \u00c9glise de Sant Andreu de Bestrac\u00e0 &#8211; Ruines du ch\u00e2teau de Sant Juli\u00e0<span style=\"font-size: 12pt;\">(Point historique et culturel)<\/span><\/h3>\n<p>Il a \u00e9t\u00e9 trouv\u00e9 des documents prouvant que l\u2019ermitage existait d\u00e9j\u00e0 en 977, bien que l&#8217;\u00e9difice actuel date du XIIe si\u00e8cle. Il fut restaur\u00e9 en 1964 par l&#8217;\u00e9v\u00each\u00e9 et en 1982 par l&#8217;association <em>Amics de l&#8217;Alta Garrotxa<\/em>.<br \/>\nConstitu\u00e9 d\u2019une seule nef avec vo\u00fbte en ogive et abside semi-circulaire, couverte de dalles de pierre. Elle poss\u00e8de un clocher inachev\u00e9, ce qui lui conf\u00e8re une certaine originalit\u00e9.<br \/>\nTout pr\u00e8s du sommet du Puig de Bestrac\u00e0, se trouvent les vestiges du ch\u00e2teau de Bestrac\u00e0 et l&#8217;\u00e9glise de Sant Juli\u00e0. Le ch\u00e2teau et l\u2019\u00e9glise sont actuellement en ruines Seules les parties inf\u00e9rieures de certains de ses murs sont visibles.<br \/>\nLe ch\u00e2teau fut peut-\u00eatre construit au XIe si\u00e8cle. Il est surprenant que dans ce rude nid d&#8217;aigles, on arriva \u00e0 y construire un ch\u00e2teau et qu\u2019il fut habit\u00e9 jusqu&#8217;au XVe si\u00e8cle.<\/p>\n<p><img loading=\"lazy\" decoding=\"async\" class=\"size-medium wp-image-2764 aligncenter\" src=\"https:\/\/lamanere.fr\/wp-content\/uploads\/2023\/05\/11_St-Andreu-Bestraca-300x200.jpg\" alt=\"\" width=\"300\" height=\"200\" srcset=\"https:\/\/lamanere.fr\/wp-content\/uploads\/2023\/05\/11_St-Andreu-Bestraca-300x200.jpg 300w, https:\/\/lamanere.fr\/wp-content\/uploads\/2023\/05\/11_St-Andreu-Bestraca-1024x683.jpg 1024w, https:\/\/lamanere.fr\/wp-content\/uploads\/2023\/05\/11_St-Andreu-Bestraca-768x512.jpg 768w, https:\/\/lamanere.fr\/wp-content\/uploads\/2023\/05\/11_St-Andreu-Bestraca-1536x1024.jpg 1536w, https:\/\/lamanere.fr\/wp-content\/uploads\/2023\/05\/11_St-Andreu-Bestraca-2048x1366.jpg 2048w, https:\/\/lamanere.fr\/wp-content\/uploads\/2023\/05\/11_St-Andreu-Bestraca-640x427.jpg 640w\" sizes=\"(max-width: 300px) 100vw, 300px\" \/><br \/>\n<a href=\"https:\/\/lamanere.fr\/lamanere-oix\/#sommaire\">Retour sommaire<\/a><\/p>\n<h3><a id=\"etape17\"><\/a><br \/>\n17. El Riberal de Beget <span style=\"font-size: 12pt;\">(Point naturel et panoramique)<\/span><\/h3>\n<p>Le ruisseau de Beget passe entre des montagnes qui se touchent, mais \u00e0 le Riberal le paysage s&#8217;ouvre un peu.<br \/>\nLe petit plateau au bord du ruisseau permet d&#8217;acc\u00e9der aux plus grands champs agricoles des environs, entour\u00e9s de fermes int\u00e9ressantes telles que Can Batlle, la Codina et la Farga<\/p>\n<p><img loading=\"lazy\" decoding=\"async\" class=\"size-medium wp-image-2765 aligncenter\" src=\"https:\/\/lamanere.fr\/wp-content\/uploads\/2023\/05\/12_Ribera-de-Beget-300x199.jpg\" alt=\"\" width=\"300\" height=\"199\" srcset=\"https:\/\/lamanere.fr\/wp-content\/uploads\/2023\/05\/12_Ribera-de-Beget-300x199.jpg 300w, https:\/\/lamanere.fr\/wp-content\/uploads\/2023\/05\/12_Ribera-de-Beget-1024x681.jpg 1024w, https:\/\/lamanere.fr\/wp-content\/uploads\/2023\/05\/12_Ribera-de-Beget-768x511.jpg 768w, https:\/\/lamanere.fr\/wp-content\/uploads\/2023\/05\/12_Ribera-de-Beget-1536x1021.jpg 1536w, https:\/\/lamanere.fr\/wp-content\/uploads\/2023\/05\/12_Ribera-de-Beget-2048x1362.jpg 2048w, https:\/\/lamanere.fr\/wp-content\/uploads\/2023\/05\/12_Ribera-de-Beget-640x426.jpg 640w\" sizes=\"(max-width: 300px) 100vw, 300px\" \/><\/p>\n<p><a href=\"https:\/\/lamanere.fr\/lamanere-oix\/#sommaire\">Retour sommaire<\/a><\/p>\n<h3><a id=\"etape18\"><\/a><br \/>\n18. \u00c9glise de Sant Crist\u00f2fol de Beget <span style=\"font-size: 12pt;\">(Point historique et<br \/>\nculturel)<\/span><\/h3>\n<p>Construit dans la seconde moiti\u00e9 du XIIe si\u00e8cle, c&#8217;est l&#8217;un des plus beaux exemples de l&#8217;art roman catalan dans les<br \/>\nr\u00e9gions pyr\u00e9n\u00e9ennes.<br \/>\nLa tour du clocher de quatre \u00e9tages est un magnifique exemple de l&#8217;art roman lombard.<br \/>\nL\u2019int\u00e9rieur regorge de retables baroques du XVIIIe si\u00e8cle. Se distingue la c\u00e9l\u00e8bre Majest\u00e9 de Beget, une sculpture<br \/>\nromane du XIIe si\u00e8cle, de grandes dimensions.<br \/>\nPendant la guerre civile espagnole, le temple a \u00e9t\u00e9 prot\u00e9g\u00e9 par les voisins eux-m\u00eames, qui se sont oppos\u00e9s \u00e0 sa<br \/>\nprofanation et \u00e0 sa destruction. Ainsi, son pr\u00e9cieux h\u00e9ritage nous est parvenu intact.<\/p>\n<p><img loading=\"lazy\" decoding=\"async\" class=\"size-medium wp-image-2766 aligncenter\" src=\"https:\/\/lamanere.fr\/wp-content\/uploads\/2023\/05\/13_Esglesia-Beget-300x199.jpg\" alt=\"\" width=\"300\" height=\"199\" srcset=\"https:\/\/lamanere.fr\/wp-content\/uploads\/2023\/05\/13_Esglesia-Beget-300x199.jpg 300w, https:\/\/lamanere.fr\/wp-content\/uploads\/2023\/05\/13_Esglesia-Beget-1024x679.jpg 1024w, https:\/\/lamanere.fr\/wp-content\/uploads\/2023\/05\/13_Esglesia-Beget-768x509.jpg 768w, https:\/\/lamanere.fr\/wp-content\/uploads\/2023\/05\/13_Esglesia-Beget-1536x1019.jpg 1536w, https:\/\/lamanere.fr\/wp-content\/uploads\/2023\/05\/13_Esglesia-Beget-2048x1358.jpg 2048w, https:\/\/lamanere.fr\/wp-content\/uploads\/2023\/05\/13_Esglesia-Beget-640x424.jpg 640w\" sizes=\"(max-width: 300px) 100vw, 300px\" \/><br \/>\n<a href=\"https:\/\/lamanere.fr\/lamanere-oix\/#sommaire\">Retour sommaire<\/a><\/p>\n<h3><a id=\"etape19\"><\/a><br \/>\n19. Point de vue du Grau <span style=\"font-size: 12pt;\">(Point panoramique)<\/span><\/h3>\n<p>Le col rocheux du Grau offre de belles vues sur le village de Beget, sa vall\u00e9e et les montagnes de l&#8217;Alta Garrotxa.<\/p>\n<p><img loading=\"lazy\" decoding=\"async\" class=\"size-medium wp-image-2747 aligncenter\" src=\"https:\/\/lamanere.fr\/wp-content\/uploads\/2023\/05\/14B_Mirador-Grau-300x199.jpg\" alt=\"\" width=\"300\" height=\"199\" srcset=\"https:\/\/lamanere.fr\/wp-content\/uploads\/2023\/05\/14B_Mirador-Grau-300x199.jpg 300w, https:\/\/lamanere.fr\/wp-content\/uploads\/2023\/05\/14B_Mirador-Grau-1024x681.jpg 1024w, https:\/\/lamanere.fr\/wp-content\/uploads\/2023\/05\/14B_Mirador-Grau-768x511.jpg 768w, https:\/\/lamanere.fr\/wp-content\/uploads\/2023\/05\/14B_Mirador-Grau-1536x1021.jpg 1536w, https:\/\/lamanere.fr\/wp-content\/uploads\/2023\/05\/14B_Mirador-Grau-2048x1362.jpg 2048w, https:\/\/lamanere.fr\/wp-content\/uploads\/2023\/05\/14B_Mirador-Grau-640x426.jpg 640w\" sizes=\"(max-width: 300px) 100vw, 300px\" \/><\/p>\n<p><a href=\"https:\/\/lamanere.fr\/lamanere-oix\/#sommaire\">Retour sommaire<\/a><\/p>\n<h3><a id=\"etape20\"><\/a><br \/>\n20. Oratoire de Can Fran\u00e7a ou Sant Antoni<\/h3>\n<p>L&#8217;oratoire de Sant Antoni de P\u00e0dua de Can Fran\u00e7a est situ\u00e9 au col du Golofreu.<br \/>\nD\u00e9truit pendant la guerre civile espagnole, la reconstruction de l&#8217;oratoire a \u00e9t\u00e9 b\u00e9nie en 2002.<br \/>\nAutrefois, en plus de l&#8217;image de Saint Antoine, il y avait aussi celle du martyr Saint S\u00e9bastien.<\/p>\n<p><img loading=\"lazy\" decoding=\"async\" class=\"size-medium wp-image-2746 aligncenter\" src=\"https:\/\/lamanere.fr\/wp-content\/uploads\/2023\/05\/15B_Oratori-CanFraca-300x199.jpg\" alt=\"\" width=\"300\" height=\"199\" srcset=\"https:\/\/lamanere.fr\/wp-content\/uploads\/2023\/05\/15B_Oratori-CanFraca-300x199.jpg 300w, https:\/\/lamanere.fr\/wp-content\/uploads\/2023\/05\/15B_Oratori-CanFraca-1024x681.jpg 1024w, https:\/\/lamanere.fr\/wp-content\/uploads\/2023\/05\/15B_Oratori-CanFraca-768x511.jpg 768w, https:\/\/lamanere.fr\/wp-content\/uploads\/2023\/05\/15B_Oratori-CanFraca-1536x1021.jpg 1536w, https:\/\/lamanere.fr\/wp-content\/uploads\/2023\/05\/15B_Oratori-CanFraca-2048x1362.jpg 2048w, https:\/\/lamanere.fr\/wp-content\/uploads\/2023\/05\/15B_Oratori-CanFraca-640x426.jpg 640w\" sizes=\"(max-width: 300px) 100vw, 300px\" \/><br \/>\n<a href=\"https:\/\/lamanere.fr\/lamanere-oix\/#sommaire\">Retour sommaire<\/a><\/p>\n<h3><a id=\"etape21\"><\/a><br \/>\n21. Col de Malrem borne 521 <span style=\"font-size: 12pt;\">(Point naturel et historique)<\/span><\/h3>\n<p>L\u2019histoire du trait\u00e9 des Pyr\u00e9n\u00e9es, sign\u00e9 en 1659, et celui de Bayonne sign\u00e9 en 1866 (le troisi\u00e8me trait\u00e9 de Bayonne) a<br \/>\nd\u00e9limit\u00e9 une fronti\u00e8re entre nos deux pays.<br \/>\nC\u2019est \u00e0 la suite de ce dernier trait\u00e9 que la pose de bornes fronti\u00e8res, dont la 521 situ\u00e9e au col de Malrem, a eu lieu.<br \/>\nLe trac\u00e9 de la fronti\u00e8re entre la France et l\u2019Espagne sur le territoire catalan a \u00e9t\u00e9 mat\u00e9rialis\u00e9 par 232 bornes.<\/p>\n<p>Du col de Malrem on peut admirer de splendides paysages, la cha\u00eene des Pyr\u00e9n\u00e9es et un rocher caract\u00e9ristique le Roc del<br \/>\nTabal (1367 m)<\/p>\n<p><a href=\"https:\/\/lamanere.fr\/wp-content\/uploads\/2023\/04\/col_malrem.jpg\" data-src=\"https:\/\/lamanere.fr\/wp-content\/uploads\/2023\/04\/col_malrem.jpg\" data-thumb=\"https:\/\/lamanere.fr\/wp-content\/uploads\/2023\/04\/col_malrem-300x169.jpg\" class=\"ml-lightbox-enabled\"><img loading=\"lazy\" decoding=\"async\" class=\"aligncenter wp-image-2705 size-medium\" src=\"https:\/\/lamanere.fr\/wp-content\/uploads\/2023\/04\/col_malrem-300x169.jpg\" alt=\"\" width=\"300\" height=\"169\" srcset=\"https:\/\/lamanere.fr\/wp-content\/uploads\/2023\/04\/col_malrem-300x169.jpg 300w, https:\/\/lamanere.fr\/wp-content\/uploads\/2023\/04\/col_malrem-768x432.jpg 768w, https:\/\/lamanere.fr\/wp-content\/uploads\/2023\/04\/col_malrem-640x360.jpg 640w, https:\/\/lamanere.fr\/wp-content\/uploads\/2023\/04\/col_malrem.jpg 800w\" sizes=\"(max-width: 300px) 100vw, 300px\" \/><\/a><\/p>\n<p><a href=\"https:\/\/lamanere.fr\/lamanere-oix\/#sommaire\">Retour sommaire<\/a><\/p>\n<h3><a id=\"etape22\"><\/a><br \/>\n22. Saut de l\u2019Auguet <span style=\"font-size: 12pt;\">(Point naturel)<\/span><\/h3>\n<p>Cet endroit rocheux fa\u00e7onn\u00e9 durant des si\u00e8cles par l\u2019\u00e9coulement d\u2019une source situ\u00e9e au dessus du chemin, doit son nom \u00e0<br \/>\nun habitant du village. Revenant d\u2019Espagne le d\u00e9nomm\u00e9 Auguet chuta dans le ravin d\u00e9versoir et s\u2019en tira miraculeusement<br \/>\navec quelques \u00e9gratignures. Suite \u00e0 cette fin heureuse, les habitants du village donn\u00e8rent son nom \u00e0 ce passage.<\/p>\n<p><a href=\"https:\/\/lamanere.fr\/wp-content\/uploads\/2023\/04\/Salt-de-LAuget-222-scaled.jpg\" data-src=\"https:\/\/lamanere.fr\/wp-content\/uploads\/2023\/04\/Salt-de-LAuget-222-scaled.jpg\" data-thumb=\"https:\/\/lamanere.fr\/wp-content\/uploads\/2023\/04\/Salt-de-LAuget-222-224x300.jpg\" class=\"ml-lightbox-enabled\"><img loading=\"lazy\" decoding=\"async\" class=\"aligncenter size-medium wp-image-2727\" src=\"https:\/\/lamanere.fr\/wp-content\/uploads\/2023\/04\/Salt-de-LAuget-222-224x300.jpg\" alt=\"\" width=\"224\" height=\"300\" srcset=\"https:\/\/lamanere.fr\/wp-content\/uploads\/2023\/04\/Salt-de-LAuget-222-224x300.jpg 224w, https:\/\/lamanere.fr\/wp-content\/uploads\/2023\/04\/Salt-de-LAuget-222-766x1024.jpg 766w, https:\/\/lamanere.fr\/wp-content\/uploads\/2023\/04\/Salt-de-LAuget-222-768x1027.jpg 768w, https:\/\/lamanere.fr\/wp-content\/uploads\/2023\/04\/Salt-de-LAuget-222-1149x1536.jpg 1149w, https:\/\/lamanere.fr\/wp-content\/uploads\/2023\/04\/Salt-de-LAuget-222-1532x2048.jpg 1532w, https:\/\/lamanere.fr\/wp-content\/uploads\/2023\/04\/Salt-de-LAuget-222-359x480.jpg 359w, https:\/\/lamanere.fr\/wp-content\/uploads\/2023\/04\/Salt-de-LAuget-222-scaled.jpg 1915w\" sizes=\"(max-width: 224px) 100vw, 224px\" \/><\/a><\/p>\n<p><a href=\"https:\/\/lamanere.fr\/lamanere-oix\/#sommaire\">Retour sommaire<\/a><\/p>\n<h3><a id=\"etape23\"><\/a><br \/>\n23. Pla de la Coma, Retirada <span style=\"font-size: 12pt;\">(Point historique)<\/span><\/h3>\n<p>Fuyant les bombardements des troupes franquistes en f\u00e9vrier 39, des milliers de r\u00e9publicains espagnols, s&#8217;exilent en<br \/>\nFrance en passant par le col de Malrem.<br \/>\nIls se regroupent au pla de la Coma, en attendant de descendre au village de Laman\u00e8re o\u00f9 ils trouvent l&#8217;hospitalit\u00e9<br \/>\nvillageoise avant d&#8217;\u00eatre dirig\u00e9s par l&#8217;arm\u00e9e fran\u00e7aise vers les camps des plages roussillonnaises.<\/p>\n<p><a href=\"https:\/\/lamanere.fr\/wp-content\/uploads\/2023\/04\/plaque_retirade2-scaled.jpg\" data-src=\"https:\/\/lamanere.fr\/wp-content\/uploads\/2023\/04\/plaque_retirade2-scaled.jpg\" data-thumb=\"https:\/\/lamanere.fr\/wp-content\/uploads\/2023\/04\/plaque_retirade2-300x169.jpg\" class=\"ml-lightbox-enabled\"><img loading=\"lazy\" decoding=\"async\" class=\"aligncenter size-medium wp-image-2716\" src=\"https:\/\/lamanere.fr\/wp-content\/uploads\/2023\/04\/plaque_retirade2-300x169.jpg\" alt=\"\" width=\"300\" height=\"169\" srcset=\"https:\/\/lamanere.fr\/wp-content\/uploads\/2023\/04\/plaque_retirade2-300x169.jpg 300w, https:\/\/lamanere.fr\/wp-content\/uploads\/2023\/04\/plaque_retirade2-1024x576.jpg 1024w, https:\/\/lamanere.fr\/wp-content\/uploads\/2023\/04\/plaque_retirade2-768x432.jpg 768w, https:\/\/lamanere.fr\/wp-content\/uploads\/2023\/04\/plaque_retirade2-1536x864.jpg 1536w, https:\/\/lamanere.fr\/wp-content\/uploads\/2023\/04\/plaque_retirade2-2048x1152.jpg 2048w, https:\/\/lamanere.fr\/wp-content\/uploads\/2023\/04\/plaque_retirade2-640x360.jpg 640w\" sizes=\"(max-width: 300px) 100vw, 300px\" \/><\/a><\/p>\n<p><a href=\"https:\/\/lamanere.fr\/lamanere-oix\/#sommaire\">Retour sommaire<\/a><\/p>\n<h3><a id=\"etape24\"><\/a><br \/>\n24. Mines du Brosser <span style=\"font-size: 12pt;\">(point de vue)<\/span> &#8211; Micro-mus\u00e9e \u00e0 Laman\u00e8re <span style=\"font-size: 12pt;\">(Point historique)<\/span><\/h3>\n<p>Ce micro-mus\u00e9e de la Mine \u00e9voque le pass\u00e9 minier du village. C\u2019est \u00e0 cette activit\u00e9 mini\u00e8re que \u00ab\u00a0Laman\u00e8re\u00a0\u00bb doit son nom.<br \/>\nA gauche du micro-mus\u00e9e un plan indique les diff\u00e9rents points d\u2019int\u00e9r\u00eat historique que le visiteur pourra d\u00e9couvrir en parcourant les rues du village.<br \/>\nAu niveau du micro-mus\u00e9e, t\u00e9l\u00e9charger le Qr_code du parcours historique dans les rues du village de Laman\u00e8re<\/p>\n<p><a href=\"https:\/\/lamanere.fr\/wp-content\/uploads\/2023\/04\/micromusee.jpg\" data-src=\"https:\/\/lamanere.fr\/wp-content\/uploads\/2023\/04\/micromusee.jpg\" data-thumb=\"https:\/\/lamanere.fr\/wp-content\/uploads\/2023\/04\/micromusee-300x148.jpg\" class=\"ml-lightbox-enabled\"><img loading=\"lazy\" decoding=\"async\" class=\"aligncenter size-medium wp-image-2726\" src=\"https:\/\/lamanere.fr\/wp-content\/uploads\/2023\/04\/micromusee-300x148.jpg\" alt=\"\" width=\"300\" height=\"148\" srcset=\"https:\/\/lamanere.fr\/wp-content\/uploads\/2023\/04\/micromusee-300x148.jpg 300w, https:\/\/lamanere.fr\/wp-content\/uploads\/2023\/04\/micromusee-1024x505.jpg 1024w, https:\/\/lamanere.fr\/wp-content\/uploads\/2023\/04\/micromusee-768x379.jpg 768w, https:\/\/lamanere.fr\/wp-content\/uploads\/2023\/04\/micromusee-640x316.jpg 640w, https:\/\/lamanere.fr\/wp-content\/uploads\/2023\/04\/micromusee.jpg 1073w\" sizes=\"(max-width: 300px) 100vw, 300px\" \/><\/a><\/p>\n<p><a href=\"https:\/\/lamanere.fr\/lamanere-oix\/#sommaire\">Retour sommaire<\/a><\/p>\n<h3><a id=\"etape25\"><\/a><br \/>\n25. Eglise Saint Sauveur de Laman\u00e8re <span style=\"font-size: 12pt;\">(Point culturel)<\/span><\/h3>\n<p>L&#8217;\u00e9glise romane de Saint Sauveur domine la grand place du haut des 10 marches de &#8220;l&#8217;Escaler&#8221; symbole de la convivialit\u00e9<br \/>\net point de rencontre des villageois &#8220;Menerons&#8221;.<\/p>\n<p>Le portail au verrou primitif en fer forg\u00e9 avec t\u00eate de dragon permet d&#8217;acc\u00e9der \u00e0 la nef unique commenc\u00e9e en 1378.<br \/>\nC&#8217;est en 1723 que la paroisse devient autonome de celle de Serralongue et que fut construit en pierre rouge un clocher tour<br \/>\nquadrangulaire.<\/p>\n<p><a href=\"https:\/\/lamanere.fr\/wp-content\/uploads\/2023\/04\/chapellestsauveur2.jpg\" data-src=\"https:\/\/lamanere.fr\/wp-content\/uploads\/2023\/04\/chapellestsauveur2.jpg\" data-thumb=\"https:\/\/lamanere.fr\/wp-content\/uploads\/2023\/04\/chapellestsauveur2-225x300.jpg\" class=\"ml-lightbox-enabled\"><img loading=\"lazy\" decoding=\"async\" class=\"aligncenter size-medium wp-image-2703\" src=\"https:\/\/lamanere.fr\/wp-content\/uploads\/2023\/04\/chapellestsauveur2-225x300.jpg\" alt=\"\" width=\"225\" height=\"300\" srcset=\"https:\/\/lamanere.fr\/wp-content\/uploads\/2023\/04\/chapellestsauveur2-225x300.jpg 225w, https:\/\/lamanere.fr\/wp-content\/uploads\/2023\/04\/chapellestsauveur2-360x480.jpg 360w, https:\/\/lamanere.fr\/wp-content\/uploads\/2023\/04\/chapellestsauveur2.jpg 450w\" sizes=\"(max-width: 225px) 100vw, 225px\" \/><\/a><\/p>\n<p><a href=\"https:\/\/lamanere.fr\/lamanere-oix\/#sommaire\">Retour sommaire<\/a><\/p>\n<h3><a id=\"etape26\"><\/a><br \/>\n26. Village de Laman\u00e8re <span style=\"font-size: 12pt;\">(Point historique et culturel)<\/span><\/h3>\n<p>Parcours historique dans les rues du village, d\u00e9part et indications au niveau du micromus\u00e9e face \u00e0 la mairie.<\/p>\n<p><img loading=\"lazy\" decoding=\"async\" class=\" wp-image-2798 aligncenter\" src=\"https:\/\/lamanere.fr\/wp-content\/uploads\/2023\/05\/photo-Lamanere-2-2020-300x158.jpg\" alt=\"\" width=\"346\" height=\"182\" srcset=\"https:\/\/lamanere.fr\/wp-content\/uploads\/2023\/05\/photo-Lamanere-2-2020-300x158.jpg 300w, https:\/\/lamanere.fr\/wp-content\/uploads\/2023\/05\/photo-Lamanere-2-2020-1024x541.jpg 1024w, https:\/\/lamanere.fr\/wp-content\/uploads\/2023\/05\/photo-Lamanere-2-2020-768x405.jpg 768w, https:\/\/lamanere.fr\/wp-content\/uploads\/2023\/05\/photo-Lamanere-2-2020-1536x811.jpg 1536w, https:\/\/lamanere.fr\/wp-content\/uploads\/2023\/05\/photo-Lamanere-2-2020-2048x1081.jpg 2048w, https:\/\/lamanere.fr\/wp-content\/uploads\/2023\/05\/photo-Lamanere-2-2020-640x338.jpg 640w\" sizes=\"(max-width: 346px) 100vw, 346px\" \/><\/p>\n<p><a href=\"https:\/\/lamanere.fr\/lamanere-oix\/#sommaire\">Retour sommaire<\/a><\/p>","protected":false},"excerpt":{"rendered":"<p>Sorry, this entry is only available in French and Catalan. Version Fran\u00e7aise Versi\u00f3 Catal\u00e0 SOMMAIRE village de Laman\u00e8re 1- Chapelle Sainte Christine 2- Tours de Cabren\u00e7 3- Col des Falgueres et borne fronti\u00e8re 522 4- Chemin du point le plus&hellip; <a href=\"https:\/\/lamanere.fr\/en\/lamanere-oix\/\" class=\"more-link\">Continue Reading <span class=\"meta-nav\">&rarr;<\/span><\/a><\/p>\n","protected":false},"author":1,"featured_media":0,"parent":0,"menu_order":0,"comment_status":"closed","ping_status":"closed","template":"","meta":{"footnotes":""},"yoast_head":"<!-- This site is optimized with the Yoast SEO plugin v27.5 - https:\/\/yoast.com\/product\/yoast-seo-wordpress\/ -->\n<title><\/title>\n<meta name=\"robots\" content=\"index, follow, max-snippet:-1, max-image-preview:large, max-video-preview:-1\" \/>\n<link rel=\"canonical\" href=\"https:\/\/lamanere.fr\/lamanere-oix\/\" \/>\n<meta property=\"og:locale\" content=\"en_US\" \/>\n<meta property=\"og:type\" content=\"article\" \/>\n<meta property=\"og:title\" content=\"[:fr]Laman\u00e8re vers Oix[:ca]Lamanera a Oix[:] - Laman\u00e8re - Official Site of the Municipality\" \/>\n<meta property=\"og:description\" content=\"Sorry, this entry is only available in French and Catalan. Version Fran\u00e7aise Versi\u00f3 Catal\u00e0 SOMMAIRE village de Laman\u00e8re 1- Chapelle Sainte Christine 2- Tours de Cabren\u00e7 3- Col des Falgueres et borne fronti\u00e8re 522 4- Chemin du point le plus&hellip; Continue Reading &rarr;\" \/>\n<meta property=\"og:url\" content=\"https:\/\/lamanere.fr\/lamanere-oix\/\" \/>\n<meta property=\"og:site_name\" content=\"Laman\u00e8re - Official Site of the Municipality\" \/>\n<meta property=\"article:publisher\" content=\"https:\/\/www.facebook.com\/lamanere\" \/>\n<meta property=\"article:modified_time\" content=\"2023-05-18T07:10:18+00:00\" \/>\n<meta property=\"og:image\" content=\"https:\/\/lamanere.fr\/wp-content\/uploads\/2022\/04\/version-fr-150x107.jpg\" \/>\n<meta name=\"twitter:card\" content=\"summary_large_image\" \/>\n<meta name=\"twitter:label1\" content=\"Est. reading time\" \/>\n\t<meta name=\"twitter:data1\" content=\"18 minutes\" \/>\n<script type=\"application\/ld+json\" class=\"yoast-schema-graph\">{\"@context\":\"https:\\\/\\\/schema.org\",\"@graph\":[{\"@type\":\"WebPage\",\"@id\":\"https:\\\/\\\/lamanere.fr\\\/lamanere-oix\\\/\",\"url\":\"https:\\\/\\\/lamanere.fr\\\/lamanere-oix\\\/\",\"name\":\"[:fr]Laman\u00e8re vers Oix[:ca]Lamanera a Oix[:] - Laman\u00e8re - Official Site of the Municipality\",\"isPartOf\":{\"@id\":\"https:\\\/\\\/lamanere.fr\\\/#website\"},\"primaryImageOfPage\":{\"@id\":\"https:\\\/\\\/lamanere.fr\\\/lamanere-oix\\\/#primaryimage\"},\"image\":{\"@id\":\"https:\\\/\\\/lamanere.fr\\\/lamanere-oix\\\/#primaryimage\"},\"thumbnailUrl\":\"https:\\\/\\\/lamanere.fr\\\/wp-content\\\/uploads\\\/2022\\\/04\\\/version-fr-150x107.jpg\",\"datePublished\":\"2023-03-30T19:58:56+00:00\",\"dateModified\":\"2023-05-18T07:10:18+00:00\",\"breadcrumb\":{\"@id\":\"https:\\\/\\\/lamanere.fr\\\/lamanere-oix\\\/#breadcrumb\"},\"inLanguage\":\"en-US\",\"potentialAction\":[{\"@type\":\"ReadAction\",\"target\":[\"https:\\\/\\\/lamanere.fr\\\/lamanere-oix\\\/\"]}]},{\"@type\":\"ImageObject\",\"inLanguage\":\"en-US\",\"@id\":\"https:\\\/\\\/lamanere.fr\\\/lamanere-oix\\\/#primaryimage\",\"url\":\"https:\\\/\\\/lamanere.fr\\\/wp-content\\\/uploads\\\/2022\\\/04\\\/version-fr-150x107.jpg\",\"contentUrl\":\"https:\\\/\\\/lamanere.fr\\\/wp-content\\\/uploads\\\/2022\\\/04\\\/version-fr-150x107.jpg\"},{\"@type\":\"BreadcrumbList\",\"@id\":\"https:\\\/\\\/lamanere.fr\\\/lamanere-oix\\\/#breadcrumb\",\"itemListElement\":[{\"@type\":\"ListItem\",\"position\":1,\"name\":\"Accueil\",\"item\":\"https:\\\/\\\/lamanere.fr\\\/\"},{\"@type\":\"ListItem\",\"position\":2,\"name\":\"Laman\u00e8re vers Oix\"}]},{\"@type\":\"WebSite\",\"@id\":\"https:\\\/\\\/lamanere.fr\\\/#website\",\"url\":\"https:\\\/\\\/lamanere.fr\\\/\",\"name\":\"Laman\u00e8re - Official Site of the Municipality\",\"description\":\"Southernmost village in mainland France\",\"publisher\":{\"@id\":\"https:\\\/\\\/lamanere.fr\\\/#organization\"},\"potentialAction\":[{\"@type\":\"SearchAction\",\"target\":{\"@type\":\"EntryPoint\",\"urlTemplate\":\"https:\\\/\\\/lamanere.fr\\\/?s={search_term_string}\"},\"query-input\":{\"@type\":\"PropertyValueSpecification\",\"valueRequired\":true,\"valueName\":\"search_term_string\"}}],\"inLanguage\":\"en-US\"},{\"@type\":\"Organization\",\"@id\":\"https:\\\/\\\/lamanere.fr\\\/#organization\",\"name\":\"Commune de Laman\u00e8re\",\"url\":\"https:\\\/\\\/lamanere.fr\\\/\",\"logo\":{\"@type\":\"ImageObject\",\"inLanguage\":\"en-US\",\"@id\":\"https:\\\/\\\/lamanere.fr\\\/#\\\/schema\\\/logo\\\/image\\\/\",\"url\":\"https:\\\/\\\/lamanere.fr\\\/wp-content\\\/uploads\\\/2020\\\/09\\\/logo2-149.jpg\",\"contentUrl\":\"https:\\\/\\\/lamanere.fr\\\/wp-content\\\/uploads\\\/2020\\\/09\\\/logo2-149.jpg\",\"width\":149,\"height\":146,\"caption\":\"Commune de Laman\u00e8re\"},\"image\":{\"@id\":\"https:\\\/\\\/lamanere.fr\\\/#\\\/schema\\\/logo\\\/image\\\/\"},\"sameAs\":[\"https:\\\/\\\/www.facebook.com\\\/lamanere\",\"https:\\\/\\\/fr.wikipedia.org\\\/wiki\\\/Laman\u00e8re\"]}]}<\/script>\n<!-- \/ Yoast SEO plugin. -->","yoast_head_json":{"title":"[:fr]Laman\u00e8re vers Oix[:ca]Lamanera a Oix[:] - Laman\u00e8re - Official Site of the Municipality","robots":{"index":"index","follow":"follow","max-snippet":"max-snippet:-1","max-image-preview":"max-image-preview:large","max-video-preview":"max-video-preview:-1"},"canonical":"https:\/\/lamanere.fr\/lamanere-oix\/","og_locale":"en_US","og_type":"article","og_title":"[:fr]Laman\u00e8re vers Oix[:ca]Lamanera a Oix[:] - Laman\u00e8re - Official Site of the Municipality","og_description":"Sorry, this entry is only available in French and Catalan. Version Fran\u00e7aise Versi\u00f3 Catal\u00e0 SOMMAIRE village de Laman\u00e8re 1- Chapelle Sainte Christine 2- Tours de Cabren\u00e7 3- Col des Falgueres et borne fronti\u00e8re 522 4- Chemin du point le plus&hellip; Continue Reading &rarr;","og_url":"https:\/\/lamanere.fr\/lamanere-oix\/","og_site_name":"Laman\u00e8re - Official Site of the Municipality","article_publisher":"https:\/\/www.facebook.com\/lamanere","article_modified_time":"2023-05-18T07:10:18+00:00","og_image":[{"url":"https:\/\/lamanere.fr\/wp-content\/uploads\/2022\/04\/version-fr-150x107.jpg","type":"","width":"","height":""}],"twitter_card":"summary_large_image","twitter_misc":{"Est. reading time":"18 minutes"},"schema":{"@context":"https:\/\/schema.org","@graph":[{"@type":"WebPage","@id":"https:\/\/lamanere.fr\/lamanere-oix\/","url":"https:\/\/lamanere.fr\/lamanere-oix\/","name":"[:fr]Laman\u00e8re vers Oix[:ca]Lamanera a Oix[:] - Laman\u00e8re - Official Site of the Municipality","isPartOf":{"@id":"https:\/\/lamanere.fr\/#website"},"primaryImageOfPage":{"@id":"https:\/\/lamanere.fr\/lamanere-oix\/#primaryimage"},"image":{"@id":"https:\/\/lamanere.fr\/lamanere-oix\/#primaryimage"},"thumbnailUrl":"https:\/\/lamanere.fr\/wp-content\/uploads\/2022\/04\/version-fr-150x107.jpg","datePublished":"2023-03-30T19:58:56+00:00","dateModified":"2023-05-18T07:10:18+00:00","breadcrumb":{"@id":"https:\/\/lamanere.fr\/lamanere-oix\/#breadcrumb"},"inLanguage":"en-US","potentialAction":[{"@type":"ReadAction","target":["https:\/\/lamanere.fr\/lamanere-oix\/"]}]},{"@type":"ImageObject","inLanguage":"en-US","@id":"https:\/\/lamanere.fr\/lamanere-oix\/#primaryimage","url":"https:\/\/lamanere.fr\/wp-content\/uploads\/2022\/04\/version-fr-150x107.jpg","contentUrl":"https:\/\/lamanere.fr\/wp-content\/uploads\/2022\/04\/version-fr-150x107.jpg"},{"@type":"BreadcrumbList","@id":"https:\/\/lamanere.fr\/lamanere-oix\/#breadcrumb","itemListElement":[{"@type":"ListItem","position":1,"name":"Accueil","item":"https:\/\/lamanere.fr\/"},{"@type":"ListItem","position":2,"name":"Laman\u00e8re vers Oix"}]},{"@type":"WebSite","@id":"https:\/\/lamanere.fr\/#website","url":"https:\/\/lamanere.fr\/","name":"Laman\u00e8re - Official Site of the Municipality","description":"Southernmost village in mainland France","publisher":{"@id":"https:\/\/lamanere.fr\/#organization"},"potentialAction":[{"@type":"SearchAction","target":{"@type":"EntryPoint","urlTemplate":"https:\/\/lamanere.fr\/?s={search_term_string}"},"query-input":{"@type":"PropertyValueSpecification","valueRequired":true,"valueName":"search_term_string"}}],"inLanguage":"en-US"},{"@type":"Organization","@id":"https:\/\/lamanere.fr\/#organization","name":"Commune de Laman\u00e8re","url":"https:\/\/lamanere.fr\/","logo":{"@type":"ImageObject","inLanguage":"en-US","@id":"https:\/\/lamanere.fr\/#\/schema\/logo\/image\/","url":"https:\/\/lamanere.fr\/wp-content\/uploads\/2020\/09\/logo2-149.jpg","contentUrl":"https:\/\/lamanere.fr\/wp-content\/uploads\/2020\/09\/logo2-149.jpg","width":149,"height":146,"caption":"Commune de Laman\u00e8re"},"image":{"@id":"https:\/\/lamanere.fr\/#\/schema\/logo\/image\/"},"sameAs":["https:\/\/www.facebook.com\/lamanere","https:\/\/fr.wikipedia.org\/wiki\/Laman\u00e8re"]}]}},"_links":{"self":[{"href":"https:\/\/lamanere.fr\/en\/wp-json\/wp\/v2\/pages\/2643"}],"collection":[{"href":"https:\/\/lamanere.fr\/en\/wp-json\/wp\/v2\/pages"}],"about":[{"href":"https:\/\/lamanere.fr\/en\/wp-json\/wp\/v2\/types\/page"}],"author":[{"embeddable":true,"href":"https:\/\/lamanere.fr\/en\/wp-json\/wp\/v2\/users\/1"}],"replies":[{"embeddable":true,"href":"https:\/\/lamanere.fr\/en\/wp-json\/wp\/v2\/comments?post=2643"}],"version-history":[{"count":92,"href":"https:\/\/lamanere.fr\/en\/wp-json\/wp\/v2\/pages\/2643\/revisions"}],"predecessor-version":[{"id":2825,"href":"https:\/\/lamanere.fr\/en\/wp-json\/wp\/v2\/pages\/2643\/revisions\/2825"}],"wp:attachment":[{"href":"https:\/\/lamanere.fr\/en\/wp-json\/wp\/v2\/media?parent=2643"}],"curies":[{"name":"wp","href":"https:\/\/api.w.org\/{rel}","templated":true}]}}